{"id":464,"date":"2012-12-17T15:52:52","date_gmt":"2012-12-17T15:52:52","guid":{"rendered":"http:\/\/geografie.ubbcluj.ro\/pages\/magyarfoldrajz\/?page_id=464"},"modified":"2026-02-10T17:22:41","modified_gmt":"2026-02-10T17:22:41","slug":"terepgyakorlatok","status":"publish","type":"page","link":"https:\/\/geografie.ubbcluj.ro\/pages\/magyarfoldrajz\/?page_id=464","title":{"rendered":"Terepgyakorlatok"},"content":{"rendered":"<p>Oktat\u00e1si tev\u00e9kenys\u00e9g\u00fcnk nagyon fontos kieg\u00e9sz\u00edt\u0151je a terepgyakorlat. A tavaszi f\u00e9l\u00e9v tanterv\u00e9ben jelenik meg\u00a0 k\u00e9t \u00f6n\u00e1ll\u00f3 tant\u00e1rgyk\u00e9nt. Az els\u0151 tant\u00e1rgy 5 napos gyakorlatot \u00edr el\u0151, ez t\u00f6bbnyire tanulm\u00e1ny\u00fat form\u00e1j\u00e1ban val\u00f3sul meg. A m\u00e1sodik tant\u00e1rgy 10 napos szakmai gyakorlat, erre \u00e1ltal\u00e1ban j\u00faliusban ker\u00fcl sor. Ennek sor\u00e1n az adott \u00e9vben elsaj\u00e1t\u00edtott tant\u00e1rgyak gyakorlati r\u00e9sz\u00e9nek elm\u00e9ly\u00edt\u00e9se, alkalmaz\u00e1sa t\u00f6rt\u00e9nik.<\/p>\n<h4 style=\"text-align: center;\">Terepgyakorlataink f\u0151 t\u00e1mogat\u00f3ja:<\/h4>\n<p><a href=\"http:\/\/geografie.ubbcluj.ro\/pages\/magyarfoldrajz\/wp-content\/uploads\/2022\/09\/Communitas_logo_vizszintes_vilagos_hatteren.png\"><img loading=\"lazy\" decoding=\"async\" class=\"aligncenter size-large wp-image-2728\" src=\"http:\/\/geografie.ubbcluj.ro\/pages\/magyarfoldrajz\/wp-content\/uploads\/2022\/09\/Communitas_logo_vizszintes_vilagos_hatteren-1024x569.png\" alt=\"\" width=\"640\" height=\"356\" srcset=\"https:\/\/geografie.ubbcluj.ro\/pages\/magyarfoldrajz\/wp-content\/uploads\/2022\/09\/Communitas_logo_vizszintes_vilagos_hatteren-1024x569.png 1024w, https:\/\/geografie.ubbcluj.ro\/pages\/magyarfoldrajz\/wp-content\/uploads\/2022\/09\/Communitas_logo_vizszintes_vilagos_hatteren-300x167.png 300w, https:\/\/geografie.ubbcluj.ro\/pages\/magyarfoldrajz\/wp-content\/uploads\/2022\/09\/Communitas_logo_vizszintes_vilagos_hatteren-768x427.png 768w, https:\/\/geografie.ubbcluj.ro\/pages\/magyarfoldrajz\/wp-content\/uploads\/2022\/09\/Communitas_logo_vizszintes_vilagos_hatteren-500x278.png 500w, https:\/\/geografie.ubbcluj.ro\/pages\/magyarfoldrajz\/wp-content\/uploads\/2022\/09\/Communitas_logo_vizszintes_vilagos_hatteren.png 1057w\" sizes=\"(max-width: 640px) 100vw, 640px\" \/><\/a><\/p>\n<h2><span style=\"color: #800000;\"><strong>AKTU\u00c1LIS K\u00cdN\u00c1LAT<\/strong><\/span><\/h2>\n<p>A terepgyakorlatokkal kapcsolatos inform\u00e1ci\u00f3k \u00f6sszefoglal\u00e1sa let\u00f6lthet\u0151 itt (<strong><span style=\"color: #0000ff;\"><a style=\"color: #0000ff;\" href=\"https:\/\/hagyatek.cholnoky.ro\/kmfi\/terep2026.pdf\" target=\"_blank\" rel=\"noopener noreferrer\">terep2026<\/a><\/span><\/strong><strong><span style=\"color: #0000ff;\"><a style=\"color: #0000ff;\" href=\"https:\/\/hagyatek.cholnoky.ro\/kmfi\/terep2026.pdf\" target=\"_blank\" rel=\"noopener noreferrer\">.pdf<\/a><\/span><\/strong>).<\/p>\n<p>Terepgyakorlatok meghirdet\u00e9se: Amfite\u00e1trum, <strong>2026. janu\u00e1r 13.<\/strong> (kedd), 20:00-t\u00f3l.<\/p>\n<h3><span style=\"color: #800000;\"><strong>Gyakorlati tant\u00e1rgyaink:<\/strong><\/span><\/h3>\n<p><strong><u>Tantervek \u00e9s teljes\u00edt\u00e9si felt\u00e9telek<\/u><\/strong><\/p>\n<p><strong>BSc. 1. \u00e9v:<\/strong><\/p>\n<p>Stagiu de practic\u0103 1 = Tanulm\u00e1nyi kir\u00e1ndul\u00e1s (3 kredit)<\/p>\n<p>Stagiu de practic\u0103 2 = Szakmai gyakorlat (3 kredit)<\/p>\n<p><strong>BSc. 2. \u00e9v:<\/strong><\/p>\n<p>Stagiu de practic\u0103 3 = Tanulm\u00e1nyi kir\u00e1ndul\u00e1s (3 kredit)<\/p>\n<p>Stagiu de practic\u0103 4 = Szakmai gyakorlat (3 kredit)<\/p>\n<p><strong>Msc 2. \u00e9v:<\/strong><\/p>\n<p>Stagiu de practic\u0103 = Tanulm\u00e1nyi kir\u00e1ndul\u00e1s (25 kredit)<\/p>\n<p><a href=\"https:\/\/geografie.ubbcluj.ro\/pages\/magyarfoldrajz\/?page_id=3033\" target=\"_blank\" rel=\"noopener\"><span style=\"color: #0000ff;\"><strong>Tanulm\u00e1nyi kir\u00e1ndul\u00e1s<\/strong><\/span><\/a> = Stagiu de practic\u0103 1 (BSc1) = Stagiu de practic\u0103 3 (BSc2) = Stagiu de practic\u0103\u00a0 (MSc2) = \u201etavaszi terepgyakorlat\u201d<\/p>\n<p><em>K\u00f6telez\u0151en v\u00e1laszthat\u00f3:<\/em> BSc1, BSc2, MSc2<\/p>\n<p><em>A teljes\u00edt\u00e9s felt\u00e9tele:<\/em> a hallgat\u00f3 r\u00e9szt vesz a k\u00edn\u00e1latban szerepl\u0151, \u00e1ltala v\u00e1lasztott, legal\u00e1bb 4 napos tanulm\u00e1nyi kir\u00e1ndul\u00e1son \u00e9s a hozz\u00e1 kapcsol\u00f3d\u00f3 tananyagb\u00f3l vizsg\u00e1t teljes\u00edt (ha eg\u00e9szs\u00e9g\u00fcgyi vagy anyagi okok miatt nem tudja v\u00e1llalni a t\u00e1volabbi tanulm\u00e1nyi kir\u00e1ndul\u00e1st, akkor helyettes\u00edtheti azt a k\u00edn\u00e1latban szerepl\u0151 helyi \u00fattal vagy gyakorlatoz\u00e1ssal).<\/p>\n<p><em>Jelentkez\u00e9s:<\/em> k\u00f6telez\u0151en v\u00e1laszthat\u00f3 t\u00e1rgy, a hallgat\u00f3 leghamarabb 2026. janu\u00e1r 14-\u00e9n (a meghirdet\u00e9s m\u00e1snapj\u00e1n), legk\u00e9s\u0151bb 2026. febru\u00e1r 23-ig (II. f\u00e9l\u00e9v els\u0151 oktat\u00e1si napj\u00e1ig) jelentkezik a szervez\u0151nek \u00edrt lev\u00e9lben. A jelentkez\u00e9seket a szervez\u0151k egyeztetik, a v\u00e9gleges n\u00e9vsorok legk\u00e9s\u0151bb 2026. m\u00e1rcius 6-ig (m\u00e1sodik tan\u00edt\u00e1si h\u00e9t v\u00e9ge) alakulnak ki.<\/p>\n<p><em>Jegy:<\/em> a tanulm\u00e1nyi kir\u00e1ndul\u00e1s szervez\u0151je aj\u00e1nlja a jegyet a hallgat\u00f3 vizsgajegye alapj\u00e1n az \u00e9vfolyamvezet\u0151nek.<\/p>\n<p><a href=\"https:\/\/geografie.ubbcluj.ro\/pages\/magyarfoldrajz\/?page_id=3030\" target=\"_blank\" rel=\"noopener\"><span style=\"color: #0000ff;\"><strong>Szakmai gyakorlat <\/strong>=<\/span><\/a> Stagiu de practic\u0103 2 (BSc1) = Stagiu de practic\u0103 4 (BSc2) = \u201eny\u00e1ri terepgyakorlat\u201d<\/p>\n<p><em>K\u00f6telez\u0151:<\/em> BSc1, BSc2.<\/p>\n<p><em>A teljes\u00edt\u00e9s felt\u00e9tele:<\/em> a hallgat\u00f3 r\u00e9szt vesz az eg\u00e9sz \u00e9vfolyam sz\u00e1m\u00e1ra el\u0151\u00edrt, kb. 8 napos, minim\u00e1lis k\u00f6lts\u00e9gvet\u00e9s\u0171, stacion\u00e1rius jelleg\u0171 szakmai gyakorlaton, teljes\u00edti a feladatokat. A szakmai gyakorlat helyettes\u00edthet\u0151 Erasmus Internshippel vagy GreenSeeddel.<\/p>\n<p><em>Jelentkez\u00e9s:<\/em> k\u00f6telez\u0151 t\u00e1rgy, a hallgat\u00f3 nem kell k\u00fcl\u00f6n jelentkezzen.<\/p>\n<p><em>Jegy:<\/em> a szakmai gyakorlat szervez\u0151i aj\u00e1nlj\u00e1k a jegyet a hallgat\u00f3 munk\u00e1ja\/vizsg\u00e1ja alapj\u00e1n az \u00e9vfolyamvezet\u0151nek.<\/p>\n<p>Az ut\u00f3bbi tan\u00e9vekben:<\/p>\n<ul>\n<li>a BBTE fejenk\u00e9nt kb. 0\u2013100 lejjel t\u00e1mogatta a terepgyakorlatokat (amit a tanulm\u00e1nyi kir\u00e1ndul\u00e1sra ford\u00edtottunk), illetve<\/li>\n<li>a Communitas Alap\u00edtv\u00e1ny fejenk\u00e9nt \u00f6sszesen kb. 100\u2013200 lejjel t\u00e1mogatta a terepgyakorlatokat (a hallgat\u00f3k visszakaptak kb. 100\u2013200 lejt a befizetett \u00f6sszegeikb\u0151l).<\/li>\n<\/ul>\n<p>Mivel nem tudni, hogy a k\u00f6vetkez\u0151 f\u00e9l\u00e9vben a fenti t\u00e1mogat\u00e1soknak mi az es\u00e9lye, \u00edgy az al\u00e1bbiakban a teljes, \u00f6nk\u00f6lts\u00e9gi \u00e1rakat t\u00fcntett\u00fck fel \u2013 ha lesz t\u00e1mogat\u00e1s, akkor a befizetend\u0151 \u00f6sszeg kisebb lesz, vagy a hallgat\u00f3k visszakapnak egy adott \u00f6sszeget.<\/p>\n<p><span style=\"line-height: 1.4em;\">A\u00a0<\/span><span style=\"line-height: 1.4em;\"><span style=\"color: #800000;\"><strong>2014-2015<\/strong><\/span> tan\u00e9vre \u00e9rv\u00e9nyes\u00a0<\/span><span style=\"line-height: 1.4em;\">terepgyakorlatokkal kapcsolatos inform\u00e1ci\u00f3k el\u00e9rhet\u0151k a k\u00f6vetkez\u0151 linkeke:<\/span><span style=\"line-height: 1.4em;\">\u00a0a\u00a0 <strong><span style=\"color: #0000ff;\"><a title=\"Tanulm\u00e1nyutak 2015\" href=\"http:\/\/geografie.ubbcluj.ro\/pages\/magyarfoldrajz\/?page_id=978\" target=\"_blank\" rel=\"noopener noreferrer\"><span style=\"color: #0000ff;\">tanulm\u00e1nyutak k\u00edn\u00e1lata<\/span><\/a><\/span>\u00a0<\/strong>\u00e9s a<strong><strong><a title=\"Szakmai gyakorlat 2015\" href=\"http:\/\/geografie.ubbcluj.ro\/pages\/magyarfoldrajz\/?page_id=973\" target=\"_blank\" rel=\"noopener noreferrer\">\u00a0<span style=\"color: #0000ff;\">szakmai gyakorlat k\u00edn\u00e1lata!<\/span><\/a><\/strong><\/strong><\/span><\/p>\n<p>A <span style=\"color: #993300;\"><strong>2015-2016<\/strong><\/span> tan\u00e9v terepgyakorlatainak r\u00e9szletei, az el\u0151z\u0151 tan\u00e9vhez hasonl\u00f3an, a megfelel\u0151 sz\u00f3ra kattintva \u00e9rhet\u0151k el (<span style=\"color: #0000ff;\"><strong><a href=\"http:\/\/geografie.ubbcluj.ro\/pages\/magyarfoldrajz\/?page_id=1298\" target=\"_blank\" rel=\"noopener noreferrer\"><span style=\"color: #0000ff;\">tanulm\u00e1nyutak k\u00edn\u00e1lata<\/span><\/a><\/strong><\/span>, <span style=\"color: #0000ff;\"><strong><a href=\"http:\/\/geografie.ubbcluj.ro\/pages\/magyarfoldrajz\/?page_id=1290\" target=\"_blank\" rel=\"noopener noreferrer\"><span style=\"color: #0000ff;\">szakmai gyakorlat k\u00edn\u00e1lata<\/span><\/a><\/strong><\/span>).<\/p>\n<p>A <span style=\"color: #800000;\"><strong>2016-2017<\/strong><\/span> tan\u00e9v terepgyakorlatainak r\u00e9szletei a megfelel\u0151 sz\u00f3ra kattintva a tov\u00e1bbiakban el\u00e9rhet\u0151k (<span style=\"color: #0000ff;\"><strong><a title=\"Tanulm\u00e1nyutak 2017\" href=\"http:\/\/geografie.ubbcluj.ro\/pages\/magyarfoldrajz\/?page_id=1593\" target=\"_blank\" rel=\"noopener noreferrer\"><span style=\"color: #0000ff;\">tanulm\u00e1nyutak k\u00edn\u00e1lata<\/span><\/a><\/strong>,\u00a0<strong><a title=\"Szakmai gyakorlat 2017\" href=\"http:\/\/geografie.ubbcluj.ro\/pages\/magyarfoldrajz\/?page_id=1619\" target=\"_blank\" rel=\"noopener noreferrer\"><span style=\"color: #0000ff;\">szakmai gyakorlat k\u00edn\u00e1lata<\/span><\/a><\/strong><\/span>)<\/p>\n<p>A <span style=\"color: #800000;\"><strong>2017-2018<\/strong><\/span> tan\u00e9v terepgyakorlatainak r\u00e9szletei az el\u0151z\u0151ekhez hasonl\u00f3an megtekinthet\u0151k az al\u00e1bbi szavakra kattintva (<span style=\"color: #0000ff;\"><strong><a href=\"http:\/\/geografie.ubbcluj.ro\/pages\/magyarfoldrajz\/?page_id=1904\" target=\"_blank\" rel=\"noopener noreferrer\"><span style=\"color: #0000ff;\">tanulm\u00e1nyutak k\u00edn\u00e1lata<\/span><\/a>, <a href=\"http:\/\/geografie.ubbcluj.ro\/pages\/magyarfoldrajz\/?page_id=1897\" target=\"_blank\" rel=\"noopener noreferrer\"><span style=\"color: #0000ff;\">szakmai gyakorlatok k\u00edn\u00e1lata<\/span><\/a><\/strong><\/span>).<\/p>\n<p>A <span style=\"color: #800000;\"><strong>2018-2019<\/strong><\/span> tan\u00e9v terepgyakorlatainak r\u00e9szletei megtekinthet\u0151k a k\u00f6vetkez\u0151 linkekre kattintva (<strong><span style=\"color: #0000ff;\"><a style=\"color: #0000ff;\" href=\"http:\/\/geografie.ubbcluj.ro\/pages\/magyarfoldrajz\/?page_id=2054\" target=\"_blank\" rel=\"noopener noreferrer\">tanulm\u00e1nyutak<\/a>, <a style=\"color: #0000ff;\" href=\"http:\/\/geografie.ubbcluj.ro\/pages\/magyarfoldrajz\/?page_id=2051\" target=\"_blank\" rel=\"noopener noreferrer\">szakmai gyakorlatok<\/a><\/span><\/strong>).<\/p>\n<p>A <span style=\"color: #993300;\"><strong>2019-2020<\/strong><\/span> tan\u00e9v terepgyakorlatainak r\u00e9szletei megtekinthet\u0151k a k\u00f6vetkez\u0151 linkekre kattintva. Megjegyezz\u00fck, hogy a vil\u00e1gj\u00e1rv\u00e1ny miatt a tervek csak r\u00e9szlegesen val\u00f3sultak meg! (<span style=\"color: #0000ff;\"><strong><a style=\"color: #0000ff;\" href=\"https:\/\/hagyatek.cholnoky.ro\/kmfi\/terep2020.ppt\" target=\"_blank\" rel=\"noopener noreferrer\">bemutat\u00f3<\/a><\/strong><\/span>, <span style=\"color: #0000ff;\"><strong><a style=\"color: #0000ff;\" href=\"https:\/\/geografie.ubbcluj.ro\/pages\/magyarfoldrajz\/?page_id=2171\" target=\"_blank\" rel=\"noopener noreferrer\">tanulm\u00e1nyutak<\/a><\/strong><\/span>, <span style=\"color: #0000ff;\"><strong><a style=\"color: #0000ff;\" href=\"https:\/\/geografie.ubbcluj.ro\/pages\/magyarfoldrajz\/?page_id=2188\" target=\"_blank\" rel=\"noopener noreferrer\">szakmai gyakorlatok<\/a><\/strong><\/span>)<\/p>\n<p>A <span style=\"color: #993300;\"><strong>2021-2022<\/strong><\/span> tan\u00e9v terepgyakorlatainak r\u00e9szletei megtekinthet\u0151k a k\u00f6vetkez\u0151 linkekre kattintva. (<a href=\"https:\/\/hagyatek.cholnoky.ro\/kmfi\/terep2022.pdf\" target=\"_blank\" rel=\"noopener noreferrer\"><span style=\"color: #0000ff;\"><strong>bemutat\u00f3<\/strong><\/span><\/a>, <span style=\"color: #0000ff;\"><strong><a style=\"color: #0000ff;\" href=\"http:\/\/geografie.ubbcluj.ro\/pages\/magyarfoldrajz\/?page_id=2640\" target=\"_blank\" rel=\"noopener noreferrer\">tanulm\u00e1nyutak<\/a><\/strong><\/span>, <span style=\"color: #0000ff;\"><strong><a style=\"color: #0000ff;\" href=\"http:\/\/geografie.ubbcluj.ro\/pages\/magyarfoldrajz\/?page_id=2655\" target=\"_blank\" rel=\"noopener noreferrer\">szakmai gyakorlatok<\/a><\/strong><\/span>)<\/p>\n<p>A <span style=\"color: #993300;\"><strong>2022-2023<\/strong><\/span> tan\u00e9v terepgyakorlatainak r\u00e9szletei megtekinthet\u0151k a k\u00f6vetkez\u0151 linkekre kattintva. (<a href=\"https:\/\/hagyatek.cholnoky.ro\/kmfi\/terep2023.pdf\" target=\"_blank\" rel=\"noopener noreferrer\"><span style=\"color: #0000ff;\"><strong>bemutat\u00f3<\/strong><\/span><\/a>, <a href=\"http:\/\/geografie.ubbcluj.ro\/pages\/magyarfoldrajz\/?page_id=2752\" target=\"_blank\" rel=\"noopener noreferrer\"><span style=\"color: #0000ff;\"><strong>tanulm\u00e1nyutak<\/strong><\/span><\/a>, <a href=\"http:\/\/geografie.ubbcluj.ro\/pages\/magyarfoldrajz\/?page_id=2776\" target=\"_blank\" rel=\"noopener noreferrer\"><span style=\"color: #0000ff;\"><strong>szakmai gyakorlatok<\/strong><\/span><\/a>)<\/p>\n<p>A <span style=\"color: #993300;\"><strong>2023-2024<\/strong><\/span>\u00a0tan\u00e9v terepgyakorlatainak r\u00e9szletei megtekinthet\u0151k a k\u00f6vetkez\u0151 linkekre kattintva. (<a href=\"https:\/\/hagyatek.cholnoky.ro\/kmfi\/terep2024.pdf\" target=\"_blank\" rel=\"noopener noreferrer\"><span style=\"color: #0000ff;\"><strong>bemutat\u00f3<\/strong><\/span><\/a>, <a href=\"https:\/\/geografie.ubbcluj.ro\/pages\/magyarfoldrajz\/?page_id=2854\" target=\"_blank\" rel=\"noopener noreferrer\"><span style=\"color: #0000ff;\"><strong>tanulm\u00e1nyutak<\/strong><\/span><\/a>, <a href=\"https:\/\/geografie.ubbcluj.ro\/pages\/magyarfoldrajz\/?page_id=2850\" target=\"_blank\" rel=\"noopener noreferrer\"><span style=\"color: #0000ff;\"><strong>szakmai gyakorlatok<\/strong><\/span><\/a>)<\/p>\n<p>A <span style=\"color: #993300;\"><strong>2024-2025<\/strong><\/span>\u00a0tan\u00e9v terepgyakorlatainak r\u00e9szletei megtekinthet\u0151k a k\u00f6vetkez\u0151 linkekre kattintva.<a href=\"https:\/\/hagyatek.cholnoky.ro\/kmfi\/terep2025.pdf\" target=\"_blank\" rel=\"noopener noreferrer\"><span style=\"color: #0000ff;\"><strong>(bemutat\u00f3<\/strong><\/span><\/a>, <a href=\"https:\/\/geografie.ubbcluj.ro\/pages\/magyarfoldrajz\/?page_id=2947\" target=\"_blank\" rel=\"noopener noreferrer\"><span style=\"color: #0000ff;\"><strong>tanulm\u00e1nyutak<\/strong><\/span><\/a>, <a href=\"https:\/\/geografie.ubbcluj.ro\/pages\/magyarfoldrajz\/?page_id=2974\" target=\"_blank\" rel=\"noopener noreferrer\"><span style=\"color: #0000ff;\"><strong>szakmai gyakorlatok)<\/strong><\/span><\/a><\/p>\n<p><a href=\"https:\/\/hagyatek.cholnoky.ro\/kmfi\/kulf-tanulmkir.pdf\" target=\"_blank\" rel=\"noopener noreferrer\"><span style=\"color: #0000ff;\"><strong>A MFI \u00e1ltal, 2005 \u00f3ta szervezett k\u00fclf\u00f6ldi tanulm\u00e1nyi kir\u00e1ndul\u00e1sok \u00f6sszefoglal\u00e1sa<\/strong><\/span><\/a><\/p>\n\n\n<p><\/p>\n","protected":false},"excerpt":{"rendered":"<p>Oktat\u00e1si tev\u00e9kenys\u00e9g\u00fcnk nagyon fontos kieg\u00e9sz\u00edt\u0151je a terepgyakorlat. A tavaszi f\u00e9l\u00e9v tanterv\u00e9ben jelenik meg\u00a0 k\u00e9t \u00f6n\u00e1ll\u00f3 tant\u00e1rgyk\u00e9nt. Az els\u0151 tant\u00e1rgy 5 napos gyakorlatot \u00edr el\u0151, ez t\u00f6bbnyire tanulm\u00e1ny\u00fat form\u00e1j\u00e1ban val\u00f3sul meg. A m\u00e1sodik tant\u00e1rgy 10 napos szakmai gyakorlat, erre \u00e1ltal\u00e1ban j\u00faliusban &hellip; <a class=\"more-link\" href=\"https:\/\/geografie.ubbcluj.ro\/pages\/magyarfoldrajz\/?page_id=464\">Continue reading <span class=\"meta-nav\">&rarr;<\/span><\/a><\/p>\n","protected":false},"author":2,"featured_media":0,"parent":42,"menu_order":0,"comment_status":"closed","ping_status":"closed","template":"","meta":{"footnotes":""},"_links":{"self":[{"href":"https:\/\/geografie.ubbcluj.ro\/pages\/magyarfoldrajz\/index.php?rest_route=\/wp\/v2\/pages\/464"}],"collection":[{"href":"https:\/\/geografie.ubbcluj.ro\/pages\/magyarfoldrajz\/index.php?rest_route=\/wp\/v2\/pages"}],"about":[{"href":"https:\/\/geografie.ubbcluj.ro\/pages\/magyarfoldrajz\/index.php?rest_route=\/wp\/v2\/types\/page"}],"author":[{"embeddable":true,"href":"https:\/\/geografie.ubbcluj.ro\/pages\/magyarfoldrajz\/index.php?rest_route=\/wp\/v2\/users\/2"}],"replies":[{"embeddable":true,"href":"https:\/\/geografie.ubbcluj.ro\/pages\/magyarfoldrajz\/index.php?rest_route=%2Fwp%2Fv2%2Fcomments&post=464"}],"version-history":[{"count":110,"href":"https:\/\/geografie.ubbcluj.ro\/pages\/magyarfoldrajz\/index.php?rest_route=\/wp\/v2\/pages\/464\/revisions"}],"predecessor-version":[{"id":3058,"href":"https:\/\/geografie.ubbcluj.ro\/pages\/magyarfoldrajz\/index.php?rest_route=\/wp\/v2\/pages\/464\/revisions\/3058"}],"up":[{"embeddable":true,"href":"https:\/\/geografie.ubbcluj.ro\/pages\/magyarfoldrajz\/index.php?rest_route=\/wp\/v2\/pages\/42"}],"wp:attachment":[{"href":"https:\/\/geografie.ubbcluj.ro\/pages\/magyarfoldrajz\/index.php?rest_route=%2Fwp%2Fv2%2Fmedia&parent=464"}],"curies":[{"name":"wp","href":"https:\/\/api.w.org\/{rel}","templated":true}]}}