{"id":40,"date":"2012-11-21T22:21:55","date_gmt":"2012-11-21T22:21:55","guid":{"rendered":"http:\/\/geografie.ubbcluj.ro\/pages\/magyarfoldrajz\/?page_id=40"},"modified":"2021-05-05T11:32:58","modified_gmt":"2021-05-05T11:32:58","slug":"munkatarsak","status":"publish","type":"page","link":"https:\/\/geografie.ubbcluj.ro\/pages\/magyarfoldrajz\/?page_id=40","title":{"rendered":"Int\u00e9zet\u00fcnk"},"content":{"rendered":"<p>Int\u00e9zet\u00fcnk 2011 \u0151sz\u00e9n alakult. Jelenleg 13 f\u0151\u00e1ll\u00e1s\u00fa oktat\u00f3nk van:<\/p>\n<ul>\n<li>Dr.\u00a0<span style=\"color: #0000ff;\"><a title=\"Blanka\" href=\"http:\/\/geografie.ubbcluj.ro\/pages\/magyarfoldrajz\/?page_id=225\" target=\"_blank\" rel=\"noopener noreferrer\"><span style=\"color: #0000ff;\">Bart\u00f3k Blanka<\/span><\/a><\/span>, egyetemi\u00a0docens<\/li>\n<li>Dr. <span style=\"color: #0000ff;\"><a title=\"Zsombor\" href=\"http:\/\/geografie.ubbcluj.ro\/pages\/magyarfoldrajz\/?page_id=321\" target=\"_blank\" rel=\"noopener noreferrer\"><span style=\"color: #0000ff;\">Bartos-Elekes Zsombor<\/span><\/a><\/span>, egyetemi docens<\/li>\n<li>Dr. <span style=\"color: #0000ff;\"><a title=\"Benedek\" href=\"http:\/\/geografie.ubbcluj.ro\/pages\/magyarfoldrajz\/?page_id=216\" target=\"_blank\" rel=\"noopener noreferrer\"><span style=\"color: #0000ff;\">Benedek J\u00f3zsef<\/span><\/a><\/span>, egyetemi tan\u00e1r, akad\u00e9mikus, a BBTE szen\u00e1tus\u00e1nak aleln\u00f6ke<\/li>\n<li>Dr. <span style=\"color: #0000ff;\"><a title=\"Bogi\" href=\"http:\/\/geografie.ubbcluj.ro\/pages\/magyarfoldrajz\/?page_id=1764\" target=\"_blank\" rel=\"noopener noreferrer\"><span style=\"color: #0000ff;\">Czellecz Bogl\u00e1rka<\/span><\/a><\/span>, egyetemi adjunktus<\/li>\n<li>Dr. <span style=\"color: #0000ff;\"><a title=\"Andi\" href=\"http:\/\/geografie.ubbcluj.ro\/pages\/magyarfoldrajz\/?page_id=274\" target=\"_blank\" rel=\"noopener noreferrer\"><span style=\"color: #0000ff;\">G\u00e1l Andrea<\/span><\/a><\/span>, egyetemi adjunktus<\/li>\n<li>Dr. <a title=\"Zoli_b\" href=\"http:\/\/geografie.ubbcluj.ro\/pages\/magyarfoldrajz\/?page_id=405\" target=\"_blank\" rel=\"noopener noreferrer\"><span style=\"color: #0000ff;\">Imecs Zolt\u00e1n<\/span>,<\/a> egyetemi docens<\/li>\n<li>Dr. <span style=\"color: #0000ff;\"><a title=\"Csaba\" href=\"http:\/\/geografie.ubbcluj.ro\/pages\/magyarfoldrajz\/?page_id=303\" target=\"_blank\" rel=\"noopener noreferrer\"><span style=\"color: #0000ff;\">Kov\u00e1cs Csaba<\/span><\/a><\/span>, egyetemi adjunktus<\/li>\n<li>Dr. <span style=\"color: #0000ff;\"><a title=\"Andr\u00e1s\" href=\"http:\/\/geografie.ubbcluj.ro\/pages\/magyarfoldrajz\/?page_id=272\" target=\"_blank\" rel=\"noopener noreferrer\"><span style=\"color: #0000ff;\">M\u00e1th\u00e9 Andr\u00e1s<\/span><\/a><\/span>, egyetemi adjunktus<\/li>\n<li>Dr. <span style=\"color: #0000ff;\"><a title=\"Csongi\" href=\"http:\/\/geografie.ubbcluj.ro\/pages\/magyarfoldrajz\/?page_id=311\" target=\"_blank\" rel=\"noopener noreferrer\"><span style=\"color: #0000ff;\">M\u00e1th\u00e9 Csongor<\/span><\/a><\/span>, egyetemi adjunktus<\/li>\n<li>Dr. <span style=\"color: #0000ff;\"><a title=\"Egon\" href=\"http:\/\/geografie.ubbcluj.ro\/pages\/magyarfoldrajz\/?page_id=314\" target=\"_blank\" rel=\"noopener noreferrer\"><span style=\"color: #0000ff;\">Nagy Egon<\/span><\/a><\/span>, egyetemi adjunktus, int\u00e9zetigazgat\u00f3<\/li>\n<li>Dr. Sebesty\u00e9n Tiham\u00e9r, egyetemi adjunktus<\/li>\n<li><span style=\"color: #0000ff;\"><span style=\"color: #000000;\">Dr.<\/span> <\/span><a style=\"line-height: 1.5em;\" title=\"J\u00e1nos\" href=\"http:\/\/geografie.ubbcluj.ro\/pages\/magyarfoldrajz\/?page_id=278\" target=\"_blank\" rel=\"noopener noreferrer\"><span style=\"color: #0000ff;\">Talpas J\u00e1nos<\/span><span style=\"color: #0000ff;\">,<\/span><\/a><span style=\"line-height: 1.5em;\"> egyetemi adjunktus<\/span><\/li>\n<li>Dr. <span style=\"color: #0000ff;\"><a title=\"Ibolya\" href=\"http:\/\/geografie.ubbcluj.ro\/pages\/magyarfoldrajz\/?page_id=276\" target=\"_blank\" rel=\"noopener noreferrer\"><span style=\"color: #0000ff;\">T\u00f6r\u00f6k Ibolya<\/span><\/a><\/span>, egyetemi docens, d\u00e9k\u00e1nhelyettes<\/li>\n<li><span style=\"color: #0000ff;\"><a href=\"http:\/\/geografie.ubbcluj.ro\/pages\/magyarfoldrajz\/?page_id=1419\" target=\"_blank\" rel=\"noopener noreferrer\"><span style=\"color: #0000ff;\">Fodor Zsuzsanna<\/span><\/a><\/span>, int\u00e9zeti titk\u00e1rn\u0151<\/li>\n<\/ul>\n<p>Karunk titk\u00e1rs\u00e1g\u00e1n a magyarul tanul\u00f3 di\u00e1kok \u00fcgyes-bajos dolgai\u00e9rt felel:<\/p>\n<ul>\n<li><a style=\"line-height: 1.5em;\" title=\"Betty\" href=\"http:\/\/geografie.ubbcluj.ro\/pages\/magyarfoldrajz\/?page_id=415\" target=\"_blank\" rel=\"noopener noreferrer\">Mur\u00e1di Betty<\/a><span style=\"line-height: 1.5em;\">, titk\u00e1rn\u0151<\/span><\/li>\n<\/ul>\n<p><strong style=\"line-height: 1.4em;\"><span style=\"line-height: 22.5px;\">FOGAD\u00d3\u00d3RA: munkanapokon 9.00-12.00 \u00f3ra k\u00f6z\u00f6tt<\/span><\/strong><\/p>\n<p><a href=\"http:\/\/geografie.ubbcluj.ro\/pages\/magyarfoldrajz\/wp-content\/uploads\/2012\/11\/desk1.jpg\">\u00a0<\/a><\/p>\n","protected":false},"excerpt":{"rendered":"<p>Int\u00e9zet\u00fcnk 2011 \u0151sz\u00e9n alakult. Jelenleg 13 f\u0151\u00e1ll\u00e1s\u00fa oktat\u00f3nk van: Dr.\u00a0Bart\u00f3k Blanka, egyetemi\u00a0docens Dr. Bartos-Elekes Zsombor, egyetemi docens Dr. Benedek J\u00f3zsef, egyetemi tan\u00e1r, akad\u00e9mikus, a BBTE szen\u00e1tus\u00e1nak aleln\u00f6ke Dr. Czellecz Bogl\u00e1rka, egyetemi adjunktus Dr. G\u00e1l Andrea, egyetemi adjunktus Dr. Imecs Zolt\u00e1n, &hellip; <a class=\"more-link\" href=\"https:\/\/geografie.ubbcluj.ro\/pages\/magyarfoldrajz\/?page_id=40\">Continue reading <span class=\"meta-nav\">&rarr;<\/span><\/a><\/p>\n","protected":false},"author":2,"featured_media":0,"parent":0,"menu_order":0,"comment_status":"closed","ping_status":"closed","template":"","meta":{"footnotes":""},"_links":{"self":[{"href":"https:\/\/geografie.ubbcluj.ro\/pages\/magyarfoldrajz\/index.php?rest_route=\/wp\/v2\/pages\/40"}],"collection":[{"href":"https:\/\/geografie.ubbcluj.ro\/pages\/magyarfoldrajz\/index.php?rest_route=\/wp\/v2\/pages"}],"about":[{"href":"https:\/\/geografie.ubbcluj.ro\/pages\/magyarfoldrajz\/index.php?rest_route=\/wp\/v2\/types\/page"}],"author":[{"embeddable":true,"href":"https:\/\/geografie.ubbcluj.ro\/pages\/magyarfoldrajz\/index.php?rest_route=\/wp\/v2\/users\/2"}],"replies":[{"embeddable":true,"href":"https:\/\/geografie.ubbcluj.ro\/pages\/magyarfoldrajz\/index.php?rest_route=%2Fwp%2Fv2%2Fcomments&post=40"}],"version-history":[{"count":71,"href":"https:\/\/geografie.ubbcluj.ro\/pages\/magyarfoldrajz\/index.php?rest_route=\/wp\/v2\/pages\/40\/revisions"}],"predecessor-version":[{"id":2524,"href":"https:\/\/geografie.ubbcluj.ro\/pages\/magyarfoldrajz\/index.php?rest_route=\/wp\/v2\/pages\/40\/revisions\/2524"}],"wp:attachment":[{"href":"https:\/\/geografie.ubbcluj.ro\/pages\/magyarfoldrajz\/index.php?rest_route=%2Fwp%2Fv2%2Fmedia&parent=40"}],"curies":[{"name":"wp","href":"https:\/\/api.w.org\/{rel}","templated":true}]}}