{"id":369,"date":"2012-12-10T15:13:36","date_gmt":"2012-12-10T15:13:36","guid":{"rendered":"http:\/\/geografie.ubbcluj.ro\/pages\/magyarfoldrajz\/?page_id=369"},"modified":"2025-09-02T05:03:30","modified_gmt":"2025-09-02T05:03:30","slug":"altalanos-ismerteto","status":"publish","type":"page","link":"https:\/\/geografie.ubbcluj.ro\/pages\/magyarfoldrajz\/?page_id=369","title":{"rendered":"\u00c1ltal\u00e1nos ismertet\u0151"},"content":{"rendered":"<p>Kedves L\u00e1togat\u00f3!<\/p>\n<p>Az eddigi hagyom\u00e1nyokhoz h\u00edven, a \u00a0<strong>2025-2026-os<\/strong>\u00a0egyetemi \u00e9vre a<span style=\"line-height: 1.4em;\">lapk\u00e9pz\u00e9sen h\u00e1rom szakon &#8211; <\/span><strong style=\"line-height: 1.4em;\">f\u00f6ldrajz, ter\u00fcletfejleszt\u00e9s \u00e9s turizmusf\u00f6ldrajz<\/strong><span style=\"line-height: 1.4em;\"> &#8211; hirdet\u00fcnk felv\u00e9telit. Mesteri k\u00e9pz\u00e9sen <\/span><strong style=\"line-height: 1.4em;\">turizmus \u00e9s ter\u00fcletfejleszt\u00e9s<\/strong><span style=\"line-height: 1.4em;\"> szakon hirdet\u00fcnk felv\u00e9telit! R\u00e9szletes inform\u00e1ci\u00f3k tal\u00e1lhat\u00f3k a megfelel\u0151 oldalon vagy a lenti linkekre kattintva.<\/span><\/p>\n<p><span style=\"color: #ff0000;\"><b style=\"color: #ff0000;\">A szeptemberi felv\u00e9teli id\u0151szak 2025 szeptember 5-15 k\u00f6z\u00f6tt zajlik. A felv\u00e9teli, az el\u0151z\u0151 \u00e9vekhez hasonl\u00f3an, &#8220;on-line&#8221; fog zajlani, az utols\u00f3 napon 14 \u00f3r\u00e1ig.\u00a0 A meghirdetett helyek sz\u00e1ma itt l\u00e1that\u00f3:<\/b><\/span><\/p>\n<p><strong>F\u00f6ldrajz szak:<\/strong> <span style=\"color: #ff0000;\"><strong>12<\/strong><b>\u00a0<\/b><\/span>ingyenes hely \u00e9s <strong><span style=\"color: #ff0000;\">21<\/span>\u00a0<\/strong>fizet\u00e9ses hely<\/p>\n<p><strong>Ter\u00fcletfejleszt\u00e9s szak:<\/strong>\u00a0 <span style=\"color: #ff0000;\"><strong>3<\/strong><\/span> ingyenes hely \u00e9s <span style=\"color: #ff0000;\"><strong>14<\/strong><\/span>\u00a0 fizet\u00e9ses hely<\/p>\n<p><strong>Turizmusf\u00f6ldrajz szak:<\/strong>\u00a0 <span style=\"color: #ff0000;\"><b>4 <\/b><\/span>ingyenes hely \u00e9s <span style=\"color: #ff0000;\"><strong>36<\/strong><\/span> fizet\u00e9ses hely<\/p>\n<p><strong>Turizmus \u00e9s ter\u00fcletfejleszt\u00e9s mesteri szak: <span style=\"color: #ff0000;\">0 <\/span><\/strong>ingyenes hely \u00e9s <span style=\"color: #ff0000;\"><strong>21<\/strong><\/span>\u00a0fizet\u00e9ses hely<\/p>\n<h3 style=\"text-align: center;\">Az alapk\u00e9pz\u00e9s felv\u00e9telire vonatkoz\u00f3 \u00f6sszes, kari szint\u0171 inform\u00e1ci\u00f3 el\u00e9rhet\u0151 <a href=\"https:\/\/geografie.ubbcluj.ro\/admitere\/?page_id=1003\" target=\"_blank\" rel=\"noopener noreferrer\"><span style=\"color: #0000ff;\"><strong>ide<\/strong> <\/span><\/a>kattintva.<\/h3>\n<h3 style=\"text-align: center;\">A mesteri felv\u00e9telire vonatkoz\u00f3 \u00f6sszes, kari szint\u0171 inform\u00e1ci\u00f3 el\u00e9rhet\u0151 <a href=\"https:\/\/geografie.ubbcluj.ro\/admitere\/?page_id=1033\" target=\"_blank\" rel=\"noopener noreferrer\"><span style=\"color: #0000ff;\"><strong>ide<\/strong><\/span><\/a> kattintva<\/h3>\n<h3 style=\"text-align: center;\"><a href=\"https:\/\/hagyatek.cholnoky.ro\/kmfi\/foldrajz-felveteli.pdf\" target=\"_blank\" rel=\"noopener noreferrer\"><span style=\"color: #0000ff;\">A F\u00f6ldrajz Kar magyar nyelv\u0171 k\u00e9pz\u00e9sei &#8211; \u00f6sszefoglal\u00e1s (PPT)<\/span><\/a><\/h3>\n<p style=\"padding-left: 30px;\">A felv\u00e9telizni k\u00e9sz\u00fcl\u0151k d\u00f6nt\u00e9s\u00e9ben szeretn\u00e9nk seg\u00edteni a k\u00f6vetkez\u0151 ismertet\u0151k bemutat\u00e1s\u00e1val:<\/p>\n<p><a href=\"http:\/\/geografie.ubbcluj.ro\/pages\/magyarfoldrajz\/wp-content\/uploads\/2021\/04\/2-altalanos.jpg\"><img loading=\"lazy\" decoding=\"async\" class=\"aligncenter size-full wp-image-2454\" src=\"http:\/\/geografie.ubbcluj.ro\/pages\/magyarfoldrajz\/wp-content\/uploads\/2021\/04\/2-altalanos.jpg\" alt=\"\" width=\"5342\" height=\"3777\" srcset=\"https:\/\/geografie.ubbcluj.ro\/pages\/magyarfoldrajz\/wp-content\/uploads\/2021\/04\/2-altalanos.jpg 5342w, https:\/\/geografie.ubbcluj.ro\/pages\/magyarfoldrajz\/wp-content\/uploads\/2021\/04\/2-altalanos-300x212.jpg 300w, https:\/\/geografie.ubbcluj.ro\/pages\/magyarfoldrajz\/wp-content\/uploads\/2021\/04\/2-altalanos-768x543.jpg 768w, https:\/\/geografie.ubbcluj.ro\/pages\/magyarfoldrajz\/wp-content\/uploads\/2021\/04\/2-altalanos-1024x724.jpg 1024w, https:\/\/geografie.ubbcluj.ro\/pages\/magyarfoldrajz\/wp-content\/uploads\/2021\/04\/2-altalanos-424x300.jpg 424w\" sizes=\"(max-width: 5342px) 100vw, 5342px\" \/><\/a> <a href=\"http:\/\/geografie.ubbcluj.ro\/pages\/magyarfoldrajz\/wp-content\/uploads\/2021\/04\/3-szakok-mind.jpg\"><img loading=\"lazy\" decoding=\"async\" class=\"aligncenter size-large wp-image-2455\" src=\"http:\/\/geografie.ubbcluj.ro\/pages\/magyarfoldrajz\/wp-content\/uploads\/2021\/04\/3-szakok-mind-1024x543.jpg\" alt=\"\" width=\"640\" height=\"339\" srcset=\"https:\/\/geografie.ubbcluj.ro\/pages\/magyarfoldrajz\/wp-content\/uploads\/2021\/04\/3-szakok-mind-1024x543.jpg 1024w, https:\/\/geografie.ubbcluj.ro\/pages\/magyarfoldrajz\/wp-content\/uploads\/2021\/04\/3-szakok-mind-300x159.jpg 300w, https:\/\/geografie.ubbcluj.ro\/pages\/magyarfoldrajz\/wp-content\/uploads\/2021\/04\/3-szakok-mind-768x407.jpg 768w, https:\/\/geografie.ubbcluj.ro\/pages\/magyarfoldrajz\/wp-content\/uploads\/2021\/04\/3-szakok-mind-500x265.jpg 500w\" sizes=\"(max-width: 640px) 100vw, 640px\" \/><\/a><\/p>\n<p><em>Masteratul de Turism \u0219i Dezvoltare Teritorial\u0103 \u00een limba maghiar\u0103 &#8211;<\/em> <a href=\"http:\/\/geografie.ubbcluj.ro\/pages\/magyarfoldrajz\/felveteli\/PrezentareTDT.pdf\" target=\"_blank\" rel=\"noopener noreferrer\"><span style=\"color: #0000ff;\"><strong>prezentare \u00een limba rom\u00e2n\u0103<\/strong><\/span><\/a><\/p>\n<p>A<strong> felv\u00e9teli<\/strong> r\u00e9szletei megtal\u00e1lhat\u00f3k a megfelel\u0151 linkre kattintva.<\/p>\n<p><a title=\"BSc\" href=\"http:\/\/geografie.ubbcluj.ro\/pages\/magyarfoldrajz\/?page_id=1070\" target=\"_blank\" rel=\"noopener noreferrer\"><span style=\"color: #0000ff;\"><strong>Felv\u00e9teli az alapk\u00e9pz\u00e9sre (BSc).<\/strong><\/span><\/a><\/p>\n<p><a title=\"MSc\" href=\"http:\/\/geografie.ubbcluj.ro\/pages\/magyarfoldrajz\/?page_id=1080\" target=\"_blank\" rel=\"noopener noreferrer\"><span style=\"color: #0000ff;\"><strong>Felv\u00e9teli a mesterk\u00e9pz\u00e9sre (MSc).<\/strong><\/span><\/a><\/p>\n<p>A Babes-Bolyai Tudom\u00e1nyegyetem <a href=\"https:\/\/infoadmitere.ubbcluj.ro\/hu\/reglementari\/files\/HU_Regulament_admitere_2025.pdf\" target=\"_blank\" rel=\"noopener noreferrer\"><span style=\"color: #0000ff;\"><strong><span style=\"color: #0000ff;\">felv\u00e9teli szab\u00e1lyzata.<\/span><\/strong><\/span><\/a><\/p>\n<p>A F\u00f6ldrajz Kar felv\u00e9teli szab\u00e1lyzata <a href=\"https:\/\/geografie.ubbcluj.ro\/admitere\/wp-content\/uploads\/2025\/01\/Regulament-Geografie-admitere-licenta-2025.pdf\" target=\"_blank\" rel=\"noopener noreferrer\"><span style=\"color: #0000ff;\"><strong><span style=\"color: #0000ff;\">alapk\u00e9pz\u00e9sre<\/span><\/strong><\/span><\/a> \u00e9s<a href=\"https:\/\/geografie.ubbcluj.ro\/admitere\/wp-content\/uploads\/2025\/01\/Regulament-Geografie-admitere-master-2025.pdf\" target=\"_blank\" rel=\"noopener noreferrer\"><strong><span style=\"color: #0000ff;\"><span style=\"color: #0000ff;\"> mesterk\u00e9pz\u00e9sre<\/span><\/span><\/strong><\/a><a href=\"https:\/\/geografie.ubbcluj.ro\/admitere\/wp-content\/uploads\/2022\/05\/Regulament-Geografie-admitere-master-2022.pdf\" target=\"_blank\" rel=\"noopener noreferrer\"><strong>,<\/strong><\/a><span style=\"color: #0000ff;\"><span style=\"color: #000000;\"> rom\u00e1n nyelven.<\/span><\/span><\/p>\n\n\n<p><\/p>\n","protected":false},"excerpt":{"rendered":"<p>Kedves L\u00e1togat\u00f3! Az eddigi hagyom\u00e1nyokhoz h\u00edven, a \u00a02025-2026-os\u00a0egyetemi \u00e9vre alapk\u00e9pz\u00e9sen h\u00e1rom szakon &#8211; f\u00f6ldrajz, ter\u00fcletfejleszt\u00e9s \u00e9s turizmusf\u00f6ldrajz &#8211; hirdet\u00fcnk felv\u00e9telit. Mesteri k\u00e9pz\u00e9sen turizmus \u00e9s ter\u00fcletfejleszt\u00e9s szakon hirdet\u00fcnk felv\u00e9telit! R\u00e9szletes inform\u00e1ci\u00f3k tal\u00e1lhat\u00f3k a megfelel\u0151 oldalon vagy a lenti linkekre kattintva. A &hellip; <a class=\"more-link\" href=\"https:\/\/geografie.ubbcluj.ro\/pages\/magyarfoldrajz\/?page_id=369\">Continue reading <span class=\"meta-nav\">&rarr;<\/span><\/a><\/p>\n","protected":false},"author":2,"featured_media":0,"parent":125,"menu_order":0,"comment_status":"closed","ping_status":"closed","template":"","meta":{"footnotes":""},"_links":{"self":[{"href":"https:\/\/geografie.ubbcluj.ro\/pages\/magyarfoldrajz\/index.php?rest_route=\/wp\/v2\/pages\/369"}],"collection":[{"href":"https:\/\/geografie.ubbcluj.ro\/pages\/magyarfoldrajz\/index.php?rest_route=\/wp\/v2\/pages"}],"about":[{"href":"https:\/\/geografie.ubbcluj.ro\/pages\/magyarfoldrajz\/index.php?rest_route=\/wp\/v2\/types\/page"}],"author":[{"embeddable":true,"href":"https:\/\/geografie.ubbcluj.ro\/pages\/magyarfoldrajz\/index.php?rest_route=\/wp\/v2\/users\/2"}],"replies":[{"embeddable":true,"href":"https:\/\/geografie.ubbcluj.ro\/pages\/magyarfoldrajz\/index.php?rest_route=%2Fwp%2Fv2%2Fcomments&post=369"}],"version-history":[{"count":122,"href":"https:\/\/geografie.ubbcluj.ro\/pages\/magyarfoldrajz\/index.php?rest_route=\/wp\/v2\/pages\/369\/revisions"}],"predecessor-version":[{"id":3014,"href":"https:\/\/geografie.ubbcluj.ro\/pages\/magyarfoldrajz\/index.php?rest_route=\/wp\/v2\/pages\/369\/revisions\/3014"}],"up":[{"embeddable":true,"href":"https:\/\/geografie.ubbcluj.ro\/pages\/magyarfoldrajz\/index.php?rest_route=\/wp\/v2\/pages\/125"}],"wp:attachment":[{"href":"https:\/\/geografie.ubbcluj.ro\/pages\/magyarfoldrajz\/index.php?rest_route=%2Fwp%2Fv2%2Fmedia&parent=369"}],"curies":[{"name":"wp","href":"https:\/\/api.w.org\/{rel}","templated":true}]}}