{"id":3033,"date":"2026-01-12T10:43:53","date_gmt":"2026-01-12T10:43:53","guid":{"rendered":"https:\/\/geografie.ubbcluj.ro\/pages\/magyarfoldrajz\/?page_id=3033"},"modified":"2026-02-10T17:27:46","modified_gmt":"2026-02-10T17:27:46","slug":"tanulmanyutak-2026","status":"publish","type":"page","link":"https:\/\/geografie.ubbcluj.ro\/pages\/magyarfoldrajz\/?page_id=3033","title":{"rendered":"Tanulm\u00e1nyutak &#8211; 2026"},"content":{"rendered":"<p><span style=\"color: #993300;\"><strong>N\u00e9v: T\u00f6r\u00f6korsz\u00e1g, \u00d6rm\u00e9nyorsz\u00e1g \u00e9s Azerbajdzs\u00e1n<\/strong><\/span><\/p>\n<p>Helyek sz\u00e1ma: 60 f\u0151 (BSc, MSc)<\/p>\n<p><strong>Id\u0151:<\/strong> 11 nap, 2026. \u00e1prilis 8\u201318.<\/p>\n<p><strong>Jelentkez\u00e9s:<\/strong> M\u00e1th\u00e9 Andr\u00e1s (<a href=\"mailto:matheandras@yahoo.com\">matheandras@yahoo.com<\/a>)<\/p>\n<p><strong>Tant\u00e1rgy \/ t\u00e9ma:<\/strong> \u00c9p\u00edt\u00e9szet, Kult\u00fara \u00e9s civiliz\u00e1ci\u00f3, Szolg\u00e1ltat\u00e1sok, Kultur\u00e1lis turizmus, Etnokultur\u00e1lis \u00f6vezetek turisztikai \u00e9rt\u00e9kes\u00edt\u00e9se, Hegyvid\u00e9ki turizmus.<\/p>\n<p>Tanulm\u00e1nyi k\u00f6vetelm\u00e9ny: sz\u00f3beli vizsga az \u00fat alatt, idegenvezet\u00e9si gyakorlatok.<\/p>\n<p><span style=\"color: #993300;\"><strong>Szervez\u0151: M\u00e1th\u00e9 Andr\u00e1s<\/strong><strong>\u00a0<\/strong><\/span><\/p>\n<p>Terepgyakorlatunk h\u00e1rom orsz\u00e1g ter\u00fclet\u00e9t \u00e9rinti, T\u00f6r\u00f6korsz\u00e1g\u00e9t illetve a Kauk\u00e1zus t\u00e9rs\u00e9g\u00e9nek k\u00e9t orsz\u00e1g\u00e1ban, \u00d6rm\u00e9nyorsz\u00e1gban \u00e9s Azerbajdzs\u00e1ban fogunk sz\u00e1mos term\u00e9szetes \u00e9s antropikus l\u00e1tnival\u00f3kb\u00f3l v\u00e1logatni. Utunkat Isztambul v\u00e1ros\u00e1val, az egykori Konstantin\u00e1poly, Biz\u00e1nc f\u0151v\u00e1ros\u00e1val kezdj\u00fck, ahol r\u00f3mai kori, biz\u00e1nci \u00e9s oszm\u00e1n \u00e9p\u00edt\u00e9szeti eml\u00e9kek megl\u00e1togat\u00e1s\u00e1t tervezz\u00fck, majd a Kelet-Anat\u00f3liai Erzurum v\u00e1ros\u00e1nak 13. sz\u00e1zadi medresz\u00e9\u00e9t, k\u00f6z\u00e9pkori er\u0151ditm\u00e9ny\u00e9t illetve 11. sz\u00e1zadi mecset\u00e9t l\u00e1togatjuk meg.<\/p>\n<p>Tov\u00e1bb\u00e1 az \u00d6rm\u00e9ny f\u0151v\u00e1rosban folytatjuk utunkat,\u00a0Yerev\u00e1nban, ahol a Matenadaran M\u00fazeumot, a vil\u00e1g egyik legr\u00e9gibb \u00e9s legnagyobb k\u00f3dexgy\u0171jtem\u00e9ny\u00e9t tekintj\u00fck meg (UNESCO Vil\u00e1g\u00f6r\u00f6ks\u00e9g), Mastoc, az \u00f6rm\u00e9ny \u00edr\u00e1sbelis\u00e9g megalap\u00edt\u00f3j\u00e1nak \/V.sz. eleje\/ szobr\u00e1t, a K\u00e9k mecsetet, az \u00f6rm\u00e9ny Genoc\u00eddium eml\u00e9khelyet \u00e9s m\u00fazeumot, de a Vernissage nagypiacot is. Utunkat Zvartnocban, \u00d6rm\u00e9nyorsz\u00e1g legnagyobb k\u00f6z\u00e9pkori templom\u00e1nak romjain\u00e1l folytatjuk (VII. sz. UNESCO Vil\u00e1g\u00f6r\u00f6ks\u00e9g\/) illetve Ecsmiadzin, az \u201e\u00f6rm\u00e9ny Vatik\u00e1nn\u00e1l\u201d (az \u00f6rm\u00e9ny kereszt\u00e9nys\u00e9g sz\u00e9khelye, a kereszt\u00e9ny vil\u00e1g egyik legr\u00e9gibb alap\u00edt\u00e1s\u00fa temploma (301), mai form\u00e1j\u00e1ban XVII. sz.-i katedr\u00e1lis, ahol erekly\u00e9i k\u00f6z\u00f6tt No\u00e9 b\u00e1rk\u00e1j\u00e1nak egy darabj\u00e1t is \u0151rzik (UNESCO Vil\u00e1g\u00f6r\u00f6ks\u00e9g). Majd Garni fele utazunk, az \u201e\u00d6rm\u00e9ny Akropoliszhoz\u201d (pog\u00e1ny templom az I. sz\u00e1zadb\u00f3l)ahol egy k\u00f6nny\u0171 gyalogt\u00far\u00e1t tesz\u00fcnk a vulk\u00e1ni tuf\u00e1ba v\u00e1g\u00f3dott Garni-szurdokban, majd Geghard, a k\u0151falba v\u00e1jt, ma is m\u0171k\u00f6d\u0151 kolostorhoz \/XII. sz.\/, mely a k\u00f6z\u00e9pkorban az \u00f6rm\u00e9ny szellemi \u00e9let k\u00f6zpontja volt (UNESCO Vil\u00e1g\u00f6r\u00f6ks\u00e9g)\u00a0 Ezek ut\u00e1n Azerbajdzs\u00e1nba, \u201e a t\u0171z orsz\u00e1g\u00e1nak\u201d f\u0151v\u00e1ros\u00e1ba, Bakuba l\u00e1togatunk, az olajb\u00f3l meggazdagodott v\u00e1rosban megtekintj\u00fck a L\u00e1ng-tornyokat, az \u00faj Baku jelk\u00e9p\u00e9t, a kivil\u00e1g\u00edtott Parlamentet, Krist\u00e1ly-palot\u00e1t, a Sirv\u00e1nsahok palot\u00e1j\u00e1t, a Le\u00e1nytoronyot, Sz\u0171z-tornyot (UNESCO Vil\u00e1g\u00f6r\u00f6ks\u00e9g), a hires Yasil Baz\u00e1rt, \u00e9s a sz\u0151nyegm\u00fazeumot. L\u00e1togat\u00e1st tesz\u00fcnk Szurahanba, az Atasgah-t\u0171ztemplomhoz, eredetileg i.e. 1 sz\u00e1zadb\u00f3l. Utunkat Shekiben, a 2500 \u00e9ves v\u00e1rosban folytatjuk, az \u0151si kauk\u00e1zusi Szk\u00edtia k\u00f6zpontj\u00e1ban, itt a Sheki k\u00e1nok palot\u00e1j\u00e1t, a Dzs\u00fcma-mecsetet, a kauk\u00e1zusi alb\u00e1niai kereszt\u00e9ny vall\u00e1s templomait l\u00e1togatjuk meg, majd egy eredeti k\u00f6z\u00e9pkori karav\u00e1nszer\u00e1jban fogunk \u00e9jszak\u00e1zni. Utunk visszavisz az \u201e\u00d6rm\u00e9ny Sv\u00e1jcba\u201d, a Dilijan Nemzeti Parkba, ahol \u00a0Dilijan \u0151si v\u00e1rost, a nemzeti park k\u00f6zpontj\u00e1t l\u00e1togatjuk meg, majd Gyumriba utazunk, az orsz\u00e1g 2. legnagyobb v\u00e1ros\u00e1ba,az \u00f6rm\u00e9ny vall\u00e1si \u00e9p\u00edt\u00e9szet n\u00e9h\u00e1ny p\u00e9ld\u00e1j\u00e1val ismerked\u00fcnk meg illetve a Fekete er\u0151d\u00f6t tekintj\u00fck meg. Utunkat a T\u00f6r\u00f6k f\u0151v\u00e1rosban, Ankar\u00e1ban folytatjuk, ahol sz\u00e1mos t\u00f6rt\u00e9nelmi m\u0171eml\u00e9ket fedez\u00fcnk fel, \u00fagy mint az \u0151si r\u00f3mai, biz\u00e1nci \u00e9s oszm\u00e1n t\u00f6r\u00f6k st\u00edlus\u00fa \u00e9p\u00fcleteket, a keskeny, kanyarg\u00f3s utc\u00e1kat. Megtekintj\u00fck <a href=\"https:\/\/hu.wikipedia.org\/wiki\/Augustus_r%C3%B3mai_cs%C3%A1sz%C3%A1r\">Augustus<\/a>\u00a0cs\u00e1sz\u00e1r templom\u00e1t, az ankarai v\u00e1rat, a 13. \u00e9s 19. sz\u00e1zad k\u00f6z\u00f6tt \u00e9p\u00fclt\u00a0<a href=\"https:\/\/hu.wikipedia.org\/wiki\/Mecset\">mecset<\/a>eket,\u00a0 15. sz\u00e1zad elej\u00e9n \u00e9p\u00fclt Hac\u0131 Bayram mecsetet. Megl\u00e1togatjuk a T\u00f6r\u00f6korsz\u00e1g atyjak\u00e9nt elnevezett <a href=\"https:\/\/hu.wikipedia.org\/wiki\/Mustafa_Kemal_Atat%C3%BCrk\">Mustafa Kemal Atat\u00fcrk<\/a>, a\u00a0<a href=\"https:\/\/hu.wikipedia.org\/wiki\/T%C3%B6r%C3%B6k_K%C3%B6zt%C3%A1rsas%C3%A1g\">T\u00f6r\u00f6k K\u00f6zt\u00e1rsas\u00e1g<\/a>\u00a0alap\u00edt\u00f3j\u00e1nak, els\u0151 eln\u00f6k\u00e9nek \u00e9s legnagyobb reformer\u00e9nek\u00a0mauz\u00f3leum\u00e1t. Innen hazafele j\u00f6vet l\u00e1togat\u00e1st tesz\u00fcnk a Kelet kapuj\u00e1nak nevezett\u00a0Plovdiv, bolg\u00e1r t\u00f6rt\u00e9nelmi v\u00e1rosban, ahol tr\u00e1k, g\u00f6r\u00f6g, biz\u00e1nci \u00e9s r\u00f3mai m\u00faltra visszatekint\u0151 m\u0171eml\u00e9keket l\u00e1togatunk (r\u00f3mai sz\u00ednh\u00e1z, er\u0151d, dzs\u00e1mik stb.)<\/p>\n<p><span style=\"color: #ff0000;\"><strong>\u00c1r: 650 eur\u00f3<\/strong><\/span> (utaz\u00e1s, 9 sz\u00e1ll\u00e1s, 7 reggeli)<\/p>\n<p>Jelentkez\u00e9s legk\u00e9s\u0151bb janu\u00e1r 31-ig. A BSc I.\u2013II. \u00e9ves \u00e9s MSc II. \u00e9ves hallgat\u00f3k el\u0151nyt \u00e9lveznek, de BSc III. \u00e9ves \u00e9s MSc1 I. \u00e9ves hallgat\u00f3k is jelentkezhetnek az \u00fatra az \u00fcresen maradt helyek f\u00fcggv\u00e9ny\u00e9ben. A lev\u00e9lbeli jelentkez\u00e9st febru\u00e1r 1-ig 300 eur\u00f3 el\u0151leg befizet\u00e9s\u00e9vel kell meger\u0151s\u00edteni. K\u00f6telez\u0151 az \u00daTLEV\u00c9L \u00e9s az EG\u00c9SZS\u00c9G\u00dcGYI BIZTOS\u00cdT\u00c1S!<strong>\u00a0<\/strong><\/p>\n<p><a href=\"http:\/\/geografie.ubbcluj.ro\/pages\/magyarfoldrajz\/wp-content\/uploads\/2026\/01\/TOA1.jpg\"><img loading=\"lazy\" decoding=\"async\" class=\"aligncenter size-full wp-image-3034\" src=\"http:\/\/geografie.ubbcluj.ro\/pages\/magyarfoldrajz\/wp-content\/uploads\/2026\/01\/TOA1.jpg\" alt=\"\" width=\"800\" height=\"534\" srcset=\"https:\/\/geografie.ubbcluj.ro\/pages\/magyarfoldrajz\/wp-content\/uploads\/2026\/01\/TOA1.jpg 800w, https:\/\/geografie.ubbcluj.ro\/pages\/magyarfoldrajz\/wp-content\/uploads\/2026\/01\/TOA1-300x200.jpg 300w, https:\/\/geografie.ubbcluj.ro\/pages\/magyarfoldrajz\/wp-content\/uploads\/2026\/01\/TOA1-768x513.jpg 768w, https:\/\/geografie.ubbcluj.ro\/pages\/magyarfoldrajz\/wp-content\/uploads\/2026\/01\/TOA1-449x300.jpg 449w\" sizes=\"(max-width: 800px) 100vw, 800px\" \/><\/a> <a href=\"http:\/\/geografie.ubbcluj.ro\/pages\/magyarfoldrajz\/wp-content\/uploads\/2026\/01\/TOA2.jpg\"><img loading=\"lazy\" decoding=\"async\" class=\"aligncenter size-large wp-image-3035\" src=\"http:\/\/geografie.ubbcluj.ro\/pages\/magyarfoldrajz\/wp-content\/uploads\/2026\/01\/TOA2.jpg\" alt=\"\" width=\"640\" height=\"426\" srcset=\"https:\/\/geografie.ubbcluj.ro\/pages\/magyarfoldrajz\/wp-content\/uploads\/2026\/01\/TOA2.jpg 800w, https:\/\/geografie.ubbcluj.ro\/pages\/magyarfoldrajz\/wp-content\/uploads\/2026\/01\/TOA2-300x200.jpg 300w, https:\/\/geografie.ubbcluj.ro\/pages\/magyarfoldrajz\/wp-content\/uploads\/2026\/01\/TOA2-768x512.jpg 768w, https:\/\/geografie.ubbcluj.ro\/pages\/magyarfoldrajz\/wp-content\/uploads\/2026\/01\/TOA2-450x300.jpg 450w\" sizes=\"(max-width: 640px) 100vw, 640px\" \/><\/a> <a href=\"http:\/\/geografie.ubbcluj.ro\/pages\/magyarfoldrajz\/wp-content\/uploads\/2026\/01\/TOA3.jpg\"><img loading=\"lazy\" decoding=\"async\" class=\"aligncenter size-large wp-image-3036\" src=\"http:\/\/geografie.ubbcluj.ro\/pages\/magyarfoldrajz\/wp-content\/uploads\/2026\/01\/TOA3.jpg\" alt=\"\" width=\"640\" height=\"480\" srcset=\"https:\/\/geografie.ubbcluj.ro\/pages\/magyarfoldrajz\/wp-content\/uploads\/2026\/01\/TOA3.jpg 800w, https:\/\/geografie.ubbcluj.ro\/pages\/magyarfoldrajz\/wp-content\/uploads\/2026\/01\/TOA3-300x225.jpg 300w, https:\/\/geografie.ubbcluj.ro\/pages\/magyarfoldrajz\/wp-content\/uploads\/2026\/01\/TOA3-768x576.jpg 768w, https:\/\/geografie.ubbcluj.ro\/pages\/magyarfoldrajz\/wp-content\/uploads\/2026\/01\/TOA3-400x300.jpg 400w\" sizes=\"(max-width: 640px) 100vw, 640px\" \/><\/a> <a href=\"http:\/\/geografie.ubbcluj.ro\/pages\/magyarfoldrajz\/wp-content\/uploads\/2026\/01\/TOA4.jpg\"><img loading=\"lazy\" decoding=\"async\" class=\"aligncenter size-full wp-image-3037\" src=\"http:\/\/geografie.ubbcluj.ro\/pages\/magyarfoldrajz\/wp-content\/uploads\/2026\/01\/TOA4.jpg\" alt=\"\" width=\"800\" height=\"534\" srcset=\"https:\/\/geografie.ubbcluj.ro\/pages\/magyarfoldrajz\/wp-content\/uploads\/2026\/01\/TOA4.jpg 800w, https:\/\/geografie.ubbcluj.ro\/pages\/magyarfoldrajz\/wp-content\/uploads\/2026\/01\/TOA4-300x200.jpg 300w, https:\/\/geografie.ubbcluj.ro\/pages\/magyarfoldrajz\/wp-content\/uploads\/2026\/01\/TOA4-768x513.jpg 768w, https:\/\/geografie.ubbcluj.ro\/pages\/magyarfoldrajz\/wp-content\/uploads\/2026\/01\/TOA4-449x300.jpg 449w\" sizes=\"(max-width: 800px) 100vw, 800px\" \/><\/a><\/p>\n\n\n<p><\/p>\n\n\n<p><span style=\"color: #993300;\"><strong>N\u00e9v: Szlov\u00e9nia \u00e9s Ausztria<\/strong><\/span><\/p>\n<p><strong>Helyek sz\u00e1ma<\/strong>: 60 f\u0151 (BSc, MSc)<\/p>\n<p><strong>Id\u0151<\/strong>: 7 nap, 2026. \u00e1prilis 28 \u2013 m\u00e1jus 4.<\/p>\n<p><strong>Jelentkez\u00e9s<\/strong>: M\u00e1th\u00e9 Andr\u00e1s (<a href=\"mailto:matheandras@yahoo.com\">matheandras@yahoo.com<\/a>)<\/p>\n<p><strong>Tant\u00e1rgy \/ t\u00e9ma:<\/strong> \u00c9p\u00edt\u00e9szet, Kult\u00fara \u00e9s civiliz\u00e1ci\u00f3, Szolg\u00e1ltat\u00e1sok, Kultur\u00e1lis turizmus, Etnokultur\u00e1lis \u00f6vezetek turisztikai \u00e9rt\u00e9kes\u00edt\u00e9se, Hegyvid\u00e9ki turizmus.<\/p>\n<p>Tanulm\u00e1nyi k\u00f6vetelm\u00e9ny: sz\u00f3beli vizsga az \u00fat alatt, idegenvezet\u00e9si gyakorlatok<\/p>\n<p><span style=\"color: #993300;\"><strong>Szervez\u0151: M\u00e1th\u00e9 Andr\u00e1s<\/strong><\/span><\/p>\n<p>Terepgyakorlatunk n\u00e9gy orsz\u00e1g ter\u00fclet\u00e9t \u00e9rinti, Horv\u00e1torsz\u00e1g, Szlov\u00e9nia, Ausztria \u00e9s Magyarorsz\u00e1g sz\u00e1mos term\u00e9szetes \u00e9s antropikus l\u00e1tnival\u00f3ib\u00f3l fogunk n\u00e9h\u00e1nyat megcsod\u00e1lni. Utunkat Karlovac v\u00e1ros\u00e1val kezdj\u00fck, ahol a XVI. sz\u00e1zadban \u00e9p\u00fclt hatsz\u00f6glet\u0171 Karlovac-i v\u00e1rat n\u00e9zz\u00fck meg, alapja annyira egyedi, hogy csup\u00e1n kett\u0151 ilyen alap\u00fa er\u0151d tal\u00e1lhat\u00f3 m\u00e9g Eur\u00f3p\u00e1ban. A k\u00f6zeli Dubovac v\u00e1r\u00e1nak megl\u00e1togat\u00e1s\u00e1val folytatjuk, mely egy g\u00f3tikus elemekkel d\u00edsz\u00edtett renesz\u00e1nsz v\u00e1r a k\u00f6z\u00e9pkori horv\u00e1t \u00e9p\u00edt\u00e9szet egyik legszebb p\u00e9ld\u00e1ja. A Kupa foly\u00f3 felett tal\u00e1lhat\u00f3, a XIII. sz\u00e1zadban \u00e9p\u00fclt. tulajdonosai a Frangep\u00e1n \u00e9s a Zr\u00ednyi csal\u00e1dok voltak. A k\u00f6zelben l\u00e9v\u0151 Ozalj v\u00e1r\u00e1t is megl\u00e1togatjuk, mely szint\u00e9n a Kupa foly\u00f3 f\u00f6l\u00e9 magasodik \u00e9s tulajdonosai ugyancsak a Frangep\u00e1n \u00e9s Zr\u00ednyi csal\u00e1dok voltak, ez ut\u00f3bbinak \u0151si f\u00e9szke Ozalj v\u00e1ros\u00e1ban volt. A v\u00e1rban ma a v\u00e1rosi m\u00fazeum m\u0171k\u00f6dik gazdag r\u00e9g\u00e9szeti, kult\u00fart\u00f6rt\u00e9neti \u00e9s n\u00e9prajzi gy\u0171jtem\u00e9nnyel. Innen a Szlov\u00e9n karszt vid\u00e9k\u00e9re \u00e9rkez\u00fcnk, bej\u00e1rjuk a Skocjan barlangot, mely Szlov\u00e9nia egyik legimpoz\u00e1nsabb term\u00e9szeti kincse \u00e9s az UNESCO Vil\u00e1g\u00f6r\u00f6ks\u00e9gi list\u00e1j\u00e1n szerepel. Itt tal\u00e1lhat\u00f3 Eur\u00f3pa egyik legnagyobb f\u00f6ldalatti denev\u00e9rkol\u00f3ni\u00e1ja. Utunk Fels\u0151 Ausztri\u00e1ban folytat\u00f3dik, Salzburg t\u00e9rs\u00e9g\u00e9be, Salzburg tekinthet\u0151 a mai Ausztria legr\u00e9gibb v\u00e1ros\u00e1nak, ahol sz\u00e1mos nevezetes objektumot keres\u00fcnk fel (Mirabell kast\u00e9ly \u00e9s kretek, Mozart sz\u00fcl\u0151h\u00e1za, Hohensalzburg v\u00e1ra). Inne a \u201clegszebb,, osztr\u00e1k falunak bec\u00e9zett Hallstattba l\u00e1togatunk. R\u00f3la nevezt\u00e9k el a vaskori prekelta hallstatti kult\u00far\u00e1t, amely m\u00e1r kiakn\u00e1zta a k\u00f6zeli hegyen tal\u00e1lhat\u00f3 s\u00f3b\u00e1ny\u00e1t. A fest\u0151i fekv\u00e9s\u0171 kisv\u00e1ros ma szinte teljesen a turizmusb\u00f3l \u00e9l \u00e9s r\u00e9sze a vil\u00e1g\u00f6r\u00f6ks\u00e9ghez tartoz\u00f3 Hallstatt\u2013dachsteini kult\u00fart\u00e1jnak. A k\u00f6vetkez\u0151 napon a t\u00far\u00e1zni fogunk a Schafberg hegyre, (1782 m) mely h\u00e1rom nagy t\u00f3, a Wolgangsee, a Mondsee \u00e9s az Attersee k\u00f6z\u00f6tt tornyosul. Salzkammergut egyik legismertebb hegycs\u00facsa a Schafberg, itt Ausztria legmeredekebb p\u00e1ly\u00e1j\u00fa fogaskerek\u0171 g\u0151zvas\u00fatja 1893 \u00f3ta sz\u00e1ll\u00edtja az utasokat a t\u00f3parti St. Wolfgang telep\u00fcl\u00e9sr\u0151l a Schafberg hegy cs\u00facs\u00e1ra, mely \u00edg\u00e9retes panor\u00e1m\u00e1t k\u00edn\u00e1l. Ezzel a korabeli g\u0151z\u00f6ssel fogunk mi is a magasba t\u00f6rni, majd gyalogosan fogunk visszat\u00e9rni Sankt Wolfgang t\u00f3parti t\u00f6rt\u00e9nelmi v\u00e1ros\u00e1ba. Utunk B\u00e9csbe visz, a cs\u00e1sz\u00e1ri f\u0151v\u00e1rosba, ahol a v\u00e1ros legjellegzeteebb turisztikai l\u00e1tnival\u00f3it fogjuk megismerni (Szent Istv\u00e1n sz\u00e9kesegyh\u00e1z, Pr\u00e1ter, Spanyol lovasiskola, Sch\u00f6nbrunn, Hofburg stb.) Innen Holl\u00f3k\u0151re visz az utunk, Magyarorsz\u00e1g egyetlen olyan faluj\u00e1ba l\u00e1togatunk, amely szerepel az UNESCO vil\u00e1g\u00f6r\u00f6ks\u00e9g list\u00e1j\u00e1n , A faluban l\u00e9v\u0151 58 h\u00e1z k\u00f6z\u00fcl t\u00f6bb m\u00fazeumk\u00e9nt funkci\u00f3n\u00e1l (babam\u00fazeum vagy b\u00e1bm\u00fazeum, falum\u00fazeum \u00e9s postam\u00fazeum) Megl\u00e1togatjuk a XIII sz\u00e1zadi Holl\u00f3k\u0151 v\u00e1r\u00e1t is. Ut\u00f3ls\u00f3 \u00e1llom\u00e1sunk Budapest lesz ahol felfedezz\u00fck a legjelent\u0151sebb turisztikai l\u00e1tnival\u00f3kat (V\u00e1rnegyed, Szent Istv\u00e1n bazilika, M\u00e1ty\u00e1s templom, H\u0151s\u00f6k tere)stb.<\/p>\n<p><strong><span style=\"color: #ff0000;\">\u00c1r: 350 eur\u00f3<\/span><\/strong> (busz, 4 sz\u00e1ll\u00e1s reggelivel)<\/p>\n<p>Jelentkez\u00e9s legk\u00e9s\u0151bb janu\u00e1r 31-ig. A BSc I.\u2013II. \u00e9ves \u00e9s MSc II. \u00e9ves hallgat\u00f3k el\u0151nyt \u00e9lveznek, de BSc III. \u00e9ves \u00e9s MSc1 I. \u00e9ves hallgat\u00f3k is jelentkezhetnek az \u00fatra az \u00fcresen maradt helyek f\u00fcggv\u00e9ny\u00e9ben. A lev\u00e9lbeli jelentkez\u00e9st febru\u00e1r 1-ig 200 eur\u00f3 el\u0151leg befizet\u00e9s\u00e9vel kell meger\u0151s\u00edteni.<\/p>\n<p><a href=\"http:\/\/geografie.ubbcluj.ro\/pages\/magyarfoldrajz\/wp-content\/uploads\/2026\/01\/HSZAM1.jpg\"><img loading=\"lazy\" decoding=\"async\" class=\"aligncenter size-full wp-image-3040\" src=\"http:\/\/geografie.ubbcluj.ro\/pages\/magyarfoldrajz\/wp-content\/uploads\/2026\/01\/HSZAM1.jpg\" alt=\"\" width=\"800\" height=\"400\" srcset=\"https:\/\/geografie.ubbcluj.ro\/pages\/magyarfoldrajz\/wp-content\/uploads\/2026\/01\/HSZAM1.jpg 800w, https:\/\/geografie.ubbcluj.ro\/pages\/magyarfoldrajz\/wp-content\/uploads\/2026\/01\/HSZAM1-300x150.jpg 300w, https:\/\/geografie.ubbcluj.ro\/pages\/magyarfoldrajz\/wp-content\/uploads\/2026\/01\/HSZAM1-768x384.jpg 768w, https:\/\/geografie.ubbcluj.ro\/pages\/magyarfoldrajz\/wp-content\/uploads\/2026\/01\/HSZAM1-500x250.jpg 500w\" sizes=\"(max-width: 800px) 100vw, 800px\" \/><\/a> <a href=\"http:\/\/geografie.ubbcluj.ro\/pages\/magyarfoldrajz\/wp-content\/uploads\/2026\/01\/HSZAM2.jpg\"><img loading=\"lazy\" decoding=\"async\" class=\"aligncenter size-large wp-image-3041\" src=\"http:\/\/geografie.ubbcluj.ro\/pages\/magyarfoldrajz\/wp-content\/uploads\/2026\/01\/HSZAM2.jpg\" alt=\"\" width=\"450\" height=\"800\" srcset=\"https:\/\/geografie.ubbcluj.ro\/pages\/magyarfoldrajz\/wp-content\/uploads\/2026\/01\/HSZAM2.jpg 450w, https:\/\/geografie.ubbcluj.ro\/pages\/magyarfoldrajz\/wp-content\/uploads\/2026\/01\/HSZAM2-169x300.jpg 169w\" sizes=\"(max-width: 450px) 100vw, 450px\" \/><\/a> <a href=\"http:\/\/geografie.ubbcluj.ro\/pages\/magyarfoldrajz\/wp-content\/uploads\/2026\/01\/HSZAM3.jpg\"><img loading=\"lazy\" decoding=\"async\" class=\"aligncenter size-large wp-image-3042\" src=\"http:\/\/geografie.ubbcluj.ro\/pages\/magyarfoldrajz\/wp-content\/uploads\/2026\/01\/HSZAM3.jpg\" alt=\"\" width=\"640\" height=\"640\" srcset=\"https:\/\/geografie.ubbcluj.ro\/pages\/magyarfoldrajz\/wp-content\/uploads\/2026\/01\/HSZAM3.jpg 800w, https:\/\/geografie.ubbcluj.ro\/pages\/magyarfoldrajz\/wp-content\/uploads\/2026\/01\/HSZAM3-300x300.jpg 300w, https:\/\/geografie.ubbcluj.ro\/pages\/magyarfoldrajz\/wp-content\/uploads\/2026\/01\/HSZAM3-150x150.jpg 150w, https:\/\/geografie.ubbcluj.ro\/pages\/magyarfoldrajz\/wp-content\/uploads\/2026\/01\/HSZAM3-768x768.jpg 768w\" sizes=\"(max-width: 640px) 100vw, 640px\" \/><\/a> <a href=\"http:\/\/geografie.ubbcluj.ro\/pages\/magyarfoldrajz\/wp-content\/uploads\/2026\/01\/HSZAM4.jpg\"><img loading=\"lazy\" decoding=\"async\" class=\"aligncenter size-large wp-image-3043\" src=\"http:\/\/geografie.ubbcluj.ro\/pages\/magyarfoldrajz\/wp-content\/uploads\/2026\/01\/HSZAM4.jpg\" alt=\"\" width=\"640\" height=\"425\" srcset=\"https:\/\/geografie.ubbcluj.ro\/pages\/magyarfoldrajz\/wp-content\/uploads\/2026\/01\/HSZAM4.jpg 800w, https:\/\/geografie.ubbcluj.ro\/pages\/magyarfoldrajz\/wp-content\/uploads\/2026\/01\/HSZAM4-300x199.jpg 300w, https:\/\/geografie.ubbcluj.ro\/pages\/magyarfoldrajz\/wp-content\/uploads\/2026\/01\/HSZAM4-768x510.jpg 768w, https:\/\/geografie.ubbcluj.ro\/pages\/magyarfoldrajz\/wp-content\/uploads\/2026\/01\/HSZAM4-452x300.jpg 452w\" sizes=\"(max-width: 640px) 100vw, 640px\" \/><\/a><\/p>\n<p><span style=\"color: #993300;\"><strong>N\u00e9v: Lengyelorsz\u00e1g \u00e9s Litv\u00e1nia<\/strong><\/span><\/p>\n<p><strong>Helyek sz\u00e1ma:<\/strong> 51 f\u0151 (BSc, MSc, volt hallgat\u00f3k)<\/p>\n<p><strong>Id\u0151:<\/strong> 8 nap, 2026. j\u00falius 21\u201328.<\/p>\n<p><strong>Jelentkez\u00e9s:<\/strong> Bartos-Elekes Zsombor (<span style=\"color: #0000ff;\"><u>zsombor.bartos@ubbcluj.ro<\/u><\/span>)<\/p>\n<p><strong>Tant\u00e1rgy \/ t\u00e9ma:<\/strong> Nemzetk\u00f6zi turizmus, Eur\u00f3pa f\u00f6ldrajza.<\/p>\n<p><strong>Tanulm\u00e1nyi k\u00f6vetelm\u00e9ny:<\/strong> r\u00f6vid teszt a kiadott anyagb\u00f3l az \u00fat el\u0151tt.<\/p>\n<p><span style=\"color: #993300;\"><strong>Szervez\u0151: Bartos-Elekes Zsombor, Nemerk\u00e9nyi Zsombor<\/strong><\/span><\/p>\n<p>Tanulm\u00e1nyi kir\u00e1ndul\u00e1sunk sor\u00e1n a Balti-tenger t\u00e9rs\u00e9g\u00e9be utazunk, a t\u00e1g \u00e9rtelemben vett Baltikumba. Lengyelorsz\u00e1g \u00e9szaki fel\u00e9t \u00e9s a k\u00f6znapi \u00e9rtelemben vett Baltikumhoz tartoz\u00f3 Litv\u00e1ni\u00e1t j\u00e1rjuk v\u00e9gig: egy mozaikos \u00fctk\u00f6z\u0151\u00f6vezetet K\u00f6z\u00e9p-, \u00c9szak-, s\u0151t valamelyest Kelet-Eur\u00f3pa hat\u00e1rmezsgy\u00e9j\u00e9n.<\/p>\n<p>A t\u00e1j \u2013 az egyre t\u00f6bb erd\u0151vel \u00e9s a tavakkal \u2013 m\u00e1r \u00c9szak-Eur\u00f3p\u00e1t id\u00e9zi, a tajga \u00e9s a skandin\u00e1v t\u00f3vid\u00e9kek el\u0151zetese. A glaci\u00e1lis form\u00e1kban \u00e9s turistacsalogat\u00f3 tavakban gazdag <em>Mazuri-t\u00f3h\u00e1ts\u00e1g<\/em> t\u00e9rs\u00e9g\u00e9ben egym\u00e1sba fon\u00f3dik az ezernyi t\u00f3 a j\u00e9gkorszaki mor\u00e9na-dombok k\u00f6z\u00f6tt, a lombhullat\u00f3 erd\u0151 elegyedik a feny\u0151vel, ahol kajakozni \u00e9s s\u00e9tahaj\u00f3zni lesz lehet\u0151s\u00e9g\u00fcnk; s\u0151t egy egyed\u00fcl\u00e1ll\u00f3 technikai megold\u00e1s r\u00e9v\u00e9n tavak \u00e9s csatorn\u00e1k k\u00f6z\u00f6tti lejt\u0151n vontatott haj\u00f3t is megfigyelni (<em>Ostr\u00f3da\u2013Elbl\u0105g-csatorna<\/em>). A Balti-tenger partja homokturz\u00e1sokkal van teli, itt t\u00far\u00e1zunk a hatalmas, v\u00e1ndorl\u00f3 homokd\u0171n\u00e9ken (<em>S\u0142owi\u0144ski NP<\/em>), a homokos tengerparton f\u00fcr\u00f6dhet\u00fcnk.<\/p>\n<p>A tengerparti r\u00e9sz ura a k\u00f6z\u00e9pkorban, \u00e9vsz\u00e1zadokon \u00e1t a N\u00e9met Lovagrend volt. A keresztes lovagok nagymester\u00e9nek sz\u00e9khelye, <em>Malbork<\/em> v\u00e1ra a t\u00e9glag\u00f3tika kiemelt l\u00e1tnival\u00f3ja. <em>Gda\u0144sk<\/em> Eur\u00f3pa egyik legl\u00e1tv\u00e1nyosabb Hanza-v\u00e1rosa, n\u00e9met keresked\u0151k vir\u00e1goztatt\u00e1k fel, a k\u00e9t vil\u00e1gh\u00e1bor\u00fa k\u00f6z\u00f6tt a lengyel korridor melletti v\u00e1ros\u00e1llamk\u00e9nt m\u0171k\u00f6d\u00f6tt, itt kezd\u0151d\u00f6tt a II. vil\u00e1gh\u00e1bor\u00fa \u00e9s haj\u00f3gy\u00e1ra r\u00e9v\u00e9n innen indult el a kelet-eur\u00f3pai rendszerv\u00e1lt\u00e1s is. Az egykor n\u00e9met lakoss\u00e1g\u00fa falvak porosz n\u00e9pi \u00e9p\u00edt\u00e9szet\u00e9t a <em>Kluki<\/em> skanzen gerendav\u00e1zas h\u00e1zai \u0151rzik.<em> Toru\u0144 <\/em><em>Kopernikusz sz\u00fcl\u0151helye, k\u00f6z\u00e9pkori egyetemi v\u00e1ros, gy\u00f6ny\u00f6r\u0171en \u00e9pen maradt \u00f3v\u00e1rossal. Frombork <\/em><em>ma m\u00e1r kis faluv\u00e1 t\u00f6p\u00f6r\u00f6d\u00f6tt, de sz\u00e9kesegyh\u00e1za (Kopernikusz s\u00edrj\u00e1val) jelzi egykori rangj\u00e1t. Ugyanez id\u0151 alatt a bels\u0151 ter\u00fcleteken Lengyelorsz\u00e1g \u00e9s Litv\u00e1nia ter\u00fclt el, amelyek a k\u00f6z\u00e9pkor v\u00e9g\u00e9re egyes\u00fcltek, \u00e9s a kora \u00fajkorban Eur\u00f3pa szinte legnagyobb \u00e1llam\u00e1v\u00e1 n\u0151ttek, majd jelent\u0151s r\u00e9sz\u00fck <\/em>beolvadt az Orosz Birodalomba, s\u0151t Litv\u00e1nia eset\u00e9ben szovjet \u00e9vtizedek is k\u00f6vetkeztek. <em>Vars\u00f3<\/em> sz\u00e9l\u00e9n a \u201elengyel Versailles\u201d, a barokk Wilan\u00f3w-palota tal\u00e1lhat\u00f3; \u00f3v\u00e1ros\u00e1t a II. vil\u00e1gh\u00e1bor\u00fa puszt\u00edt\u00e1sai ut\u00e1n, szinte a semmib\u0151l mintaszer\u0171en \u00e1ll\u00edtott\u00e1k helyre; a k\u00f6zelm\u00faltban az EU egyik legnagyobb felh\u0151karcol\u00f3 negyed\u00e9t h\u00fazt\u00e1k fel. <em>Vilnius<\/em> egyetem\u00e9t (ak\u00e1rcsak Kolozsv\u00e1r\u00e9t) B\u00e1thori Istv\u00e1n alap\u00edtotta, k\u00f6z\u00e9pkori \u00f3v\u00e1ros\u00e1nak sz\u0171k utc\u00e1i a k\u00fclv\u00e1rosok szovjet lak\u00f3telepeivel fesz\u00fcl egym\u00e1snak.<\/p>\n<p>Sz\u00e1ll\u00e1sok jellege: hosztel, apartman\/sz\u00e1lloda.<\/p>\n<p><strong><span style=\"color: #ff0000;\">\u00c1r: 400 eur\u00f3<\/span><\/strong> (busz, 6 sz\u00e1ll\u00e1s, 2 reggeli).<\/p>\n<p>Jelentkez\u00e9s: jelentkez\u00e9si sz\u00e1nd\u00e9k\u00e1t b\u00e1rki lev\u00e9lben jelezze janu\u00e1r 14 \u00e9s 31 k\u00f6z\u00f6tt. Amennyiben ez id\u0151szak alatt a terepk\u00f6teles hallgat\u00f3k (BSc1, BSc2 \u00e9s MSc2) t\u00f6bben jelentkeznek a helyek sz\u00e1m\u00e1n\u00e1l, k\u00f6zt\u00fck a sorrendet nem a lev\u00e9l id\u0151pontja, hanem egy kiadott anyagb\u00f3l \u00edrt r\u00f6vid felv\u00e9teli teszt eredm\u00e9nye hat\u00e1rozza meg, amely egy\u00fattal a tant\u00e1rgy vizsg\u00e1ja is. Amennyiben kevesebben, a terepk\u00f6teles hallgat\u00f3k mellett a marad\u00e9k helyekre BSc3, MSc1 hallgat\u00f3k vagy ak\u00e1r kor\u00e1bbi di\u00e1kok is bejuthatnak, k\u00f6zt\u00fck a sorrendet a lev\u00e9l id\u0151pontja hat\u00e1rozza meg. Kifizet\u00e9si r\u00e9szletek: m\u00e1rcius elej\u00e9n (150 eur\u00f3), m\u00e1jusban (250 eur\u00f3).<\/p>\n<div id=\"attachment_3046\" style=\"width: 810px\" class=\"wp-caption aligncenter\"><a href=\"http:\/\/geografie.ubbcluj.ro\/pages\/magyarfoldrajz\/wp-content\/uploads\/2026\/01\/LL1.jpg\"><img loading=\"lazy\" decoding=\"async\" aria-describedby=\"caption-attachment-3046\" class=\"size-full wp-image-3046\" src=\"http:\/\/geografie.ubbcluj.ro\/pages\/magyarfoldrajz\/wp-content\/uploads\/2026\/01\/LL1.jpg\" alt=\"\" width=\"800\" height=\"500\" srcset=\"https:\/\/geografie.ubbcluj.ro\/pages\/magyarfoldrajz\/wp-content\/uploads\/2026\/01\/LL1.jpg 800w, https:\/\/geografie.ubbcluj.ro\/pages\/magyarfoldrajz\/wp-content\/uploads\/2026\/01\/LL1-300x188.jpg 300w, https:\/\/geografie.ubbcluj.ro\/pages\/magyarfoldrajz\/wp-content\/uploads\/2026\/01\/LL1-768x480.jpg 768w, https:\/\/geografie.ubbcluj.ro\/pages\/magyarfoldrajz\/wp-content\/uploads\/2026\/01\/LL1-480x300.jpg 480w\" sizes=\"(max-width: 800px) 100vw, 800px\" \/><\/a><p id=\"caption-attachment-3046\" class=\"wp-caption-text\">Aerial view of Masuria, the land of a thousand lakes<\/p><\/div>\n<p><a href=\"http:\/\/geografie.ubbcluj.ro\/pages\/magyarfoldrajz\/wp-content\/uploads\/2026\/01\/LL2.jpg\"><img loading=\"lazy\" decoding=\"async\" class=\"aligncenter size-large wp-image-3047\" src=\"http:\/\/geografie.ubbcluj.ro\/pages\/magyarfoldrajz\/wp-content\/uploads\/2026\/01\/LL2.jpg\" alt=\"\" width=\"640\" height=\"400\" srcset=\"https:\/\/geografie.ubbcluj.ro\/pages\/magyarfoldrajz\/wp-content\/uploads\/2026\/01\/LL2.jpg 800w, https:\/\/geografie.ubbcluj.ro\/pages\/magyarfoldrajz\/wp-content\/uploads\/2026\/01\/LL2-300x188.jpg 300w, https:\/\/geografie.ubbcluj.ro\/pages\/magyarfoldrajz\/wp-content\/uploads\/2026\/01\/LL2-768x480.jpg 768w, https:\/\/geografie.ubbcluj.ro\/pages\/magyarfoldrajz\/wp-content\/uploads\/2026\/01\/LL2-480x300.jpg 480w\" sizes=\"(max-width: 640px) 100vw, 640px\" \/><\/a> <a href=\"http:\/\/geografie.ubbcluj.ro\/pages\/magyarfoldrajz\/wp-content\/uploads\/2026\/01\/LL3.jpg\"><img loading=\"lazy\" decoding=\"async\" class=\"aligncenter size-large wp-image-3048\" src=\"http:\/\/geografie.ubbcluj.ro\/pages\/magyarfoldrajz\/wp-content\/uploads\/2026\/01\/LL3.jpg\" alt=\"\" width=\"640\" height=\"400\" srcset=\"https:\/\/geografie.ubbcluj.ro\/pages\/magyarfoldrajz\/wp-content\/uploads\/2026\/01\/LL3.jpg 800w, https:\/\/geografie.ubbcluj.ro\/pages\/magyarfoldrajz\/wp-content\/uploads\/2026\/01\/LL3-300x188.jpg 300w, https:\/\/geografie.ubbcluj.ro\/pages\/magyarfoldrajz\/wp-content\/uploads\/2026\/01\/LL3-768x480.jpg 768w, https:\/\/geografie.ubbcluj.ro\/pages\/magyarfoldrajz\/wp-content\/uploads\/2026\/01\/LL3-480x300.jpg 480w\" sizes=\"(max-width: 640px) 100vw, 640px\" \/><\/a> <a href=\"http:\/\/geografie.ubbcluj.ro\/pages\/magyarfoldrajz\/wp-content\/uploads\/2026\/01\/LL4.jpg\"><img loading=\"lazy\" decoding=\"async\" class=\"aligncenter size-large wp-image-3049\" src=\"http:\/\/geografie.ubbcluj.ro\/pages\/magyarfoldrajz\/wp-content\/uploads\/2026\/01\/LL4.jpg\" alt=\"\" width=\"640\" height=\"400\" srcset=\"https:\/\/geografie.ubbcluj.ro\/pages\/magyarfoldrajz\/wp-content\/uploads\/2026\/01\/LL4.jpg 800w, https:\/\/geografie.ubbcluj.ro\/pages\/magyarfoldrajz\/wp-content\/uploads\/2026\/01\/LL4-300x188.jpg 300w, https:\/\/geografie.ubbcluj.ro\/pages\/magyarfoldrajz\/wp-content\/uploads\/2026\/01\/LL4-768x480.jpg 768w, https:\/\/geografie.ubbcluj.ro\/pages\/magyarfoldrajz\/wp-content\/uploads\/2026\/01\/LL4-480x300.jpg 480w\" sizes=\"(max-width: 640px) 100vw, 640px\" \/><\/a><\/p>\n<p><span style=\"color: #993300;\"><strong>N\u00e9v: Kolozsv\u00e1r \u00e9s k\u00f6rny\u00e9ke<\/strong><\/span><\/p>\n<p><strong>Helyek sz\u00e1ma:<\/strong> X f\u0151 (BSc1\u20132, MSc2)<\/p>\n<p><strong>Id\u0151:<\/strong> 4 nap, 2026. tavasz\u00e1n, kb. p\u00e9ntekenk\u00e9nt\/szombatonk\u00e9nt?<\/p>\n<p><strong>Jelentkez\u00e9s:<\/strong> Bartos-Elekes Zsombor (<span style=\"color: #0000ff;\"><u>zsombor.bartos@ubbcluj.ro<\/u><\/span>)<\/p>\n<p><strong>Tant\u00e1rgy \/ t\u00e9ma:<\/strong> term\u00e9szet- \u00e9s t\u00e1rsadalomf\u00f6ldrajz<\/p>\n<p><strong>Tanulm\u00e1nyi k\u00f6vetelm\u00e9ny:<\/strong> r\u00e9szv\u00e9tel.<\/p>\n<p><strong>N\u00e9gy, egynapos tev\u00e9kenys\u00e9g Kolozsv\u00e1r k\u00f6rny\u00e9k\u00e9n az al\u00e1bbiak k\u00f6z\u00fcl:<\/strong><\/p>\n<ul>\n<li>Kolozs. Hidrol\u00f3gia, s\u00f3s tavak, f\u00fcrd\u00e9s. Megk\u00f6zel\u00edt\u00e9s busszal. Szervez\u0151: Czellecz Bogl\u00e1rka.<\/li>\n<li>S\u00e1rk\u00e1nyok kertje \u00e9s Porolissum. Term\u00e9szetf\u00f6ldrajz. Megk\u00f6zel\u00edt\u00e9s egyetemi busszal vagy saj\u00e1t aut\u00f3kkal. Szervez\u0151: G\u00e1l Andrea.<\/li>\n<li>Kolozsv\u00e1r. V\u00e1rostervez\u00e9s, v\u00e1rosrendez\u00e9s (SOS Parcul Est). Szervez\u0151: Havadi X\u00e9nia.<\/li>\n<li>Torock\u00f3. Vid\u00e9kfejleszt\u00e9s, vid\u00e9ki turizmus stb. Megk\u00f6zel\u00edt\u00e9s saj\u00e1t g\u00e9pkocsival. Szervez\u0151: Havadi X\u00e9nia.<\/li>\n<li>V\u00e1lasz\u00fat. Vid\u00e9kfejleszt\u00e9s, vid\u00e9ki turizmus (B\u00e1nffy-kast\u00e9ly, Kall\u00f3s Alap\u00edtv\u00e1ny, K\u00e9k Lepke Egyes\u00fclet stb.). Megk\u00f6zel\u00edt\u00e9s vonattal. Szervez\u0151: Havadi X\u00e9nia.<\/li>\n<li>Kolozsv\u00e1r. M\u00fazeuml\u00e1togat\u00e1s. Szervez\u0151: Kov\u00e1cs Csaba.<\/li>\n<li>Sz\u00e1szfenes. V\u00e1ros\u00e9p\u00edt\u00e9szet, v\u00e1rosi k\u00f6zleked\u00e9s, stb. Megk\u00f6zel\u00edt\u00e9s t\u00f6megk\u00f6zleked\u00e9ssel. Szervez\u0151: M\u00e1th\u00e9 Csongor<\/li>\n<li>Kolozsv\u00e1r. T\u00f6rt\u00e9neti f\u00f6ldrajz, stb. Szervez\u0151: Nagy Egon<\/li>\n<\/ul>\n<p>A megk\u00f6zel\u00edt\u00e9s \u00e9s a bel\u00e9p\u0151k k\u00f6lts\u00e9geit a r\u00e9szvev\u0151k maguk fedezik.<\/p>\n<p>Jelentkez\u00e9s II. 12-ig.<\/p>\n<p><span style=\"color: #993300;\"><strong>N\u00e9v: Gyakorlat<\/strong><\/span><\/p>\n<p><strong>Helyek sz\u00e1ma:<\/strong> X f\u0151 (csak MSc2!)<\/p>\n<p><strong>Jelentkez\u00e9s:<\/strong> M\u00e1th\u00e9 Andr\u00e1s (<a href=\"mailto:matheandras@yahoo.com\">matheandras@yahoo.com<\/a>)<\/p>\n<p>Gyakorlatoz\u00e1s partner c\u00e9gekn\u00e9l. Tov\u00e1bbi r\u00e9szletek a szervez\u0151t\u0151l. Jelentkez\u00e9s II. 12.-ig.<\/p>\n\n\n<p><\/p>\n","protected":false},"excerpt":{"rendered":"<p>N\u00e9v: T\u00f6r\u00f6korsz\u00e1g, \u00d6rm\u00e9nyorsz\u00e1g \u00e9s Azerbajdzs\u00e1n Helyek sz\u00e1ma: 60 f\u0151 (BSc, MSc) Id\u0151: 11 nap, 2026. \u00e1prilis 8\u201318. Jelentkez\u00e9s: M\u00e1th\u00e9 Andr\u00e1s (matheandras@yahoo.com) Tant\u00e1rgy \/ t\u00e9ma: \u00c9p\u00edt\u00e9szet, Kult\u00fara \u00e9s civiliz\u00e1ci\u00f3, Szolg\u00e1ltat\u00e1sok, Kultur\u00e1lis turizmus, Etnokultur\u00e1lis \u00f6vezetek turisztikai \u00e9rt\u00e9kes\u00edt\u00e9se, Hegyvid\u00e9ki turizmus. Tanulm\u00e1nyi k\u00f6vetelm\u00e9ny: sz\u00f3beli &hellip; <a class=\"more-link\" href=\"https:\/\/geografie.ubbcluj.ro\/pages\/magyarfoldrajz\/?page_id=3033\">Continue reading <span class=\"meta-nav\">&rarr;<\/span><\/a><\/p>\n","protected":false},"author":2,"featured_media":0,"parent":0,"menu_order":0,"comment_status":"closed","ping_status":"closed","template":"","meta":{"footnotes":""},"_links":{"self":[{"href":"https:\/\/geografie.ubbcluj.ro\/pages\/magyarfoldrajz\/index.php?rest_route=\/wp\/v2\/pages\/3033"}],"collection":[{"href":"https:\/\/geografie.ubbcluj.ro\/pages\/magyarfoldrajz\/index.php?rest_route=\/wp\/v2\/pages"}],"about":[{"href":"https:\/\/geografie.ubbcluj.ro\/pages\/magyarfoldrajz\/index.php?rest_route=\/wp\/v2\/types\/page"}],"author":[{"embeddable":true,"href":"https:\/\/geografie.ubbcluj.ro\/pages\/magyarfoldrajz\/index.php?rest_route=\/wp\/v2\/users\/2"}],"replies":[{"embeddable":true,"href":"https:\/\/geografie.ubbcluj.ro\/pages\/magyarfoldrajz\/index.php?rest_route=%2Fwp%2Fv2%2Fcomments&post=3033"}],"version-history":[{"count":5,"href":"https:\/\/geografie.ubbcluj.ro\/pages\/magyarfoldrajz\/index.php?rest_route=\/wp\/v2\/pages\/3033\/revisions"}],"predecessor-version":[{"id":3060,"href":"https:\/\/geografie.ubbcluj.ro\/pages\/magyarfoldrajz\/index.php?rest_route=\/wp\/v2\/pages\/3033\/revisions\/3060"}],"wp:attachment":[{"href":"https:\/\/geografie.ubbcluj.ro\/pages\/magyarfoldrajz\/index.php?rest_route=%2Fwp%2Fv2%2Fmedia&parent=3033"}],"curies":[{"name":"wp","href":"https:\/\/api.w.org\/{rel}","templated":true}]}}