{"id":2752,"date":"2022-12-18T10:38:58","date_gmt":"2022-12-18T10:38:58","guid":{"rendered":"http:\/\/geografie.ubbcluj.ro\/pages\/magyarfoldrajz\/?page_id=2752"},"modified":"2023-03-27T12:34:21","modified_gmt":"2023-03-27T12:34:21","slug":"tanulmanyutak-2023","status":"publish","type":"page","link":"https:\/\/geografie.ubbcluj.ro\/pages\/magyarfoldrajz\/?page_id=2752","title":{"rendered":"Tanulm\u00e1nyutak &#8211; 2023"},"content":{"rendered":"\n<p><\/p>\n\n\n<p><span style=\"color: #800000;\"><strong>T\u00f6r\u00f6korsz\u00e1g, Gr\u00fazia<\/strong><\/span><\/p>\n<p>Helyek sz\u00e1ma: 60 f\u0151<\/p>\n<p>Id\u0151: 11 nap, 2023. \u00e1prilis 12\u201322.<\/p>\n<p>Jelentkez\u00e9s: M\u00e1th\u00e9 Andr\u00e1s (<a href=\"mailto:matheandras@yahoo.com\">matheandras@yahoo.com<\/a>)<\/p>\n<p>Tant\u00e1rgy \/ t\u00e9ma: \u00c9p\u00edt\u00e9szet, Kult\u00fara \u00e9s civiliz\u00e1ci\u00f3, Szolg\u00e1ltat\u00e1sok, Kultur\u00e1lis turizmus, Etnokultur\u00e1lis \u00f6vezetek turisztikai \u00e9rt\u00e9kes\u00edt\u00e9se.<\/p>\n<p>Tanulm\u00e1nyi k\u00f6vetelm\u00e9ny: sz\u00f3beli vizsga az \u00fat alatt.<\/p>\n<p><span style=\"color: #800000;\"><strong>Szervez\u0151: M\u00e1th\u00e9 Andr\u00e1s<\/strong><\/span><\/p>\n<p>Terepgyakorlatunk k\u00e9t orsz\u00e1g ter\u00fclet\u00e9t \u00e9rintik, T\u00f6r\u00f6korsz\u00e1g illetve a Kauk\u00e1zus Sv\u00e1jc\u00e1nak is emlegetett Gr\u00fazia term\u00e9szetes \u00e9s antropikus l\u00e1tnival\u00f3ib\u00f3l fogunk n\u00e9hanyat megl\u00e1togatni. Utunkat <em>Isztambul<\/em> v\u00e1ros\u00e1val, az egykori Konstantin\u00e1poly, Biz\u00e1nc f\u0151v\u00e1ros\u00e1val kezdj\u00fck, ahol r\u00f3mai kori, biz\u00e1nci \u00e9s oszm\u00e1n \u00e9p\u00edt\u00e9szeti eml\u00e9keket l\u00e1togatunk, majd a K\u00f6z\u00e9p-Anat\u00f3lia vid\u00e9k\u00e9n elhelyezked\u0151 az Unesco list\u00e1j\u00e1n l\u00e9v\u0151 G\u00f6reme Nemzeti Parkot, <em>Kappad\u00f3kia<\/em> sziklatemplomait \u00e9s sziklaalakzatait fogjuk bej\u00e1rni. Tov\u00e1bb\u00e1 Gr\u00fazi\u00e1ban folytatjuk utunkat,<strong>\u00a0<\/strong><em>Kutaiszit,<\/em> Nyugat-Gr\u00fazia legnagyobb v\u00e1ros\u00e1t l\u00e1togatjuk meg, Kutaiszi<strong>,\u00a0<\/strong>az \u00f3kori Kolkhisz kir\u00e1lys\u00e1g f\u0151v\u00e1rosa volt, megtekintj\u00fck a k\u00f6zelben l\u00e9v\u0151\u00a0<em>Gelati<\/em>-kolostort,\u00a0Gr\u00fazia legh\u00edresebb, s \u00e9p\u00edt\u00e9szetileg leg\u00e9rt\u00e9kesebb kolostor\u00e1t (12. sz\u00e1zad \u2013 UNESCO Vil\u00e1g\u00f6r\u00f6ks\u00e9g) illetve a \u00a0Motsameta-kolostort, a Bagrati sz\u00e9kesegyh\u00e1zat<strong>\u00a0(<\/strong>UNESCO Vil\u00e1g\u00f6r\u00f6ks\u00e9g) Ezut\u00e1n\u00a0<em>Gori<\/em> t\u00f6rt\u00e9nelmi v\u00e1ros\u00e1t tekintj\u00fck meg, amelyet Gr\u00fazia legnagyobb uralkod\u00f3ja, IV. D\u00e1vid alap\u00edtott 1100 k\u00f6r\u00fcl (Szt\u00e1lin M\u00fazeum\u00a0a dikt\u00e1tor sz\u00fcl\u0151h\u00e1z\u00e1val \u00e9s a p\u00e1nc\u00e9lozott vas\u00fati kocsival, illetve a Szovjetuni\u00f3 ter\u00fclet\u00e9n megtal\u00e1lhat\u00f3 Szt\u00e1lin-szobrok egyik\u00e9t) majd a\u00a0<em>Upliszikhe-<\/em>barlangv\u00e1ros\u00e1t\u00a0a Mtkvari-foly\u00f3 partj\u00e1n ahol k\u00fcl\u00f6nb\u00f6z\u0151 lak\u00e1sok, pog\u00e1ny \u00e9s kereszt\u00e9ny templomok, sz\u00ednh\u00e1z, borospinc\u00e9k a k\u0151zetbe v\u00e1jva tal\u00e1lhat\u00f3ak meg (UNESCO Vil\u00e1g\u00f6r\u00f6ks\u00e9g) Ezek ut\u00e1n <em>Tbiliszit,<\/em> a t\u00f6bb mint 1500 \u00e9ves f\u0151v\u00e1rost j\u00e1rjuk be, a Metechi-templomot ( 13. sz.) a Narikala-v\u00e1r\u00e1t (4. sz.), a Sioni-templomot (6. sz.), a Szenth\u00e1roms\u00e1g-sz\u00e9kesegyh\u00e1zat, a D\u00e9l-Kauk\u00e1zus legnagyobb \u00e9p\u00edtm\u00e9ny\u00e9t, egyben a Gr\u00faz Ortodox Kereszt\u00e9ny Egyh\u00e1z legnagyobb templom\u00e1t, illetve bes\u00e9t\u00e1lunk az \u00f3v\u00e1rosba, sz\u00ednes f\u00fcrd\u0151ket, jellegzetes faerk\u00e9lyes h\u00e1zakat tekint\u00fcnk meg. Innen a szomsz\u00e9dos <em>Mcheta <\/em>v\u00e1ros\u00e1t,<strong>\u00a0<\/strong>Gr\u00fazia egyik legr\u00e9gebbi v\u00e1ros\u00e1t, s els\u0151 f\u0151v\u00e1ros\u00e1t j\u00e1rjuk be (i.e. 3. sz\u00e1zadt\u00f3l 800 \u00e9ven \u00e1t az Ib\u00e9riai Kir\u00e1lys\u00e1g f\u0151v\u00e1rosa volt, 317-ben a gr\u00fazok itt vett\u00e9k fel a kereszt\u00e9nys\u00e9get, ut\u00e1na \u00e9vsz\u00e1zadokon \u00e1t koron\u00e1z\u00f3 v\u00e1ros volt (UNESCO Vil\u00e1g\u00f6r\u00f6ks\u00e9g), a Sweti-Zchoweli-templomot\u00a0(eredetileg Szent Anna, az els\u0151 gr\u00faz kereszt\u00e9ny kir\u00e1ly feles\u00e9ge \u00e9p\u00edttette, a 11. sz\u00e1zadban \u00e1talak\u00edtott\u00e1k), megn\u00e9zz\u00fck Szent Andr\u00e1s erekly\u00e9j\u00e9t is, a\u00a0Dzsvari-templomot<strong>\u00a0<\/strong>(6. sz.) ahol r\u00e1l\u00e1thatunk a Magas-Kauk\u00e1zusra. Innen utazunk a\u00a0Magas-Kauk\u00e1zus t\u00e9rs\u00e9g\u00e9be, a Szvan\u00e9ti r\u00e9gi\u00f3ba, a c\u00e9l <em>Mestia <\/em>lesz, a r\u00e9gi\u00f3 k\u00f6zpontja, ahonnan gy\u00f6ny\u00f6r\u0171 panor\u00e1ma ny\u00edlik az<strong>\u00a0<\/strong>Ushba\u00a0(4710 m) \u00e9s a<strong>\u00a0<\/strong>Tetnuldi\u00a0(4975 m), cs\u00facsokra, bej\u00e1rjuk az \u0151si, hegyi v\u00e1rosk\u00e1t (lak\u00f3tornyok, tradicion\u00e1lis svaneti h\u00e1zak, az UNESCO t\u00e1mogat\u00e1s\u00e1val l\u00e9trehozott\u00a0Mestia M\u00fazeum<strong>\u00a0<\/strong>rendk\u00edv\u00fcl \u00e9rt\u00e9kes, t\u00f6bb sz\u00e1z \u00e9ves gr\u00faz k\u00e9ziratok \u00e9s \u0151si k\u00f6nyvek tal\u00e1lhat\u00f3ak itt) . Innen d\u00e9l ir\u00e1ny\u00e1ba haladunk tov\u00e1bb, <em>Batumi<\/em>ba, a gr\u00faz Rivi\u00e9ra szubtr\u00f3pusi f\u0151v\u00e1ros\u00e1ba ahol az \u00f3v\u00e1ros, kik\u00f6t\u0151, tengerparti s\u00e9t\u00e1ny, katolikus templom l\u00e1togat\u00e1sa van betervezve, illetve p\u00e1r \u00f3ra strandol\u00e1s<strong>\u00a0<\/strong>a Fekete-tenger partj\u00e1n. Utunk visszavisz T\u00f6r\u00f6korsz\u00e1gba, ahol a f\u0151v\u00e1rost fogjuk megl\u00e1togatni, <em>Ankar\u00e1<\/em>t, a r\u00e9gi v\u00e1rosr\u00e9szben fogunk egy s\u00e9t\u00e1t tenni, az \u0151si r\u00f3mai, biz\u00e1nci \u00e9s oszm\u00e1n t\u00f6r\u00f6k st\u00edlus\u00fa \u00e9p\u00fcleteket \u00e9s a keskeny, kanyarg\u00f3s utc\u00e1kat j\u00e1rjuk be. Megtekintj\u00fck <a href=\"https:\/\/hu.wikipedia.org\/wiki\/Augustus_r%C3%B3mai_cs%C3%A1sz%C3%A1r\">Augustus<\/a>\u00a0cs\u00e1sz\u00e1r templom\u00e1t, az ankarai v\u00e1rat, aminek el\u0151dj\u00e9t val\u00f3sz\u00edn\u0171leg az i. e. 2. sz\u00e1zadban emelt\u00e9k, k\u00e9s\u0151bb a r\u00f3maiak \u00fajj\u00e1\u00e9p\u00edtett\u00e9k, a biz\u00e1nciak pedig a bels\u0151 v\u00e1rr\u00e9szt \u00e9p\u00edtett\u00e9k hozz\u00e1. A r\u00e9gi v\u00e1rosr\u00e9sz \u00e9kk\u00f6vei a 15. sz\u00e1zadi\u00a0<a href=\"https:\/\/hu.wikipedia.org\/w\/index.php?title=Hamam&amp;action=edit&amp;redlink=1\">hamamok<\/a>\u00a0(t\u00f6r\u00f6kf\u00fcrd\u0151k) \u00e9s a r\u00f3mai f\u00fcrd\u0151k. 13. \u00e9s 19. sz\u00e1zad k\u00f6z\u00f6tt \u00e9p\u00fclt\u00a0<a href=\"https:\/\/hu.wikipedia.org\/wiki\/Mecset\">mecset<\/a>eket n\u00e9z\u00fcnk meg, pl. a 15. sz\u00e1zad elej\u00e9n \u00e9p\u00fclt Hac\u0131 Bayram mecsetet. Megl\u00e1togatjuk a T\u00f6r\u00f6korsz\u00e1g atyjak\u00e9nt elnevezett <a href=\"https:\/\/hu.wikipedia.org\/wiki\/Mustafa_Kemal_Atat%C3%BCrk\">Mustafa Kemal Atat\u00fcrk<\/a>, a\u00a0<a href=\"https:\/\/hu.wikipedia.org\/wiki\/T%C3%B6r%C3%B6k_K%C3%B6zt%C3%A1rsas%C3%A1g\">T\u00f6r\u00f6k K\u00f6zt\u00e1rsas\u00e1g<\/a>\u00a0alap\u00edt\u00f3j\u00e1nak, els\u0151 eln\u00f6k\u00e9nek\u00a0mauz\u00f3leum\u00e1t. Innen hazafele j\u00f6vet l\u00e1togat\u00e1st tesz\u00fcnk\u00a0<em>Drin\u00e1poly<\/em> t\u00f6rt\u00e9nelmi v\u00e1ros\u00e1ba, ahol megl\u00e1togatjuk a T\u00f6r\u00f6korsz\u00e1g legmagasabb minaretj\u00e9vel rendelkez\u0151 Szelim mecsetet illetve bej\u00e1rjuk az \u00f3v\u00e1ros legr\u00e9gebbi baz\u00e1rj\u00e1t is.<\/p>\n<p><strong>\u00c1r:<\/strong> <span style=\"color: #ff0000;\">420 eur\u00f3<\/span>. Az \u00e1r tartalmazza az utaz\u00e1st valamint 7 darab sz\u00e1ll\u00e1st \u00e9s 4 reggelit. K\u00f6telez\u0151 az \u00fatlev\u00e9l \u00e9s az eg\u00e9szs\u00e9g\u00fcgyi biztos\u00edt\u00e1s.<\/p>\n<p><strong>Jelentkez\u00e9s:<\/strong>\u00a0<strong>csak BSc I. \u00e9s II. \u00e9ves hallgat\u00f3k jelentkezhetnek az \u00fatra, janu\u00e1r 10-t\u0151l a 60 hely betelt\u00e9ig, legk\u00e9s\u0151bb febru\u00e1r 1-ig. A lev\u00e9lbeli jelentkez\u00e9st febru\u00e1r 15-ig 200 eur\u00f3 el\u0151leg befizet\u00e9s\u00e9vel kell meger\u0151s\u00edteni.<\/strong><\/p>\n<p><a href=\"http:\/\/geografie.ubbcluj.ro\/pages\/magyarfoldrajz\/wp-content\/uploads\/2022\/12\/andras2.jpg\"><img loading=\"lazy\" decoding=\"async\" class=\"aligncenter size-full wp-image-2754\" src=\"http:\/\/geografie.ubbcluj.ro\/pages\/magyarfoldrajz\/wp-content\/uploads\/2022\/12\/andras2.jpg\" alt=\"\" width=\"1000\" height=\"668\" srcset=\"https:\/\/geografie.ubbcluj.ro\/pages\/magyarfoldrajz\/wp-content\/uploads\/2022\/12\/andras2.jpg 1000w, https:\/\/geografie.ubbcluj.ro\/pages\/magyarfoldrajz\/wp-content\/uploads\/2022\/12\/andras2-300x200.jpg 300w, https:\/\/geografie.ubbcluj.ro\/pages\/magyarfoldrajz\/wp-content\/uploads\/2022\/12\/andras2-768x513.jpg 768w, https:\/\/geografie.ubbcluj.ro\/pages\/magyarfoldrajz\/wp-content\/uploads\/2022\/12\/andras2-449x300.jpg 449w\" sizes=\"(max-width: 1000px) 100vw, 1000px\" \/><\/a><\/p>\n<p><strong> <a href=\"http:\/\/geografie.ubbcluj.ro\/pages\/magyarfoldrajz\/wp-content\/uploads\/2022\/12\/andras1.jpg\"><img loading=\"lazy\" decoding=\"async\" class=\"aligncenter size-full wp-image-2753\" src=\"http:\/\/geografie.ubbcluj.ro\/pages\/magyarfoldrajz\/wp-content\/uploads\/2022\/12\/andras1.jpg\" alt=\"\" width=\"1000\" height=\"562\" srcset=\"https:\/\/geografie.ubbcluj.ro\/pages\/magyarfoldrajz\/wp-content\/uploads\/2022\/12\/andras1.jpg 1000w, https:\/\/geografie.ubbcluj.ro\/pages\/magyarfoldrajz\/wp-content\/uploads\/2022\/12\/andras1-300x169.jpg 300w, https:\/\/geografie.ubbcluj.ro\/pages\/magyarfoldrajz\/wp-content\/uploads\/2022\/12\/andras1-768x432.jpg 768w, https:\/\/geografie.ubbcluj.ro\/pages\/magyarfoldrajz\/wp-content\/uploads\/2022\/12\/andras1-500x281.jpg 500w\" sizes=\"(max-width: 1000px) 100vw, 1000px\" \/><\/a><\/strong><\/p>\n<p><strong> <a href=\"http:\/\/geografie.ubbcluj.ro\/pages\/magyarfoldrajz\/wp-content\/uploads\/2022\/12\/andras4.jpg\"><img loading=\"lazy\" decoding=\"async\" class=\"aligncenter size-full wp-image-2756\" src=\"http:\/\/geografie.ubbcluj.ro\/pages\/magyarfoldrajz\/wp-content\/uploads\/2022\/12\/andras4.jpg\" alt=\"\" width=\"1000\" height=\"667\" srcset=\"https:\/\/geografie.ubbcluj.ro\/pages\/magyarfoldrajz\/wp-content\/uploads\/2022\/12\/andras4.jpg 1000w, https:\/\/geografie.ubbcluj.ro\/pages\/magyarfoldrajz\/wp-content\/uploads\/2022\/12\/andras4-300x200.jpg 300w, https:\/\/geografie.ubbcluj.ro\/pages\/magyarfoldrajz\/wp-content\/uploads\/2022\/12\/andras4-768x512.jpg 768w, https:\/\/geografie.ubbcluj.ro\/pages\/magyarfoldrajz\/wp-content\/uploads\/2022\/12\/andras4-450x300.jpg 450w\" sizes=\"(max-width: 1000px) 100vw, 1000px\" \/><\/a><\/strong><\/p>\n<p><a href=\"http:\/\/geografie.ubbcluj.ro\/pages\/magyarfoldrajz\/wp-content\/uploads\/2022\/12\/andras3.jpg\"><img loading=\"lazy\" decoding=\"async\" class=\"aligncenter size-full wp-image-2755\" src=\"http:\/\/geografie.ubbcluj.ro\/pages\/magyarfoldrajz\/wp-content\/uploads\/2022\/12\/andras3.jpg\" alt=\"\" width=\"720\" height=\"480\" srcset=\"https:\/\/geografie.ubbcluj.ro\/pages\/magyarfoldrajz\/wp-content\/uploads\/2022\/12\/andras3.jpg 720w, https:\/\/geografie.ubbcluj.ro\/pages\/magyarfoldrajz\/wp-content\/uploads\/2022\/12\/andras3-300x200.jpg 300w, https:\/\/geografie.ubbcluj.ro\/pages\/magyarfoldrajz\/wp-content\/uploads\/2022\/12\/andras3-450x300.jpg 450w\" sizes=\"(max-width: 720px) 100vw, 720px\" \/><\/a><\/p>\n<p><span style=\"color: #800000;\"><strong>\u00a0\u00c9szak-Erd\u00e9ly<\/strong><\/span><\/p>\n<p>Helyek sz\u00e1ma: 40 f\u0151\u00a0<\/p>\n<p><span style=\"font-style: inherit; font-weight: inherit;\">Id\u0151: 4 nap, 2023. m\u00e1jus 11\u201314.\u00a0<\/span><\/p>\n<p>Jelentkez\u00e9s: Kov\u00e1cs Csaba (<a href=\"mailto:zsombor.bartos@ubbcluj.ro\">csaba.kovacs@ubbcluj.ro<\/a>)<\/p>\n<p>Tant\u00e1rgy \/ t\u00e9ma: telep\u00fcl\u00e9sf\u00f6ldrajz, gazdas\u00e1gf\u00f6ldrajz, turizmusf\u00f6ldrajz<\/p>\n<p>Tanulm\u00e1nyi k\u00f6vetelm\u00e9ny: r\u00e9szv\u00e9tel.<\/p>\n<p><span style=\"color: #800000;\"><strong>Szervez\u0151: Kov\u00e1cs Csaba<\/strong><\/span><\/p>\n<p>Helysz\u00ednek, l\u00e1tnival\u00f3k: Szil\u00e1gys\u00e1g (S\u00e1rk\u00e1nykert, zsib\u00f3i Wessel\u00e9nyi-kast\u00e9ly, botanikus kert), Rohia (kolostor, kb. 2 \u00f3r\u00e1s gyalogt\u00far\u00e1val), Kolt\u00f3 (Pet\u0151fi eml\u00e9kh\u00e1z), Nagyb\u00e1nya (\u00e1sv\u00e1nytani ill. sz\u00e9pm\u0171v\u00e9szeti m\u00fazeum, skanzen, liget), M\u00e1ramarossziget (b\u00f6rt\u00f6nm\u00fazeum), Szaplonca (vid\u00e1m temet\u0151), fatemplomok\/kolostorok (B\u00e2rsana stb.), Borsab\u00e1nya (gyalogt\u00fara a Radnai-havasokban), Nasz\u00f3di hat\u00e1r\u0151rvid\u00e9k, Beszterce, D\u00e9s\/Szamos\u00fajv\u00e1r \u2013 Kolozsv\u00e1r.\u00a0<span style=\"font-style: inherit; font-weight: inherit;\">\u00a0<\/span><\/p>\n<p><span style=\"font-style: inherit; font-weight: inherit;\">\u00c1r: kb. <span style=\"color: #ff0000;\"><strong>400 lej<\/strong><\/span> (busz, sz\u00e1ll\u00e1s).\u00a0<\/span><\/p>\n<p><span style=\"font-style: inherit; font-weight: inherit;\">Sz\u00e1ll\u00e1sok: panzi\u00f3k (?) Nagyb\u00e1ny\u00e1n ill. Borsa k\u00f6rny\u00e9k\u00e9n.\u00a0<\/span><\/p>\n<p><strong><span style=\"font-style: inherit;\">Jelentkez\u00e9s: csak BSc I. \u00e9s II. \u00e9ves hallgat\u00f3k jelentkezhetnek az \u00fatra, janu\u00e1r 10-t\u0151l a 40 hely betelt\u00e9ig, legk\u00e9s\u0151bb \u00e1prilis 8-ig. A lev\u00e9lbeli jelentkez\u00e9st ezt k\u00f6vet\u0151en kell 200 lej el\u0151leg befizet\u00e9s\u00e9vel meger\u0151s\u00edteni \u00e1prilis 15-ig.\u00a0<\/span><\/strong><\/p>\n<p><span style=\"color: #800000;\"><strong>Nyugati-Alpok<\/strong><\/span><\/p>\n<p>Helyek sz\u00e1ma: 47 f\u0151 (BSc, MSc, volt hallgat\u00f3k)<\/p>\n<p>Id\u0151: 9 nap, 2023. j\u00falius 22\u201330. (szombat\u2013vas\u00e1rnap)<\/p>\n<p>Jelentkez\u00e9s: Bartos-Elekes Zsombor (<a href=\"mailto:zsombor.bartos@ubbcluj.ro\">zsombor.bartos@ubbcluj.ro<\/a>)<\/p>\n<p>Tant\u00e1rgy \/ t\u00e9ma: term\u00e9szetf\u00f6ldrajz, nemzetk\u00f6zi turizmus, Eur\u00f3pa f\u00f6ldrajza<\/p>\n<p>Tanulm\u00e1nyi k\u00f6vetelm\u00e9ny: r\u00f6vid teszt kiadott anyagb\u00f3l febru\u00e1r 27-\u00e9n.<\/p>\n<p><span style=\"color: #800000;\"><strong>Szervez\u0151: Bartos-Elekes Zsombor, Nemerk\u00e9nyi Zsombor<\/strong><\/span><\/p>\n<p>Az Alpok nyugati, magasabb r\u00e9sz\u00e9ben tal\u00e1lhat\u00f3k a hegys\u00e9g (\u00e9s \u00edgy ak\u00e1r f\u00f6ldr\u00e9sz\u00fcnk) legismertebb magashegys\u00e9gi l\u00e1tnival\u00f3i, az \u00fajkori turizmus egyik b\u00f6lcs\u0151je is e vid\u00e9k. Az utaz\u00e1s sor\u00e1n e ter\u00fcletet j\u00e1rjuk be, id\u0151nket legink\u00e1bb Sv\u00e1jcban \u00e9s Franciaorsz\u00e1gban t\u00f6ltj\u00fck, de ezt kieg\u00e9sz\u00edtj\u00fck meg\u00e1ll\u00f3kkal Olaszorsz\u00e1gban \u00e9s Liechtensteinben is.<\/p>\n<p>Kezd\u0151k \u00e9s tapasztalt t\u00far\u00e1z\u00f3k ig\u00e9nyeiknek megfelel\u0151 t\u00far\u00e1kon vehetnek r\u00e9szt a f\u00e9ny\u0171z\u0151 \u00fcd\u00fcl\u0151helyekt\u0151l vagy hangulatos hegyi falvakt\u00f3l a tengerszemeken \u00e1t az alpesi r\u00e9tekig, f\u00f6l\u00f6tt\u00fck a ny\u00e1ron is h\u00f3sapk\u00e1s n\u00e9gyezres hegycs\u00facsokkal. Az emblematikus <em>Matterhorn<\/em> k\u00e1rpiramis\u00e1nak l\u00e1b\u00e1n\u00e1l t\u00far\u00e1zunk, a mer\u00e9sz hegycs\u00facs tavak viz\u00e9ben t\u00fckr\u00f6z\u0151dik \u2013 ahova az aut\u00f3mentes, exkluz\u00edv <em>Zermatt<\/em>b\u00f3l a hegy gyomr\u00e1ba v\u00e1jt sikl\u00f3val jutunk fel. <em>Chamonix<\/em> felett, Eur\u00f3pa legmagasabb cs\u00facsa, a <em>Mont Blanc<\/em> k\u00f6rny\u00e9k\u00e9n 3842 m\u00e9terre juthatunk fel az <em>Aiguille du Midi<\/em> t\u0171fok\u00e1n lev\u0151 kil\u00e1t\u00f3hoz, ugyanitt a <em>Mer de Glace<\/em> gleccser bels\u0151 szerkezet\u00e9t ismerj\u00fck meg az abba v\u00e1gott alag\u00fat v\u00e9gigj\u00e1r\u00e1s\u00e1val. A Berni-Alpokban, a <em>Jungfrau <\/em>k\u00f6rny\u00e9k\u00e9n t\u00f6bb t\u00far\u00e1t tesz\u00fcnk: el\u0151bb az Alpok leghosszabb j\u00e9gfolyam\u00e1ra, az <em>Aletsch-gleccser<\/em>re tekint\u00fcnk le, majd meg is k\u00f6zel\u00edtj\u00fck; egy leny\u0171g\u00f6z\u0151 tengerszem (<em>Oeschinensee<\/em>) k\u00f6r\u00fcl t\u00far\u00e1zunk; a legszebbnek tartott gleccserv\u00f6lgyben, a <em>Lauterbrunnen<\/em>ben a gleccser \u00e1ltal t\u00e1pl\u00e1lt, b\u0151viz\u0171 <em>Tr\u00fcmmelbach-v\u00edzes\u00e9s<\/em> spir\u00e1lis v\u00e1jatainak szurdok\u00e1t fedezz\u00fck fel.<\/p>\n<p>A t\u00far\u00e1k mellett gazdag a program m\u00e1sik fele is, t\u00f6bbnyire az Alpok hegyl\u00e1bi tavai partj\u00e1n v\u00e1ltozatos hangulat\u00fa telep\u00fcl\u00e9seket l\u00e1togatunk meg. A n\u00e9met nyelv\u0171, \u00e9szaki oldalon a t\u00f6rpe\u00e1llam kicsiny f\u0151v\u00e1ros\u00e1t, <em>Vaduz<\/em>t hercegi v\u00e1r\u00e1val n\u00e9zz\u00fck meg, az \u00f3don <em>Luzern<\/em> k\u00f6z\u00e9pkori fedett fah\u00eddj\u00e1n s\u00e9t\u00e1lunk. A nyugati, francia oldalon a nemzetk\u00f6zi szervezetek k\u00f6zpontj\u00e1t, <em>Genf<\/em>et j\u00e1rjuk v\u00e9gig. A d\u00e9li, olasz oldalon <em>Lugan\u00f3<\/em>ban n\u00e9z\u00fcnk k\u00f6r\u00fcl \u00e9s <em>Lenn\u00f3<\/em>ban a <em>Com\u00f3i-t\u00f3<\/em> part menti vill\u00e1inak mediterr\u00e1n kertjei k\u00f6zel\u00e9ben strandolunk, cs\u00f3nak\u00e1zunk.<\/p>\n<p>Indul\u00e1s\u2013\u00e9rkez\u00e9s: Gyergy\u00f3szentmikl\u00f3st\u00f3l Kolozsv\u00e1ron \u00e1t Budapestig b\u00e1rhol.<\/p>\n<p><strong>\u00c1r:<\/strong> <span style=\"color: #ff0000;\"><strong>270 eur\u00f3<\/strong><\/span>. Az \u00e1r tartalmazza a 6 sz\u00e1ll\u00e1st (kempingben, saj\u00e1t s\u00e1torban) \u00e9s a busz k\u00f6lts\u00e9geit. Beutaz\u00e1shoz el\u00e9gs\u00e9ges a szem\u00e9lyi igazolv\u00e1ny. \u00c9tkez\u00e9s: a legszer\u00e9nyebb megold\u00e1s az otthonr\u00f3l hozott \u00e9lelmiszer, kieg\u00e9sz\u00edtve v\u00e1s\u00e1rl\u00e1ssal, f\u0151z\u00e9s a sz\u00e1ll\u00e1son. A magas t\u00e9rszinek el\u00e9r\u00e9s\u00e9t felvon\u00f3k, fogaskerek\u0171, sikl\u00f3 seg\u00edti, ezekre \u00e9rdemes legal\u00e1bb 50, de ak\u00e1r 100 eur\u00f3t is sz\u00e1nni.<\/p>\n<p><strong>Jelentkez\u00e9s: a jelentkez\u00e9si sz\u00e1nd\u00e9kot <em>Nyugati-Alpok<\/em> t\u00e1rgy\u00fa lev\u00e9lben janu\u00e1r 10-t\u0151l febru\u00e1r 15-ig jelezhetik, a BSc I. \u00e9s II. \u00e9ves hallgat\u00f3kon k\u00edv\u00fcl ak\u00e1r k\u00fcls\u0151s\u00f6k (fels\u0151bb \u00e9vesek, volt di\u00e1kok) is. T\u00faljelentkez\u00e9s eset\u00e9n a Nyugati-Alpokr\u00f3l sz\u00f3l\u00f3 r\u00f6vid, kiadott anyagb\u00f3l a hallgat\u00f3k tesztet \u00edrnak febru\u00e1r 27-\u00e9n, ez alapj\u00e1n d\u0151l el, hogy ki vehet r\u00e9szt az \u00faton, febru\u00e1r 28-\u00e1n mindenkit \u00e9rtes\u00edt\u00fcnk a helyzet\u00e9r\u0151l. A hely elfoglal\u00e1s\u00e1t m\u00e1rcius elej\u00e9n az els\u0151 r\u00e9szlettel (100 eur\u00f3val) kell meger\u0151s\u00edteni. M\u00e1sodik r\u00e9szlet (170 eur\u00f3) m\u00e1jusban.<\/strong><\/p>\n<p><a href=\"http:\/\/geografie.ubbcluj.ro\/pages\/magyarfoldrajz\/wp-content\/uploads\/2022\/12\/zsombi1.jpg\"><img loading=\"lazy\" decoding=\"async\" class=\"aligncenter size-full wp-image-2767\" src=\"http:\/\/geografie.ubbcluj.ro\/pages\/magyarfoldrajz\/wp-content\/uploads\/2022\/12\/zsombi1.jpg\" alt=\"\" width=\"1000\" height=\"563\" srcset=\"https:\/\/geografie.ubbcluj.ro\/pages\/magyarfoldrajz\/wp-content\/uploads\/2022\/12\/zsombi1.jpg 1000w, https:\/\/geografie.ubbcluj.ro\/pages\/magyarfoldrajz\/wp-content\/uploads\/2022\/12\/zsombi1-300x169.jpg 300w, https:\/\/geografie.ubbcluj.ro\/pages\/magyarfoldrajz\/wp-content\/uploads\/2022\/12\/zsombi1-768x432.jpg 768w, https:\/\/geografie.ubbcluj.ro\/pages\/magyarfoldrajz\/wp-content\/uploads\/2022\/12\/zsombi1-500x282.jpg 500w\" sizes=\"(max-width: 1000px) 100vw, 1000px\" \/><\/a><\/p>\n<p><a href=\"http:\/\/geografie.ubbcluj.ro\/pages\/magyarfoldrajz\/wp-content\/uploads\/2022\/12\/zsombi2.jpg\"><img loading=\"lazy\" decoding=\"async\" class=\"aligncenter size-full wp-image-2768\" src=\"http:\/\/geografie.ubbcluj.ro\/pages\/magyarfoldrajz\/wp-content\/uploads\/2022\/12\/zsombi2.jpg\" alt=\"\" width=\"1000\" height=\"563\" srcset=\"https:\/\/geografie.ubbcluj.ro\/pages\/magyarfoldrajz\/wp-content\/uploads\/2022\/12\/zsombi2.jpg 1000w, https:\/\/geografie.ubbcluj.ro\/pages\/magyarfoldrajz\/wp-content\/uploads\/2022\/12\/zsombi2-300x169.jpg 300w, https:\/\/geografie.ubbcluj.ro\/pages\/magyarfoldrajz\/wp-content\/uploads\/2022\/12\/zsombi2-768x432.jpg 768w, https:\/\/geografie.ubbcluj.ro\/pages\/magyarfoldrajz\/wp-content\/uploads\/2022\/12\/zsombi2-500x282.jpg 500w\" sizes=\"(max-width: 1000px) 100vw, 1000px\" \/><\/a><\/p>\n<p><a href=\"http:\/\/geografie.ubbcluj.ro\/pages\/magyarfoldrajz\/wp-content\/uploads\/2022\/12\/zsombi3.jpg\"><img loading=\"lazy\" decoding=\"async\" class=\"aligncenter size-full wp-image-2769\" src=\"http:\/\/geografie.ubbcluj.ro\/pages\/magyarfoldrajz\/wp-content\/uploads\/2022\/12\/zsombi3.jpg\" alt=\"\" width=\"1000\" height=\"563\" srcset=\"https:\/\/geografie.ubbcluj.ro\/pages\/magyarfoldrajz\/wp-content\/uploads\/2022\/12\/zsombi3.jpg 1000w, https:\/\/geografie.ubbcluj.ro\/pages\/magyarfoldrajz\/wp-content\/uploads\/2022\/12\/zsombi3-300x169.jpg 300w, https:\/\/geografie.ubbcluj.ro\/pages\/magyarfoldrajz\/wp-content\/uploads\/2022\/12\/zsombi3-768x432.jpg 768w, https:\/\/geografie.ubbcluj.ro\/pages\/magyarfoldrajz\/wp-content\/uploads\/2022\/12\/zsombi3-500x282.jpg 500w\" sizes=\"(max-width: 1000px) 100vw, 1000px\" \/><\/a><\/p>\n<p><a href=\"http:\/\/geografie.ubbcluj.ro\/pages\/magyarfoldrajz\/wp-content\/uploads\/2022\/12\/zsombi4.jpg\"><img loading=\"lazy\" decoding=\"async\" class=\"aligncenter size-full wp-image-2770\" src=\"http:\/\/geografie.ubbcluj.ro\/pages\/magyarfoldrajz\/wp-content\/uploads\/2022\/12\/zsombi4.jpg\" alt=\"\" width=\"1000\" height=\"563\" srcset=\"https:\/\/geografie.ubbcluj.ro\/pages\/magyarfoldrajz\/wp-content\/uploads\/2022\/12\/zsombi4.jpg 1000w, https:\/\/geografie.ubbcluj.ro\/pages\/magyarfoldrajz\/wp-content\/uploads\/2022\/12\/zsombi4-300x169.jpg 300w, https:\/\/geografie.ubbcluj.ro\/pages\/magyarfoldrajz\/wp-content\/uploads\/2022\/12\/zsombi4-768x432.jpg 768w, https:\/\/geografie.ubbcluj.ro\/pages\/magyarfoldrajz\/wp-content\/uploads\/2022\/12\/zsombi4-500x282.jpg 500w\" sizes=\"(max-width: 1000px) 100vw, 1000px\" \/><\/a><\/p>\n<p>\u00a0<\/p>","protected":false},"excerpt":{"rendered":"<p>T\u00f6r\u00f6korsz\u00e1g, Gr\u00fazia Helyek sz\u00e1ma: 60 f\u0151 Id\u0151: 11 nap, 2023. \u00e1prilis 12\u201322. Jelentkez\u00e9s: M\u00e1th\u00e9 Andr\u00e1s (matheandras@yahoo.com) Tant\u00e1rgy \/ t\u00e9ma: \u00c9p\u00edt\u00e9szet, Kult\u00fara \u00e9s civiliz\u00e1ci\u00f3, Szolg\u00e1ltat\u00e1sok, Kultur\u00e1lis turizmus, Etnokultur\u00e1lis \u00f6vezetek turisztikai \u00e9rt\u00e9kes\u00edt\u00e9se. Tanulm\u00e1nyi k\u00f6vetelm\u00e9ny: sz\u00f3beli vizsga az \u00fat alatt. Szervez\u0151: M\u00e1th\u00e9 Andr\u00e1s &hellip; <a class=\"more-link\" href=\"https:\/\/geografie.ubbcluj.ro\/pages\/magyarfoldrajz\/?page_id=2752\">Continue reading <span class=\"meta-nav\">&rarr;<\/span><\/a><\/p>\n","protected":false},"author":2,"featured_media":0,"parent":0,"menu_order":0,"comment_status":"closed","ping_status":"closed","template":"","meta":{"footnotes":""},"_links":{"self":[{"href":"https:\/\/geografie.ubbcluj.ro\/pages\/magyarfoldrajz\/index.php?rest_route=\/wp\/v2\/pages\/2752"}],"collection":[{"href":"https:\/\/geografie.ubbcluj.ro\/pages\/magyarfoldrajz\/index.php?rest_route=\/wp\/v2\/pages"}],"about":[{"href":"https:\/\/geografie.ubbcluj.ro\/pages\/magyarfoldrajz\/index.php?rest_route=\/wp\/v2\/types\/page"}],"author":[{"embeddable":true,"href":"https:\/\/geografie.ubbcluj.ro\/pages\/magyarfoldrajz\/index.php?rest_route=\/wp\/v2\/users\/2"}],"replies":[{"embeddable":true,"href":"https:\/\/geografie.ubbcluj.ro\/pages\/magyarfoldrajz\/index.php?rest_route=%2Fwp%2Fv2%2Fcomments&post=2752"}],"version-history":[{"count":17,"href":"https:\/\/geografie.ubbcluj.ro\/pages\/magyarfoldrajz\/index.php?rest_route=\/wp\/v2\/pages\/2752\/revisions"}],"predecessor-version":[{"id":2807,"href":"https:\/\/geografie.ubbcluj.ro\/pages\/magyarfoldrajz\/index.php?rest_route=\/wp\/v2\/pages\/2752\/revisions\/2807"}],"wp:attachment":[{"href":"https:\/\/geografie.ubbcluj.ro\/pages\/magyarfoldrajz\/index.php?rest_route=%2Fwp%2Fv2%2Fmedia&parent=2752"}],"curies":[{"name":"wp","href":"https:\/\/api.w.org\/{rel}","templated":true}]}}