{"id":272,"date":"2012-12-03T12:37:54","date_gmt":"2012-12-03T12:37:54","guid":{"rendered":"http:\/\/geografie.ubbcluj.ro\/pages\/magyarfoldrajz\/?page_id=272"},"modified":"2017-04-18T20:44:07","modified_gmt":"2017-04-18T20:44:07","slug":"andras","status":"publish","type":"page","link":"https:\/\/geografie.ubbcluj.ro\/pages\/magyarfoldrajz\/?page_id=272","title":{"rendered":"Andr\u00e1s"},"content":{"rendered":"<p><strong><a href=\"http:\/\/geografie.ubbcluj.ro\/pages\/magyarfoldrajz\/wp-content\/uploads\/2012\/12\/173.jpg\"><img loading=\"lazy\" decoding=\"async\" class=\"alignright size-full wp-image-1428\" title=\"173\" src=\"http:\/\/geografie.ubbcluj.ro\/pages\/magyarfoldrajz\/wp-content\/uploads\/2012\/12\/173.jpg\" alt=\"\" width=\"200\" height=\"150\" \/><\/a>N\u00e9v:<\/strong> <strong>M\u00e1th\u00e9 Andr\u00e1s-\u00c1rp\u00e1d<\/strong><\/p>\n<p><strong>V\u00e9gzetts\u00e9g:<\/strong>\u00a02003 &#8211; BBTE T\u00f6rt\u00e9nelem-Nemzetk\u00f6zi kapcsolatok;<\/p>\n<p><span style=\"line-height: 1.4em;\">2006 &#8211; BBTE K\u00f6zgazdas\u00e1gtan<\/span><\/p>\n<p><strong>Tudom\u00e1nyos fokozat:<\/strong>\u00a0PhD<\/p>\n<p><strong>Nyelvismeret:<\/strong>\u00a0angol, n\u00e9met<\/p>\n<p><strong>Munkak\u00f6r:<\/strong><em>\u00a0<\/em>egyetemi adjunktus<\/p>\n<p><strong>Munkahelyi telefonsz\u00e1m: &#8211;<\/strong><\/p>\n<p><strong>Telefonsz\u00e1m:<\/strong> 0742-350371<\/p>\n<p><strong>E-mail c\u00edm:<\/strong>\u00a0\u00a0andras.mathe@ubbcluj.ro<\/p>\n<p><span style=\"color: #339966;\"><em><strong>\u00d6n\u00e9letrajz let\u00f6lt\u00e9se<\/strong><\/em><\/span><\/p>\n<p><strong>Oktat\u00e1si tev\u00e9kenys\u00e9g:<\/strong> \u00c9p\u00edt\u00e9szet a turizmusban (el\u0151ad\u00e1s+szemin\u00e1rium), Kult\u00fara \u00e9s civiliz\u00e1ci\u00f3 (el\u0151ad\u00e1s+szemin\u00e1rium), Turizmus t\u00f6rt\u00e9net (el\u0151ad\u00e1s), Szolg\u00e1ltat\u00e1sok a turizmusban (el\u0151ad\u00e1s), Turisztikai v\u00e1llalatok gazdas\u00e1gtana (el\u0151ad\u00e1s), Turisztikai r\u00e9gi\u00f3k (el\u0151ad\u00e1s), Etnokultur\u00e1lis \u00f6vezetek turisztikai \u00e9rt\u00e9kes\u00edt\u00e9se (el\u0151ad\u00e1s), Idegenvezet\u00e9s (el\u0151ad\u00e1s + gyakorlat) \u2013 BBTE F\u00f6ldrajz kar. Gazdas\u00e1gt\u00f6rt\u00e9net (el\u0151ad\u00e1s+szemin\u00e1rium \u2013BBT &#8211; K\u00f6zgazdas\u00e1g \u00e9s gazd\u00e1lkod\u00e1studom\u00e1nyi Kar)<\/p>\n<p><strong>Kutat\u00e1si ter\u00fclet:<\/strong> Turizmust\u00f6rt\u00e9net, Gazdas\u00e1gt\u00f6rt\u00e9net, \u00c9p\u00edt\u00e9szet.<\/p>\n<p><strong>Tiszts\u00e9gek:<\/strong><\/p>\n<p><strong>Szakmai \u00e9s egy\u00e9b elismer\u00e9sek:<\/strong><\/p>\n<p><strong>K\u00fclf\u00f6ldi hivatalos tanulm\u00e1nyutak:<\/strong><\/p>\n<p><strong>Legfontosabb publik\u00e1ci\u00f3k:<\/strong><\/p>\n<p>Az Erd\u00e9ly-i kisebbs\u00e9gi egyh\u00e1zak gazdas\u00e1gi helyzete a k\u00e9t vil\u00e1gh\u00e1bor\u00fa k\u00f6z\u00f6tt,\u00a0 \u00a0\u00a0\u00a0\u00a0\u00a0\u00a0\u00a0Argonaut Kiad\u00f3, Kolozsv\u00e1r, 2009.<\/p>\n<p>A m\u00e1sodik vil\u00e1gh\u00e1bor\u00fa t\u00fckr\u00f6z\u0151d\u00e9se a kolozsv\u00e1ri k\u00f6zv\u00e9lem\u00e9nyben 1940-1944 k\u00f6z\u00f6tt, St\u00fadium kiad\u00f3, Kolozsv\u00e1r, 2009.<\/p>\n<p>Rom\u00e1nia turizmusa a XX-ik sz\u00e1zadban. In. Rom\u00e1nia. T\u00e9r, gazdas\u00e1g, t\u00e1rsadalom. Szerkeszt\u0151: Benedek J\u00f3zsef , Nemzeti Kisebbs\u00e9gkutat\u00f3 int\u00e9zet, Kriterion kiad\u00f3, Kolozsv\u00e1r, 2011.<\/p>\n<p>Az erd\u00e9lyi r\u00f3mai katolikus egyh\u00e1z gazdas\u00e1gi \u00e1talakul\u00e1sa \u00e9s fejl\u0151d\u00e9se a k\u00e9t vil\u00e1gh\u00e1bor\u00fa k\u00f6z\u00f6tt. In: Minden Kegyelem! A 65 \u00e9ves Jakubinyi Gy\u00f6rgy \u00e9rsek k\u00f6sz\u00f6nt\u00e9se, Verbum kiad\u00f3 , Budapest-Kolozsv\u00e1r, 2011<\/p>\n<p>Az erd\u00e9lyi r\u00f3mai katolikus egyh\u00e1z birtokainak gazdas\u00e1gi \u00fajj\u00e1szervez\u0151d\u00e9se a k\u00e9t vil\u00e1gh\u00e1bor\u00fa k\u00f6z\u00f6tti id\u0151szakban\u201d, in: Rela\u0163ia Rural \u2013Urban. Ipostaze ale tradi\u0163iei \u015fi moderniz\u0103rii, Presa Universitar\u0103 Clujean\u0103, 2010<\/p>\n<p><strong>\u201c<\/strong>A Konkord\u00e1tum \u00e9s a r\u00f3mai egyezm\u00e9ny. Gazdas\u00e1gi szempontok\u201d in:\u00a0\u00a0\u00a0\u00a0\u00a0 Anuarul \u015ecolii Doctorale Istorie. Civiliza\u0163ie. Cultur\u0103, I, Presa Universitar\u0103 Clujean\u0103, 2005<\/p>\n<p>\u201cA Protest\u00e1ns Egyh\u00e1zak gazdas\u00e1gi helyzete a k\u00e9t vil\u00e1gh\u00e1bor\u00fa k\u00f6z\u00f6tt in: Anuarul \u015ecolii Doctorale Istorie. Civiliza\u0163ie. Cultur\u0103, II, Presa Universitar\u0103 Clujean\u0103,\u00a0 2006.<\/p>\n<p>Aspects modernisateurs dans le discours politiques de Elem\u00e9r Gy\u00e1rf\u00e1s, Transylvanian Review, Vol. XIX, Supplement, No. 5, 2010.<\/p>\n<p><span style=\"color: #339966;\"><em><strong>Publik\u00e1ci\u00f3k let\u00f6lt\u00e9se<\/strong><\/em><\/span><\/p>\n<p>&nbsp;<\/p>\n","protected":false},"excerpt":{"rendered":"<p>N\u00e9v: M\u00e1th\u00e9 Andr\u00e1s-\u00c1rp\u00e1d V\u00e9gzetts\u00e9g:\u00a02003 &#8211; BBTE T\u00f6rt\u00e9nelem-Nemzetk\u00f6zi kapcsolatok; 2006 &#8211; BBTE K\u00f6zgazdas\u00e1gtan Tudom\u00e1nyos fokozat:\u00a0PhD Nyelvismeret:\u00a0angol, n\u00e9met Munkak\u00f6r:\u00a0egyetemi adjunktus Munkahelyi telefonsz\u00e1m: &#8211; Telefonsz\u00e1m: 0742-350371 E-mail c\u00edm:\u00a0\u00a0andras.mathe@ubbcluj.ro \u00d6n\u00e9letrajz let\u00f6lt\u00e9se Oktat\u00e1si tev\u00e9kenys\u00e9g: \u00c9p\u00edt\u00e9szet a turizmusban (el\u0151ad\u00e1s+szemin\u00e1rium), Kult\u00fara \u00e9s civiliz\u00e1ci\u00f3 (el\u0151ad\u00e1s+szemin\u00e1rium), Turizmus t\u00f6rt\u00e9net (el\u0151ad\u00e1s), &hellip; <a class=\"more-link\" href=\"https:\/\/geografie.ubbcluj.ro\/pages\/magyarfoldrajz\/?page_id=272\">Continue reading <span class=\"meta-nav\">&rarr;<\/span><\/a><\/p>\n","protected":false},"author":2,"featured_media":0,"parent":40,"menu_order":0,"comment_status":"closed","ping_status":"closed","template":"","meta":{"footnotes":""},"_links":{"self":[{"href":"https:\/\/geografie.ubbcluj.ro\/pages\/magyarfoldrajz\/index.php?rest_route=\/wp\/v2\/pages\/272"}],"collection":[{"href":"https:\/\/geografie.ubbcluj.ro\/pages\/magyarfoldrajz\/index.php?rest_route=\/wp\/v2\/pages"}],"about":[{"href":"https:\/\/geografie.ubbcluj.ro\/pages\/magyarfoldrajz\/index.php?rest_route=\/wp\/v2\/types\/page"}],"author":[{"embeddable":true,"href":"https:\/\/geografie.ubbcluj.ro\/pages\/magyarfoldrajz\/index.php?rest_route=\/wp\/v2\/users\/2"}],"replies":[{"embeddable":true,"href":"https:\/\/geografie.ubbcluj.ro\/pages\/magyarfoldrajz\/index.php?rest_route=%2Fwp%2Fv2%2Fcomments&post=272"}],"version-history":[{"count":13,"href":"https:\/\/geografie.ubbcluj.ro\/pages\/magyarfoldrajz\/index.php?rest_route=\/wp\/v2\/pages\/272\/revisions"}],"predecessor-version":[{"id":1735,"href":"https:\/\/geografie.ubbcluj.ro\/pages\/magyarfoldrajz\/index.php?rest_route=\/wp\/v2\/pages\/272\/revisions\/1735"}],"up":[{"embeddable":true,"href":"https:\/\/geografie.ubbcluj.ro\/pages\/magyarfoldrajz\/index.php?rest_route=\/wp\/v2\/pages\/40"}],"wp:attachment":[{"href":"https:\/\/geografie.ubbcluj.ro\/pages\/magyarfoldrajz\/index.php?rest_route=%2Fwp%2Fv2%2Fmedia&parent=272"}],"curies":[{"name":"wp","href":"https:\/\/api.w.org\/{rel}","templated":true}]}}