{"id":2171,"date":"2019-12-15T19:22:13","date_gmt":"2019-12-15T19:22:13","guid":{"rendered":"http:\/\/geografie.ubbcluj.ro\/pages\/magyarfoldrajz\/?page_id=2171"},"modified":"2019-12-15T20:03:16","modified_gmt":"2019-12-15T20:03:16","slug":"tanulmanyutak-2019-2","status":"publish","type":"page","link":"https:\/\/geografie.ubbcluj.ro\/pages\/magyarfoldrajz\/?page_id=2171","title":{"rendered":"Tanulm\u00e1nyutak &#8211; 2020"},"content":{"rendered":"\n<ol><li><strong>N\u00e9v: Kan\u00e1ri-szigetek (Tenerife \u00e9s La Palma szigetek)<\/strong><\/li><\/ol>\n\n\n\n<p><strong>Helyek sz\u00e1ma<\/strong>: 20 f\u0151<\/p>\n\n\n\n<p><strong>Id\u0151<\/strong>: 9 nap, kb. 2020. febru\u00e1r 28 \u2013 m\u00e1rcius 7. (Az id\u0151pont v\u00e1ltozhat egy kicsit a rep\u00fcl\u0151jegyek \u00e1r\u00e1t\u00f3l f\u00fcgg\u0151en, ez\u00e9rt jelentkez\u00e9skor k\u00f6z\u00f6lj\u00e9tek azt is, hogy hajland\u00f3ak vagytok-e az id\u0151pontv\u00e1ltoz\u00e1shoz alkalmazkodni)<\/p>\n\n\n\n<p><strong>Jelentkez\u00e9s:<\/strong> G\u00e1l Andrea (<a href=\"mailto:gal.andi@yahoo.com\">gal.andi@yahoo.com<\/a>).<\/p>\n\n\n\n<p><strong>Tant\u00e1rgy \/ t\u00e9ma<\/strong>: geomorfol\u00f3gia, hegyi turizmus<\/p>\n\n\n\n<p><strong>Tanulm\u00e1nyi k\u00f6vetelm\u00e9ny<\/strong>: teszt az \u00fat ut\u00e1n<\/p>\n\n\n\n<p><strong>Szervez\u0151: G\u00e1l\nAndrea<\/strong><\/p>\n\n\n\n<p>1. nap: d\u00e9lut\u00e1ni \u00e9rkez\u00e9s Tenerif\u00e9re, elsz\u00e1ll\u00e1sol\u00e1s,\nv\u00e1rosl\u00e1togat\u00e1s<\/p>\n\n\n\n<p>2. nap: T\u00fara a Teid\u00e9re, Eur\u00f3pa m\u00e1sodik legmagasabb akt\u00edv\nvulk\u00e1nj\u00e1ra, 3555 m\u00e9terig felvon\u00f3val megy\u00fcnk fel, ut\u00e1na kevesebb, mint 200 m\nszintk\u00fcl\u00f6nbs\u00e9get megt\u00e9ve \u00e9rj\u00fck el a 3718 m-es cs\u00facsot, majd visszagyalogolunk a\n2356 m\u00e9teren l\u00e9v\u0151 parkol\u00f3ig, k\u00f6zben megn\u00e9zz\u00fck a kalder\u00e1t, a friss kit\u00f6r\u00e9sek\nnyomait, illetve a felsz\u00ednre bukkan\u00f3 lepusztul\u00e1si form\u00e1kat. <\/p>\n\n\n\n<p>3. nap: kir\u00e1ndul\u00e1s Anaga bab\u00e9rerdej\u00e9be: gyalogolva\nmegcsod\u00e1lhatjuk a lombos bab\u00e9rerd\u0151t, Tanagana t\u00f6rt\u00e9nelmi tany\u00e1t, \u00e9s v\u00e9g\u00fcl\nle\u00e9rkez\u00fcnk az \u00f3ce\u00e1npartra, ahol magas partokra jellemz\u0151 abr\u00e1zi\u00f3s form\u00e1kat\nn\u00e9z\u00fcnk meg<\/p>\n\n\n\n<p>4. nap: Tenerife k\u00f6r\u00fat, kisebb v\u00e1rosk\u00e1kat,\ntengerpartokat, tov\u00e1bbi term\u00e9szeti \u00e9rt\u00e9keket csod\u00e1lhatunk meg, a mer\u00e9szebbek az\nAtlanti-\u00f3ce\u00e1n term\u00e9szetes l\u00e1vamedenc\u00e9iben is megm\u00e1rt\u00f3zhatnak<\/p>\n\n\n\n<p>5. nap: \u00e1trep\u00fcl\u00e9s La Palma sziget\u00e9re, elsz\u00e1ll\u00e1sol\u00e1s,\nv\u00e1rosn\u00e9z\u00e9s<\/p>\n\n\n\n<p>6. nap: kr\u00e1terperemi t\u00fara a 2426 m\u00e9teres Roque de los\nMuchachosra, La Palma-sziget cs\u00facs\u00e1ra, ahonnan l\u00e9legzetel\u00e1ll\u00edt\u00f3 kil\u00e1t\u00e1s ny\u00edlik\naz 1500 m\u00e9ter m\u00e9lys\u00e9g\u0171, hatalmas, f\u00e1kkal bor\u00edtott vulk\u00e1ni kr\u00e1ter belsej\u00e9re<\/p>\n\n\n\n<p>7. nap: t\u00fara a kan\u00e1ri-feny\u0151vel bor\u00edtott Taburiente\nkalder\u00e1ban, megtapasztalhatjuk, mit m\u0171vel a v\u00edz egy vulk\u00e1nnal<\/p>\n\n\n\n<p>8. nap: Vulk\u00e1nok \u00fatja t\u00fara, \u0151skori \u00e9s a legutols\u00f3k\u00e9nt\n(1971-ben) kit\u00f6rt Tenegu\u00eda vulk\u00e1nokon megfigyelhetj\u00fck a kit\u00f6r\u00e9sek eredm\u00e9nyeit.\nA fenyvesek, melyek a vulk\u00e1n legnagyobb r\u00e9sz\u00e9t ben\u0151tt\u00e9k, ellens\u00falyozz\u00e1k a f\u00f6ld\ns\u00f6t\u00e9t sz\u00edn\u00e9t, leny\u0171g\u00f6z\u0151 l\u00e1tv\u00e1nyt ny\u00fajtva.<\/p>\n\n\n\n<p>9. nap: hazarep\u00fcl\u00e9s<\/p>\n\n\n\n<p><strong>Sz\u00e1ll\u00e1sok jellege<\/strong>: hosztel\/panzi\u00f3 stb.<\/p>\n\n\n\n<p><strong>\u00c1r:<\/strong> kb. 200-250 eur\u00f3 a rep\u00fcl\u0151jegyek \u00e1ra, kb. 270 eur\u00f3 (sz\u00e1ll\u00e1s, 6 napi buszb\u00e9rl\u00e9s, felvon\u00f3 a Teide-re), \u00f6sszesen kb. 470-520 eur\u00f3 <\/p>\n\n\n\n<p><strong>Jelentkez\u00e9s:<\/strong> december 31-ig, el\u0151leg 100 eur\u00f3, janu\u00e1r 8-ig. T\u00faljelentkez\u00e9s eset\u00e9n a hegyi t\u00far\u00e1z\u00e1sban szerzett tapasztalatot veszem figyelembe. Akikkel m\u00e9g nem volt eddig k\u00f6z\u00f6s t\u00far\u00e1nk, k\u00e9rem, \u00edrj\u00e1k meg, hogy r\u00e9szt vettek-e valaha hegyi t\u00far\u00e1n, ha igen, hol, illetve ha soha nem t\u00far\u00e1ztak, akkor arra lenn\u00e9k k\u00edv\u00e1ncsi, hogy mennyire tartj\u00e1k magukat sportosnak. \u00c1tlagosn\u00e1l nem nehezebbek a t\u00far\u00e1k, \u00e9s majdnem minden t\u00far\u00e1n lesz r\u00f6vid\u00edtett v\u00e1ltozat is, de az lenne az igazi, ha v\u00e9gig egy\u00fctt tudn\u00e1nk t\u00far\u00e1zni.<\/p>\n\n\n\n<figure class=\"wp-block-image\"><img loading=\"lazy\" decoding=\"async\" width=\"800\" height=\"400\" src=\"http:\/\/geografie.ubbcluj.ro\/pages\/magyarfoldrajz\/wp-content\/uploads\/2019\/12\/andi1.jpg\" alt=\"\" class=\"wp-image-2173\" srcset=\"https:\/\/geografie.ubbcluj.ro\/pages\/magyarfoldrajz\/wp-content\/uploads\/2019\/12\/andi1.jpg 800w, https:\/\/geografie.ubbcluj.ro\/pages\/magyarfoldrajz\/wp-content\/uploads\/2019\/12\/andi1-300x150.jpg 300w, https:\/\/geografie.ubbcluj.ro\/pages\/magyarfoldrajz\/wp-content\/uploads\/2019\/12\/andi1-768x384.jpg 768w, https:\/\/geografie.ubbcluj.ro\/pages\/magyarfoldrajz\/wp-content\/uploads\/2019\/12\/andi1-500x250.jpg 500w\" sizes=\"(max-width: 800px) 100vw, 800px\" \/><\/figure>\n\n\n\n<figure class=\"wp-block-image\"><img loading=\"lazy\" decoding=\"async\" width=\"800\" height=\"529\" src=\"http:\/\/geografie.ubbcluj.ro\/pages\/magyarfoldrajz\/wp-content\/uploads\/2019\/12\/andi2.jpg\" alt=\"\" class=\"wp-image-2174\" srcset=\"https:\/\/geografie.ubbcluj.ro\/pages\/magyarfoldrajz\/wp-content\/uploads\/2019\/12\/andi2.jpg 800w, https:\/\/geografie.ubbcluj.ro\/pages\/magyarfoldrajz\/wp-content\/uploads\/2019\/12\/andi2-300x198.jpg 300w, https:\/\/geografie.ubbcluj.ro\/pages\/magyarfoldrajz\/wp-content\/uploads\/2019\/12\/andi2-768x508.jpg 768w, https:\/\/geografie.ubbcluj.ro\/pages\/magyarfoldrajz\/wp-content\/uploads\/2019\/12\/andi2-454x300.jpg 454w\" sizes=\"(max-width: 800px) 100vw, 800px\" \/><\/figure>\n\n\n\n<figure class=\"wp-block-image\"><img loading=\"lazy\" decoding=\"async\" width=\"800\" height=\"628\" src=\"http:\/\/geografie.ubbcluj.ro\/pages\/magyarfoldrajz\/wp-content\/uploads\/2019\/12\/andi3.jpg\" alt=\"\" class=\"wp-image-2175\" srcset=\"https:\/\/geografie.ubbcluj.ro\/pages\/magyarfoldrajz\/wp-content\/uploads\/2019\/12\/andi3.jpg 800w, https:\/\/geografie.ubbcluj.ro\/pages\/magyarfoldrajz\/wp-content\/uploads\/2019\/12\/andi3-300x236.jpg 300w, https:\/\/geografie.ubbcluj.ro\/pages\/magyarfoldrajz\/wp-content\/uploads\/2019\/12\/andi3-768x603.jpg 768w, https:\/\/geografie.ubbcluj.ro\/pages\/magyarfoldrajz\/wp-content\/uploads\/2019\/12\/andi3-382x300.jpg 382w\" sizes=\"(max-width: 800px) 100vw, 800px\" \/><\/figure>\n\n\n\n<figure class=\"wp-block-image\"><img loading=\"lazy\" decoding=\"async\" width=\"800\" height=\"450\" src=\"http:\/\/geografie.ubbcluj.ro\/pages\/magyarfoldrajz\/wp-content\/uploads\/2019\/12\/andi4.jpg\" alt=\"\" class=\"wp-image-2176\" srcset=\"https:\/\/geografie.ubbcluj.ro\/pages\/magyarfoldrajz\/wp-content\/uploads\/2019\/12\/andi4.jpg 800w, https:\/\/geografie.ubbcluj.ro\/pages\/magyarfoldrajz\/wp-content\/uploads\/2019\/12\/andi4-300x169.jpg 300w, https:\/\/geografie.ubbcluj.ro\/pages\/magyarfoldrajz\/wp-content\/uploads\/2019\/12\/andi4-768x432.jpg 768w, https:\/\/geografie.ubbcluj.ro\/pages\/magyarfoldrajz\/wp-content\/uploads\/2019\/12\/andi4-500x281.jpg 500w\" sizes=\"(max-width: 800px) 100vw, 800px\" \/><\/figure>\n\n\n\n<hr class=\"wp-block-separator\"\/>\n\n\n\n<p>2. <strong>N\u00e9v: \u00c9szak-Alf\u00f6ld<\/strong><\/p>\n\n\n\n<p><strong>Helyek sz\u00e1ma<\/strong>: min. 20 f\u0151<\/p>\n\n\n\n<p><strong>Id\u0151<\/strong>: 4 nap, kb. 2020. \u00e1prilis 23\u201327.<\/p>\n\n\n\n<p><strong>Jelentkez\u00e9s<\/strong>: Talpas J\u00e1nos (<a href=\"mailto:talpasjanos@yahoo.com\">talpasjanos@yahoo.com<\/a>)<\/p>\n\n\n\n<p><strong>Tant\u00e1rgy \/ t\u00e9ma<\/strong>: Turizmusf\u00f6ldrajz (term\u00e1lvizek hasznos\u00edt\u00e1sa, m\u0171eml\u00e9kek ismertet\u00e9se), Rom\u00e1nia turizmusf\u00f6ldrajza (l\u00e1togat\u00e1s Rom\u00e1nia \u00e9szaknyugati r\u00e9gi\u00f3j\u00e1ban), V\u00e1rosi turizmus (v\u00e1rosl\u00e1togat\u00e1s), Vid\u00e9ki turizmus (gasztron\u00f3mia).<\/p>\n\n\n\n<p><strong>Tanulm\u00e1nyi k\u00f6vetelm\u00e9ny<\/strong>: sz\u00f3beli, az \u00fat alatt.<\/p>\n\n\n\n<p><strong>Szervez\u0151: Talpas\nJ\u00e1nos<\/strong><\/p>\n\n\n\n<p>Helysz\u00ednek: Nagyk\u00e1roly (K\u00e1rolyi-kast\u00e9ly), Ny\u00edregyh\u00e1za\n(S\u00f3st\u00f3f\u00fcrd\u0151 \u00e9s \u00e1llatkert), Kassa, Tokaji-borvid\u00e9k, Debrecen, Gyula.<\/p>\n\n\n\n<p>Sz\u00e1ll\u00e1s sz\u00e1llod\u00e1ban.<\/p>\n\n\n\n<p><strong>\u00c1r:<\/strong> 550 lej.<\/p>\n\n\n\n<p>Az \u00e1r tartalmazza a sz\u00e1ll\u00edt\u00e1st, a buszt, a bork\u00f3stol\u00e1s\n\u00e1r\u00e1t.<\/p>\n\n\n\n<p><strong>Jelentkez\u00e9s<\/strong>: 2020. janu\u00e1r 15-ig, 200 lej el\u0151leggel.<\/p>\n\n\n\n<hr class=\"wp-block-separator\"\/>\n\n\n\n<p>3. <strong>N\u00e9v: Szlov\u00e9nia \u00e9s Toszk\u00e1na<\/strong><\/p>\n\n\n\n<p><strong>Helyek sz\u00e1ma<\/strong>: 58 f\u0151<\/p>\n\n\n\n<p><strong>Id\u0151:<\/strong> 9 nap, 2020. \u00e1prilis 18\u201326. (indul\u00e1s 17-\u00e9n este)<\/p>\n\n\n\n<p><strong>Jelentkez\u00e9s<\/strong>: M\u00e1th\u00e9 Andr\u00e1s (<a href=\"mailto:matheandras@yahoo.com\">matheandras@yahoo.com<\/a>)<\/p>\n\n\n\n<p><strong>Tant\u00e1rgy \/ t\u00e9ma<\/strong>: \u00c9p\u00edt\u00e9szet a turizmusban, Kult\u00fara \u00e9s civiliz\u00e1ci\u00f3, Szolg\u00e1ltat\u00e1sok, Idegenvezet\u00e9s, Etnokultur\u00e1lis \u00f6vezetek turisztikai \u00e9rt\u00e9kes\u00edt\u00e9se.<\/p>\n\n\n\n<p><strong>Tanulm\u00e1nyi k\u00f6vetelm\u00e9ny<\/strong>: sz\u00f3beli vizsga el\u0151zetes felk\u00e9sz\u00fcl\u00e9s alapj\u00e1n a terepen, majd \u00edr\u00e1sbeli vizsga haza\u00e9rkez\u00e9s ut\u00e1n.<\/p>\n\n\n\n<p><strong>Szervez\u0151: M\u00e1th\u00e9\nAndr\u00e1s<\/strong><\/p>\n\n\n\n<p>Tavaszi terepgyakorlatunkat Szlov\u00e9ni\u00e1ban, a J\u00faliai-Alpok\nt\u00e9rs\u00e9g\u00e9ben kezdj\u00fck meg, megl\u00e1togatjuk Szlov\u00e9nia egyetlen Nemzeti parkj\u00e1t, a <strong>Triglav Nemzeti Parkot<\/strong>, ahol egyr\u00e9szt a\nkarszt felsz\u00edn k\u00fcl\u00f6nleges formavil\u00e1g\u00e1t fogjuk megcsod\u00e1lni, m\u00e1sr\u00e9szt\ngleccsertavakat is, illetve t\u00far\u00e1zni fogunk a <strong>Vintgar szurdokban<\/strong>, amelyet a Radovna foly\u00f3 \u00e9kes\u00edt v\u00edzes\u00e9sekkel,\nmedenc\u00e9kkel \u00e9s zuhatagokkal. Utunkat a t\u0151le nem messze tal\u00e1lhat\u00f3 Bled kedvelt\nt\u00faristak\u00f6zponttal folytatjuk, ahol megcsod\u00e1lhatjuk a <strong>Bled-i tavat<\/strong>, \u00e9s a t\u00f3 k\u00f6zep\u00e9n tal\u00e1lhat\u00f3 szigetet, amely Szlov\u00e9nia\negyetlen szigete, \u00e9s ahova \u00e1tcs\u00f3nak\u00e1zunk majd. Egy itteni saj\u00e1tos van\u00edli\u00e1s\nkr\u00e9mes s\u00fctem\u00e9ny elfogyaszt\u00e1sa ut\u00e1n nekiv\u00e1gunk a <strong>Bledi v\u00e1rkast\u00e9ly <\/strong>megm\u00e1sz\u00e1s\u00e1nak. Utunkat az UNESCO vil\u00e1g\u00f6r\u00f6ks\u00e9g\nr\u00e9szek\u00e9nt nyilv\u00e1ntartott <strong>Skocjan barlang<\/strong>\nmegl\u00e1togat\u00e1s\u00e1val folytatjuk, amelyben a Reka foly\u00f3 hatalmas szakad\u00e9kot v\u00e1jt,\nez\u00e9rt a f\u00f6ldalatti Grand kanyonk\u00e9nt is emlegetik. Tov\u00e1bb\u00e1 az Adriai tenger\npartj\u00e1n fekv\u0151 <strong>Piran k\u00f6z\u00e9pkori\nkik\u00f6t\u0151v\u00e1ros\u00e1t<\/strong> l\u00e1togatjuk meg, ahol felfedezz\u00fck a hangulatos sz\u0171k utc\u00e1kat \u00e9s\na k\u00fcl\u00f6nf\u00e9le t\u00f6rt\u00e9nelmi m\u0171eml\u00e9keket. Tanulm\u00e1nyi utunkat Olaszorsz\u00e1g fest\u0151i\nt\u00e1jain folytatjuk, <strong>Toszk\u00e1na t\u00e9rs\u00e9g\u00e9ben<\/strong>.\nEl\u0151sz\u0151r a k\u00f6z\u00e9pkori Eur\u00f3pa tudom\u00e1nyos k\u00f6zpontj\u00e1t illetve a renesz\u00e1nsz st\u00edlus\nsz\u00fclet\u00e9s\u00e9nek v\u00e1ros\u00e1t l\u00e1togatjuk meg, <strong>Firenz\u00e9t<\/strong>,\nahol t\u00f6bbek k\u00f6z\u00f6tt a hajdani olasz bank\u00e1rcsal\u00e1dok renesz\u00e1nsz palot\u00e1it, az\naranyosok h\u00eddj\u00e1t, a Ponte Vecchiot, az Uffizi k\u00e9pt\u00e1rat, a renesz\u00e1nsz v\u00e1rosh\u00e1z\u00e1t\n\u00e9s nem utols\u00f3 sorban a Firenzei D\u00f3mot fogjuk megl\u00e1togatni. Tov\u00e1bb\u00e1 <strong>Volterr\u00e1t<\/strong>, az etruszkok hajdani\nk\u00f6zpontj\u00e1t fedezz\u00fck fel, hangulatos tereivel, r\u00f3mai sz\u00ednh\u00e1z\u00e1val valamint a\nSanta Mara Assunta katedr\u00e1lis\u00e1val. L\u00e1togat\u00e1sunkat <strong>Siena<\/strong>, Eur\u00f3pa egyik legszebb g\u00f3tikus v\u00e1ros\u00e1val folytatjuk, ahol\n\u00e9vente k\u00e9tszer is megrendezik a palionak nevezett koszt\u00fcm\u00f6s lovasversenyt a\nv\u00e1ros t\u00f6rt\u00e9nelmi k\u00f6zpontj\u00e1ban. Innen <strong>Pienz\u00e1t\n\u00e9s Montepulciano <\/strong>er\u0151d\u00edtettv\u00e1ros\u00e1t\ntekntj\u00fck meg sz\u00e1mtalan k\u00f6z\u00e9pkori m\u0171eml\u00e9keivel \u00e9s hangulatos tereivel. A\ntov\u00e1bbiakban utunk <strong>Arezzo<\/strong> fele visz\nahol a sz\u00e1mos etruszk m\u0171eml\u00e9k mellett k\u00f6z\u00e9pkori templomokat, tereket,\nhangulatos utc\u00e1kat j\u00e1runk be. Toszk\u00e1na hangulatos t\u00e1jait bej\u00e1rva visszat\u00e9r\u00fcnk\nSzlov\u00e9ni\u00e1ba, \u00e9s a f\u0151v\u00e1ros\u00e1nak Ljublj\u00e1n\u00e1nak k\u00fcl\u00f6nb\u00f6z\u0151 m\u0171eml\u00e9keit, illetve a\nv\u00e1ros f\u00f6l\u00e9 emelked\u0151 fellegv\u00e1r\u00e1t tekintj\u00fck meg k\u00f6zelebbr\u0151l. Terepgyakorlatunkat <strong>Celje, <\/strong>Szlov\u00e9nia harmadik legnagyobbv\u00e1ros\u00e1nak megl\u00e1togat\u00e1s\u00e1val z\u00e1rjuk,\nahol els\u0151sorban a <strong>Celjei v\u00e1rat<\/strong>\nvalamint a belv\u00e1ros t\u00f6rt\u00e9nelmi nevezetess\u00e9geit fedezz\u00fck majd fel. <\/p>\n\n\n\n<p><strong>\u00c1r:<\/strong> 270 eur\u00f3.<\/p>\n\n\n\n<p>Az \u00e1r tartalmazza a sz\u00e1ll\u00e1s (6\n\u00e9jszaka hosztelekben), a busz k\u00f6lts\u00e9geit, 4 reggelit.<\/p>\n\n\n\n<p>Jelentkez\u00e9s janu\u00e1r 31-ig, 100 eur\u00f3 el\u0151leggel.<\/p>\n\n\n\n<figure class=\"wp-block-image\"><img loading=\"lazy\" decoding=\"async\" width=\"800\" height=\"533\" src=\"http:\/\/geografie.ubbcluj.ro\/pages\/magyarfoldrajz\/wp-content\/uploads\/2019\/12\/andras1.jpg\" alt=\"\" class=\"wp-image-2178\" srcset=\"https:\/\/geografie.ubbcluj.ro\/pages\/magyarfoldrajz\/wp-content\/uploads\/2019\/12\/andras1.jpg 800w, https:\/\/geografie.ubbcluj.ro\/pages\/magyarfoldrajz\/wp-content\/uploads\/2019\/12\/andras1-300x200.jpg 300w, https:\/\/geografie.ubbcluj.ro\/pages\/magyarfoldrajz\/wp-content\/uploads\/2019\/12\/andras1-768x512.jpg 768w, https:\/\/geografie.ubbcluj.ro\/pages\/magyarfoldrajz\/wp-content\/uploads\/2019\/12\/andras1-450x300.jpg 450w\" sizes=\"(max-width: 800px) 100vw, 800px\" \/><\/figure>\n\n\n\n<figure class=\"wp-block-image\"><img loading=\"lazy\" decoding=\"async\" width=\"800\" height=\"447\" src=\"http:\/\/geografie.ubbcluj.ro\/pages\/magyarfoldrajz\/wp-content\/uploads\/2019\/12\/andras2.jpg\" alt=\"\" class=\"wp-image-2179\" srcset=\"https:\/\/geografie.ubbcluj.ro\/pages\/magyarfoldrajz\/wp-content\/uploads\/2019\/12\/andras2.jpg 800w, https:\/\/geografie.ubbcluj.ro\/pages\/magyarfoldrajz\/wp-content\/uploads\/2019\/12\/andras2-300x168.jpg 300w, https:\/\/geografie.ubbcluj.ro\/pages\/magyarfoldrajz\/wp-content\/uploads\/2019\/12\/andras2-768x429.jpg 768w, https:\/\/geografie.ubbcluj.ro\/pages\/magyarfoldrajz\/wp-content\/uploads\/2019\/12\/andras2-500x279.jpg 500w\" sizes=\"(max-width: 800px) 100vw, 800px\" \/><\/figure>\n\n\n\n<figure class=\"wp-block-image\"><img loading=\"lazy\" decoding=\"async\" width=\"800\" height=\"533\" src=\"http:\/\/geografie.ubbcluj.ro\/pages\/magyarfoldrajz\/wp-content\/uploads\/2019\/12\/andras3.jpg\" alt=\"\" class=\"wp-image-2180\" srcset=\"https:\/\/geografie.ubbcluj.ro\/pages\/magyarfoldrajz\/wp-content\/uploads\/2019\/12\/andras3.jpg 800w, https:\/\/geografie.ubbcluj.ro\/pages\/magyarfoldrajz\/wp-content\/uploads\/2019\/12\/andras3-300x200.jpg 300w, https:\/\/geografie.ubbcluj.ro\/pages\/magyarfoldrajz\/wp-content\/uploads\/2019\/12\/andras3-768x512.jpg 768w, https:\/\/geografie.ubbcluj.ro\/pages\/magyarfoldrajz\/wp-content\/uploads\/2019\/12\/andras3-450x300.jpg 450w\" sizes=\"(max-width: 800px) 100vw, 800px\" \/><\/figure>\n\n\n\n<figure class=\"wp-block-image\"><img loading=\"lazy\" decoding=\"async\" width=\"800\" height=\"450\" src=\"http:\/\/geografie.ubbcluj.ro\/pages\/magyarfoldrajz\/wp-content\/uploads\/2019\/12\/andras4.jpg\" alt=\"\" class=\"wp-image-2181\" srcset=\"https:\/\/geografie.ubbcluj.ro\/pages\/magyarfoldrajz\/wp-content\/uploads\/2019\/12\/andras4.jpg 800w, https:\/\/geografie.ubbcluj.ro\/pages\/magyarfoldrajz\/wp-content\/uploads\/2019\/12\/andras4-300x169.jpg 300w, https:\/\/geografie.ubbcluj.ro\/pages\/magyarfoldrajz\/wp-content\/uploads\/2019\/12\/andras4-768x432.jpg 768w, https:\/\/geografie.ubbcluj.ro\/pages\/magyarfoldrajz\/wp-content\/uploads\/2019\/12\/andras4-500x281.jpg 500w\" sizes=\"(max-width: 800px) 100vw, 800px\" \/><\/figure>\n\n\n\n<hr class=\"wp-block-separator\"\/>\n\n\n\n<p>4. <strong>N\u00e9v: Moldva<\/strong><\/p>\n\n\n\n<p><strong>Helyek sz\u00e1ma: <\/strong>50 f\u0151<\/p>\n\n\n\n<p><strong>Id\u0151:<\/strong> 5 nap, kb. 2020. m\u00e1jus 4\u20138.<\/p>\n\n\n\n<p><strong>Jelentkez\u00e9s<\/strong>: Kov\u00e1cs Csaba (csaba.kovacs@ubbcluj.ro)<\/p>\n\n\n\n<p><strong>Tant\u00e1rgy \/ t\u00e9ma:<\/strong> n\u00e9pess\u00e9g- \u00e9s telep\u00fcl\u00e9sf\u00f6ldrajz, gazdas\u00e1gf\u00f6ldrajz, turizmusf\u00f6ldrajz, szoci\u00e1lgeogr\u00e1fia.<\/p>\n\n\n\n<p><strong>Tanulm\u00e1nyi k\u00f6vetelm\u00e9ny<\/strong>: beadand\u00f3 \u00edr\u00e1sbeli \u00e9lm\u00e9nybesz\u00e1mol\u00f3 az \u00f6t nap alatt l\u00e1tottakr\u00f3l.<\/p>\n\n\n\n<p><strong>Szervez\u0151: Kov\u00e1cs\nCsaba <\/strong><\/p>\n\n\n\n<p><strong>Helysz\u00ednek, l\u00e1tnival\u00f3k<\/strong> <\/p>\n\n\n\n<ol><li>nap: Kolozsv\u00e1r \u2013 Vatra Dornei \u2013 Moldovi\u021ba \u2013 Sucevi\u021ba \u2013 Arbore \u2013\n     Vorone\u021b \u2013 Humor (kolostorok) \u2013&nbsp;\n     Suceava<\/li><li>nap: Suceava (de. v\u00e1rl\u00e1togat\u00e1s) \u2013 Dragomirna \u2013 R\u0103d\u0103u\u021bi \u2013 Siret \u2013 Putna (kolostorok) \u2013 Suceava <\/li><li>nap: Suceava \u2013 Boto\u0219ani \u2013 Soroca (v\u00e1rl\u00e1togat\u00e1s) \u2013 Kisinyov (d\u00e9lut\u00e1n\n     hosszabb meg\u00e1ll\u00f3) \u2013 J\u00e1szv\u00e1s\u00e1r<\/li><li>nap: J\u00e1szv\u00e1s\u00e1r (kult\u00farpalota \u2013 m\u00fazeumok, egyetem, kolostorok)<\/li><li>nap: J\u00e1szv\u00e1s\u00e1r \u2013 Tg. Neam\u021b (v\u00e1rl\u00e1togat\u00e1s) \u2013 Agapia \u2013 V\u0103ratec \u2013 Bistri\u021ba \u2013 Piatra Neam\u021b \u2013\n     Gyergy\u00f3szentmikl\u00f3s \u2013 Kolozsv\u00e1r<\/li><\/ol>\n\n\n\n<p><strong>Sz\u00e1ll\u00e1sok jellege<\/strong>: panzi\u00f3k, hosztelek (Suceava, J\u00e1szv\u00e1s\u00e1r)<\/p>\n\n\n\n<p><strong>\u00c1r<\/strong>: 400 lej (sz\u00e1ll\u00e1s, busz).<\/p>\n\n\n\n<p>Az \u00e1r tartalmazza a sz\u00e1ll\u00e1sok \u00e9s a busz k\u00f6lts\u00e9geit.<\/p>\n\n\n\n<p>Nem tartalmazza az \u00e9tkez\u00e9st, bel\u00e9p\u0151ket (v\u00e1rakba,\nm\u00fazeumba, kolostorokba is van, di\u00e1koknak val\u00f3sz\u00edn\u0171leg engedm\u00e9nyes \u00e1ron),\nutaz\u00e1si biztos\u00edt\u00e1st.<\/p>\n\n\n\n<p>A Moldovai K\u00f6zt\u00e1rsas\u00e1gba szem\u00e9lyi igazolv\u00e1nnyal v.\n\u00fatlev\u00e9lellel lehet utazni, k\u00f6lt\u0151p\u00e9nzt kell v\u00e1ltani (eur\u00f3t, esetleg lejt).<\/p>\n\n\n\n<p>Jelentkez\u00e9s: febru\u00e1r 24-ig. El\u0151leg 200 lej m\u00e1rcius 15-ig,\nm\u00e1sodik r\u00e9szlet \u00e1prilis 24-ig.<\/p>\n\n\n\n<hr class=\"wp-block-separator\"\/>\n\n\n\n<p>5. <strong>N\u00e9v: Izland<\/strong><\/p>\n\n\n\n<p><strong>Helyek sz\u00e1ma<\/strong>: max. 47 f\u0151 (BSc, MSc, volt hallgat\u00f3k, kor\u00e1bbi utasok, p\u00e1rok)<\/p>\n\n\n\n<p><strong>Id\u0151:<\/strong> 6 nap, 2020. m\u00e1jus 7\u201312.<\/p>\n\n\n\n<p><strong>Jelentkez\u00e9s<\/strong>: Bartos-Elekes Zsombor (bezsombor@yahoo.com)<\/p>\n\n\n\n<p><strong>Tant\u00e1rgy \/ t\u00e9ma<\/strong>: Nemzetk\u00f6zi turizmus, Eur\u00f3pa f\u00f6ldrajza.<\/p>\n\n\n\n<p><strong>Tanulm\u00e1nyi k\u00f6vetelm\u00e9ny<\/strong>: \u00edr\u00e1sbeli vizsga a kiadott ismertet\u0151b\u0151l az \u00fat ut\u00e1n.<\/p>\n\n\n\n<p><strong>Szervez\u0151:\nBartos-Elekes Zsombor, Nemerk\u00e9nyi Zsombor<\/strong><\/p>\n\n\n\n<p>A vil\u00e1gban csak elv\u00e9tve, Eur\u00f3p\u00e1ban kiz\u00e1r\u00f3lag itt\ntapasztalhat\u00f3 \u00e9lm\u00e9nyek miatt a term\u00e9szetf\u00f6ldrajzosok \u00e1lma Izland. A t\u00f6m\u00e9ny \u00fat\nsor\u00e1n \u2013 kihaszn\u00e1lva a m\u00e1jusi 18 \u00f3r\u00e1nyi sarkvid\u00e9ki nappalokat \u2013 az utaz\u00e1si\nirod\u00e1k klasszikus k\u00f6r\u00fatj\u00e1t m\u00e9g p\u00e1r kisebb gyalogt\u00far\u00e1val \u00e9s egy t\u00e1volabbi\nsarkvid\u00e9ki k\u00fcl\u00f6nlegess\u00e9ggel is f\u0171szerezz\u00fck, r\u00e1ad\u00e1sul j\u00f3val kedvez\u0151bb \u00e1ron.\nIzland soksz\u00edn\u0171 l\u00e1tnival\u00f3ib\u00f3l a legfontosabbakat tekintj\u00fck meg, \u00e1tfog\u00f3 k\u00e9pet\nadva a sziget f\u00f6ldrajzi saj\u00e1toss\u00e1gair\u00f3l. Kiemelt programpontok:<\/p>\n\n\n\n<p>Izland egyr\u00e9szt a j\u00e9g f\u00f6ldje: a leg\u00e9szakibb orsz\u00e1g,\nGr\u00f6nlandt\u00f3l 300 kilom\u00e9ter se v\u00e1lasztja el, r\u00e1ad\u00e1sul minden m\u00e1st\u00f3l m\u00e9g ink\u00e1bb\nelszigetelt ter\u00fclet. A <em>Vatnaj\u00f6kull<\/em> Eur\u00f3pa legnagyobb \u00e9s legvastagabb\nj\u00e9gtakar\u00f3ja, amelynek a <em>J\u00f6kuls\u00e1rl\u00f3n<\/em> gleccserlag\u00fan\u00e1ja \u00fasz\u00f3 j\u00e9ghegyekkel\nolyan l\u00e1tnival\u00f3, amit Izlandon k\u00edv\u00fcl csak a F\u00f6ld legsz\u00e9ls\u0151s\u00e9gesebb helyein lehet\nel\u00e9rni. Izland m\u00e1sr\u00e9szt a t\u0171z orsz\u00e1ga: ter\u00fclet\u00e9n k\u00fcl\u00f6nlegess\u00e9gek a vulk\u00e1nok (a\nnemr\u00e9g kit\u00f6rt <em>Eyjafjallaj\u00f6kull<\/em>), gejz\u00edrek (<em>Strokkur, Geys\u00edr<\/em>), illetve\na sz\u00ednes vulk\u00e1ni k\u0151zeteken felsz\u00ednre t\u00f6r\u0151 szolfat\u00e1r\u00e1k (<em>Kr\u00fdsuv\u00edk, Selt\u00fan<\/em>);\na j\u00e9gmez\u0151k t\u00f6v\u00e9ben felbukkan\u00f3 sz\u00f6k\u0151h\u00e9vforr\u00e1sok tav\u00e1ban f\u00fcr\u00f6dni is lehet (<em>Blue\nLagoon<\/em>). A j\u00e9ggyalulta l\u00e1vas\u00edkok perem\u00e9n sz\u00e1mtalan v\u00edzes\u00e9s (<em>Gullfoss,\nSk\u00f3gafoss, Seljalandsfoss, Svartifoss <\/em>stb.) alakult ki, a fekete\nbazalthomok\u00fa \u00f3ce\u00e1npartokat abr\u00e1zi\u00f3s szikl\u00e1k d\u00edsz\u00edtik (<em>Reynisfjara<\/em>, <em>Dyrh\u00f3laey<\/em>)\nstb. Miut\u00e1n t\u00far\u00e1zunk a tundr\u00e1n gleccserek, vulk\u00e1nok, gejz\u00edrek, v\u00edzes\u00e9sek \u00e9s\n\u00f3ce\u00e1nparti kil\u00e1t\u00f3pontok k\u00f6rny\u00e9k\u00e9n, ultramodern interakt\u00edv ki\u00e1ll\u00edt\u00e1st is\nmegtapasztalhatunk az ezeket kialak\u00edt\u00f3 jelens\u00e9gekr\u0151l (<em>Lava Centre<\/em>), vagy\nterm\u00e9szetes h\u00e9vforr\u00e1sok vizeiben laz\u00edthatunk (<em>Fontana<\/em>). A viking haj\u00f3sok\nlesz\u00e1rmazottai (l\u00e1sd <em>Sk\u00f3gar<\/em> skanzen, f\u0171tetej\u0171 k\u00f6z\u00e9pkori templomok) m\u00e1ra\na vil\u00e1g egyik legfejlettebb gazdas\u00e1g\u00e1t \u00e9p\u00edtett\u00e9k ki a rendk\u00edv\u00fcl ritk\u00e1n lakott\nszigeten (Erd\u00e9lynyi ter\u00fcleten Kolozsv\u00e1rn\u00e1l kevesebb lakos \u00e9l f\u0151leg <em>Reykjav\u00edk<\/em>ban\n\u00e9s kisebb telep\u00fcl\u00e9seken). Izland term\u00e9szeti \u00e9s t\u00e1rsadalmi vonatkoz\u00e1sainak\njelk\u00e9pes s\u0171r\u00edtm\u00e9nye a <em>\u00deingvellir<\/em> Nemzeti Park: egyr\u00e9szt itt kiv\u00e9telesen\na felsz\u00ednen l\u00e1that\u00f3 az \u00c9szak-Amerikai- \u00e9s az Eur\u00e1zsiai-lemez k\u00f6z\u00f6tti\nhasad\u00e9kv\u00f6lgy, \u00edgy k\u00f6nnyed\u00e9n \u00e1tl\u00e9phet\u00fcnk egyik kontinensr\u0151l a m\u00e1sikra, m\u00e1sr\u00e9szt\nitt gy\u0171lt \u00f6ssze Izland els\u0151 orsz\u00e1ggy\u0171l\u00e9se ezer \u00e9vvel ezel\u0151tt.<\/p>\n\n\n\n<p><strong>Sz\u00e1ll\u00e1sok jellege<\/strong>: hosztelek.<\/p>\n\n\n\n<p><strong>\u00c1r<\/strong>: 350 eur\u00f3 (tartalmazza a busz \u00e9s az 5 sz\u00e1ll\u00e1s k\u00f6lts\u00e9geit, 2 reggelit).<\/p>\n\n\n\n<p>A rep\u00fcl\u0151jegy Budapestr\u0151l vagy Bukarestb\u0151l poggy\u00e1sz n\u00e9lk\u00fcl\naz ut\u00f3bbi id\u0151ben 200\u2013240 eur\u00f3 k\u00f6z\u00f6tt mozgott. Meggondoland\u00f3, hogy az ar\u00e1nylag\nr\u00f6vid utat poggy\u00e1sz n\u00e9lk\u00fcl oldjuk meg (azaz csup\u00e1n a l\u00e9git\u00e1rsas\u00e1g \u00e1ltal\nmegengedett legkisebb k\u00e9zipoggy\u00e1szba minim\u00e1lis felszerel\u00e9st csomagoljunk), helyben\ngondoskodva az \u00e9lelmiszerr\u0151l, \u00e9tkez\u00e9sr\u0151l. A m\u00e1sik lehet\u0151s\u00e9g, hogy t\u00f6bb utas\n\u00f6sszefog \u00e9s egyetlen nagyobb poggy\u00e1szba pakolva minimaliz\u00e1lj\u00e1k a feladott\npoggy\u00e1sz miatti t\u00f6bbletk\u00f6lts\u00e9get, \u00edgy itthonr\u00f3l ak\u00e1r \u00e9lelmiszert sz\u00e1ll\u00edthatunk,\nmert a hosztelekben felszerelt konyha van. <\/p>\n\n\n\n<p>Ak\u00e1r rom\u00e1n, ak\u00e1r magyar \u00e1llampolg\u00e1rok sz\u00e1m\u00e1ra a\nbeutaz\u00e1shoz el\u00e9gs\u00e9ges a szem\u00e9lyi igazolv\u00e1ny.<\/p>\n\n\n\n<p><strong>Bel\u00e9p\u0151k:<\/strong> a term\u00e9szeti l\u00e1tnival\u00f3k mind ingyenesek, fizet\u0151s csak az am\u00fagy kihagyhat\u00f3 term\u00e1lf\u00fcrd\u0151, vulkanol\u00f3giai ki\u00e1ll\u00edt\u00e1s \u00e9s a haj\u00f3z\u00e1s a j\u00e9ghegyek k\u00f6z\u00f6tt.<\/p>\n\n\n\n<p><strong>Jelentkez\u00e9s:<\/strong> jelentkez\u00e9si sz\u00e1nd\u00e9k\u00e1t <em>Izland<\/em> t\u00e1rgy\u00fa lev\u00e9lben jelezze december 29-ig. December 30-\u00e1n mindenkit \u00e9rtes\u00edt\u00fcnk a jelentkez\u00e9s\u00e9nek helyzet\u00e9r\u0151l. T\u00faljelentkez\u00e9s eset\u00e9ben el\u0151nyt \u00e9lveznek egyr\u00e9szt a jelenlegi di\u00e1kok k\u00f6z\u00fcl a magasabb tanulm\u00e1nyi \u00e1tlag\u00faak, m\u00e1sr\u00e9szt a volt hallgat\u00f3ink, kor\u00e1bbi utast\u00e1rsaink. Kifizet\u00e9si r\u00e9szletek: janu\u00e1r 6-\u00e1n (100 eur\u00f3), m\u00e1rcius elej\u00e9n (150 eur\u00f3) \u00e9s \u00e1prilis elej\u00e9n (100 eur\u00f3). Senki ne v\u00e1s\u00e1roljon rep\u00fcl\u0151jegyet az els\u0151 r\u00e9szlet kifizet\u00e9se el\u0151tt!<\/p>\n\n\n\n<figure class=\"wp-block-image\"><img loading=\"lazy\" decoding=\"async\" width=\"800\" height=\"533\" src=\"http:\/\/geografie.ubbcluj.ro\/pages\/magyarfoldrajz\/wp-content\/uploads\/2019\/12\/zsombi1.jpg\" alt=\"\" class=\"wp-image-2182\" srcset=\"https:\/\/geografie.ubbcluj.ro\/pages\/magyarfoldrajz\/wp-content\/uploads\/2019\/12\/zsombi1.jpg 800w, https:\/\/geografie.ubbcluj.ro\/pages\/magyarfoldrajz\/wp-content\/uploads\/2019\/12\/zsombi1-300x200.jpg 300w, https:\/\/geografie.ubbcluj.ro\/pages\/magyarfoldrajz\/wp-content\/uploads\/2019\/12\/zsombi1-768x512.jpg 768w, https:\/\/geografie.ubbcluj.ro\/pages\/magyarfoldrajz\/wp-content\/uploads\/2019\/12\/zsombi1-450x300.jpg 450w\" sizes=\"(max-width: 800px) 100vw, 800px\" \/><\/figure>\n\n\n\n<figure class=\"wp-block-image\"><img loading=\"lazy\" decoding=\"async\" width=\"800\" height=\"533\" src=\"http:\/\/geografie.ubbcluj.ro\/pages\/magyarfoldrajz\/wp-content\/uploads\/2019\/12\/zsombi2.jpg\" alt=\"\" class=\"wp-image-2183\" srcset=\"https:\/\/geografie.ubbcluj.ro\/pages\/magyarfoldrajz\/wp-content\/uploads\/2019\/12\/zsombi2.jpg 800w, https:\/\/geografie.ubbcluj.ro\/pages\/magyarfoldrajz\/wp-content\/uploads\/2019\/12\/zsombi2-300x200.jpg 300w, https:\/\/geografie.ubbcluj.ro\/pages\/magyarfoldrajz\/wp-content\/uploads\/2019\/12\/zsombi2-768x512.jpg 768w, https:\/\/geografie.ubbcluj.ro\/pages\/magyarfoldrajz\/wp-content\/uploads\/2019\/12\/zsombi2-450x300.jpg 450w\" sizes=\"(max-width: 800px) 100vw, 800px\" \/><\/figure>\n\n\n\n<figure class=\"wp-block-image\"><img loading=\"lazy\" decoding=\"async\" width=\"800\" height=\"533\" src=\"http:\/\/geografie.ubbcluj.ro\/pages\/magyarfoldrajz\/wp-content\/uploads\/2019\/12\/zsombi3.jpg\" alt=\"\" class=\"wp-image-2184\" srcset=\"https:\/\/geografie.ubbcluj.ro\/pages\/magyarfoldrajz\/wp-content\/uploads\/2019\/12\/zsombi3.jpg 800w, https:\/\/geografie.ubbcluj.ro\/pages\/magyarfoldrajz\/wp-content\/uploads\/2019\/12\/zsombi3-300x200.jpg 300w, https:\/\/geografie.ubbcluj.ro\/pages\/magyarfoldrajz\/wp-content\/uploads\/2019\/12\/zsombi3-768x512.jpg 768w, https:\/\/geografie.ubbcluj.ro\/pages\/magyarfoldrajz\/wp-content\/uploads\/2019\/12\/zsombi3-450x300.jpg 450w\" sizes=\"(max-width: 800px) 100vw, 800px\" \/><figcaption>Skogafoss waterfall. Famous landmark of Iceland. Summer landscape on a sunny day. Amazing in nature<\/figcaption><\/figure>\n\n\n\n<figure class=\"wp-block-image\"><img loading=\"lazy\" decoding=\"async\" width=\"800\" height=\"450\" src=\"http:\/\/geografie.ubbcluj.ro\/pages\/magyarfoldrajz\/wp-content\/uploads\/2019\/12\/zsombi4.jpg\" alt=\"\" class=\"wp-image-2185\" srcset=\"https:\/\/geografie.ubbcluj.ro\/pages\/magyarfoldrajz\/wp-content\/uploads\/2019\/12\/zsombi4.jpg 800w, https:\/\/geografie.ubbcluj.ro\/pages\/magyarfoldrajz\/wp-content\/uploads\/2019\/12\/zsombi4-300x169.jpg 300w, https:\/\/geografie.ubbcluj.ro\/pages\/magyarfoldrajz\/wp-content\/uploads\/2019\/12\/zsombi4-768x432.jpg 768w, https:\/\/geografie.ubbcluj.ro\/pages\/magyarfoldrajz\/wp-content\/uploads\/2019\/12\/zsombi4-500x281.jpg 500w\" sizes=\"(max-width: 800px) 100vw, 800px\" \/><\/figure>\n","protected":false},"excerpt":{"rendered":"<p>N\u00e9v: Kan\u00e1ri-szigetek (Tenerife \u00e9s La Palma szigetek) Helyek sz\u00e1ma: 20 f\u0151 Id\u0151: 9 nap, kb. 2020. febru\u00e1r 28 \u2013 m\u00e1rcius 7. (Az id\u0151pont v\u00e1ltozhat egy kicsit a rep\u00fcl\u0151jegyek \u00e1r\u00e1t\u00f3l f\u00fcgg\u0151en, ez\u00e9rt jelentkez\u00e9skor k\u00f6z\u00f6lj\u00e9tek azt is, hogy hajland\u00f3ak vagytok-e az id\u0151pontv\u00e1ltoz\u00e1shoz &hellip; <a class=\"more-link\" href=\"https:\/\/geografie.ubbcluj.ro\/pages\/magyarfoldrajz\/?page_id=2171\">Continue reading <span class=\"meta-nav\">&rarr;<\/span><\/a><\/p>\n","protected":false},"author":4,"featured_media":0,"parent":464,"menu_order":0,"comment_status":"closed","ping_status":"closed","template":"","meta":{"footnotes":""},"_links":{"self":[{"href":"https:\/\/geografie.ubbcluj.ro\/pages\/magyarfoldrajz\/index.php?rest_route=\/wp\/v2\/pages\/2171"}],"collection":[{"href":"https:\/\/geografie.ubbcluj.ro\/pages\/magyarfoldrajz\/index.php?rest_route=\/wp\/v2\/pages"}],"about":[{"href":"https:\/\/geografie.ubbcluj.ro\/pages\/magyarfoldrajz\/index.php?rest_route=\/wp\/v2\/types\/page"}],"author":[{"embeddable":true,"href":"https:\/\/geografie.ubbcluj.ro\/pages\/magyarfoldrajz\/index.php?rest_route=\/wp\/v2\/users\/4"}],"replies":[{"embeddable":true,"href":"https:\/\/geografie.ubbcluj.ro\/pages\/magyarfoldrajz\/index.php?rest_route=%2Fwp%2Fv2%2Fcomments&post=2171"}],"version-history":[{"count":4,"href":"https:\/\/geografie.ubbcluj.ro\/pages\/magyarfoldrajz\/index.php?rest_route=\/wp\/v2\/pages\/2171\/revisions"}],"predecessor-version":[{"id":2187,"href":"https:\/\/geografie.ubbcluj.ro\/pages\/magyarfoldrajz\/index.php?rest_route=\/wp\/v2\/pages\/2171\/revisions\/2187"}],"up":[{"embeddable":true,"href":"https:\/\/geografie.ubbcluj.ro\/pages\/magyarfoldrajz\/index.php?rest_route=\/wp\/v2\/pages\/464"}],"wp:attachment":[{"href":"https:\/\/geografie.ubbcluj.ro\/pages\/magyarfoldrajz\/index.php?rest_route=%2Fwp%2Fv2%2Fmedia&parent=2171"}],"curies":[{"name":"wp","href":"https:\/\/api.w.org\/{rel}","templated":true}]}}