{"id":185,"date":"2012-11-26T17:53:02","date_gmt":"2012-11-26T17:53:02","guid":{"rendered":"http:\/\/geografie.ubbcluj.ro\/pages\/magyarfoldrajz\/?page_id=185"},"modified":"2013-01-29T13:26:57","modified_gmt":"2013-01-29T13:26:57","slug":"chjft","status":"publish","type":"page","link":"https:\/\/geografie.ubbcluj.ro\/pages\/magyarfoldrajz\/?page_id=185","title":{"rendered":"ChJFT"},"content":{"rendered":"<p>A F\u00f6ldrajz karon magyarul oktat\u00f3 tan\u00e1rok 2005-ben \u00e9rezt\u00e9k el\u00e9rkezettnek azt a pillanatot, amikor egyes\u00fcletbe t\u00f6m\u00f6r\u00fclhetnek. Febru\u00e1rban megalakult a <span style=\"color: #0000ff;\"><a href=\"http:\/\/cholnoky.ro\/\" target=\"_blank\"><span style=\"color: #0000ff;\"><strong>Cholnoky Jen\u0151 F\u00f6ldrajzi T\u00e1rsas\u00e1g<\/strong><\/span><\/a><\/span>, non-profit jogi szem\u00e9lyis\u00e9gk\u00e9nt. R\u00f6gt\u00f6n csatakozott a <span style=\"color: #0000ff;\"><a href=\"http:\/\/kmei.ro\" target=\"_blank\"><span style=\"color: #0000ff;\"><strong>Kolozsv\u00e1ri Magyar Egyetemi Int\u00e9zet<\/strong><\/span><\/a><\/span>hez, amely erny\u0151szervezete k\u00edv\u00e1nt lenni a l\u00e9trej\u00f6v\u0151, karok h\u00e1tt\u00e9rint\u00e9zm\u00e9nyek\u00e9nt m\u0171k\u00f6d\u0151 egyes\u00fcleteknek. A ChJFT alapvet\u0151 feladata a f\u00f6ldrajz karon foly\u00f3 magyar nyelv\u0171 oktat\u00e1s t\u00e1mogat\u00e1sa. Egyes\u00fcletk\u00e9nt lehet\u0151s\u00e9g\u00fcnk volt p\u00e1ly\u00e1zatokon t\u00e1mogat\u00e1st nyerni k\u00fcl\u00f6nb\u00f6z\u0151 tev\u00e9kenys\u00e9gekhez, mint szakkoll\u00e9gium, di\u00e1k-tan\u00e1r k\u00f6z\u00f6s kutat\u00e1s, terepgyakorlatok, kutat\u00e1si eszk\u00f6z\u00f6k beszerz\u00e9se stb.<\/p>\n<p>Egyes\u00fclet\u00fcnk n\u00e9v-v\u00e1laszt\u00e1sa nem v\u00e9letlen. N\u00e9vad\u00f3nk tan\u00e1ra volt az egyetem\u00fcnk el\u0151dj\u00e9nek tekinthet\u0151 Ferenc J\u00f3zsef Tudom\u00e1nyegyetemnek. Tev\u00e9kenys\u00e9g\u00e9nek konkr\u00e9t nyomait is fellelt\u00fck karunkon, jelent\u0151s t\u00e9rk\u00e9p \u00e9s f\u00e9nyk\u00e9p gy\u0171jtem\u00e9ny form\u00e1j\u00e1ban. Ennek a kincsnek a bemutat\u00e1s\u00e1ra hoztuk l\u00e9tre a <span style=\"color: #0000ff;\"><a href=\"http:\/\/hagyatek.cholnoky.ro\/\" target=\"_blank\"><span style=\"color: #0000ff;\"><strong>Hagyat\u00e9k<\/strong><\/span><\/a><\/span>ot bemutat\u00f3 honlapot, ahol a gy\u0171jtem\u00e9ny bemutat\u00e1s\u00e1n t\u00fal kutat\u00e1si eredm\u00e9nyeink is megtal\u00e1lhat\u00f3k.<\/p>\n<p>Az \u00e9vek sor\u00e1n tev\u00e9kenys\u00e9g\u00fcnk kib\u0151v\u00fclt, bekapcsol\u00f3dtunk a term\u00e9szetv\u00e9delembe is. 2008-ban a Cholnoky Jen\u0151 F\u00f6ldrajzi T\u00e1rsas\u00e1g kezdem\u00e9nyez\u00e9s\u00e9re indult el a KORPA projekt. Korond \u00e9s Parajd telep\u00fcl\u00e9sek r\u00f6vid\u00edt\u00e9s\u00e9b\u0151l sz\u00fcletett meg ez az \u00e9rdekes projektn\u00e9v. C\u00e9lja a t\u00e9rs\u00e9gben megfordul\u00f3 \u00e1tutaz\u00f3kb\u00f3l \u00e9jszak\u00e1z\u00f3 vend\u00e9get faragni, k\u00e9sz programcsomagok (gyalogos t\u00fara\u00fatvonalak, ker\u00e9kp\u00e1rutak, tan\u00f6sv\u00e9nyek, tematikus z\u00f6ld utak) l\u00e9trehoz\u00e1sa r\u00e9v\u00e9n, ismertt\u00e9 tenni a t\u00e9rs\u00e9get val\u00f3s \u00e9rt\u00e9keinek bemutat\u00e1sa \u00e1ltal tov\u00e1bb\u00e1 a term\u00e9szetbar\u00e1t turizmus p\u00e9lda\u00e9rt\u00e9k\u0171 el\u0151t\u00e9rbe helyez\u00e9se, a hagyom\u00e1nyos \u00e9letm\u00f3d fenntart\u00e1sa \u00e9s tart\u00f3s fejleszt\u00e9se. A KORPA projekt ugyanakkor partners\u00e9gr\u0151l is sz\u00f3l, helyi \u00f6nkorm\u00e1nyzatok, civil szervezetek, iskol\u00e1k \u00e9s mag\u00e1nszem\u00e9lyek hat\u00e9kony egy\u00fcttm\u0171k\u00f6d\u00e9se r\u00e9v\u00e9n val\u00f3sul meg.<\/p>\n<p>A projekt c\u00e9lter\u00fclete a Kalonda-tet\u0151 \u00e9s a parajdi S\u00f3hegy \u00e1ltal k\u00f6zrez\u00e1rt medence illetve a Firtos-hegy\u00a0 Sikl\u00f3d-k\u0151 vonulat \u00e9s a t\u0151le nyugatra megh\u00faz\u00f3d\u00f3 K\u00fcsm\u00f6d-patak v\u00edzgy\u0171jt\u0151je. A megc\u00e9lzott telep\u00fcl\u00e9sek a k\u00f6vetkez\u0151k: Korond, Parajd, Als\u00f3s\u00f3falva, Fels\u0151s\u00f3falva, Atyha, P\u00e1lpataka (B\u00e9k\u00e1s-tanya is), Feny\u0151k\u00fat (Kalonda is), K\u0151rispatak, P\u00e1lfalva, Firtosv\u00e1ralja, \u00c9nlaka, Et\u00e9d, K\u00fcsm\u00f6d, Sikl\u00f3d.<\/p>\n<p>Az els\u0151 m\u00e1sf\u00e9l \u00e9v egy ENSZ alap\u00fa t\u00e1mogat\u00e1ssal indult (<a href=\"http:\/\/sgp.undp.org\/index.php?option=com_sgpprojects&amp;view=projectdetail&amp;id=14718&amp;Itemid=205#.UQep4fLkxIG\" target=\"_blank\"><span style=\"color: #0000ff;\"><strong>GEF Small Grants Programme<\/strong><\/span><\/a>), \u00edgy siker\u00fclt ki\u00e9p\u00edteni az orsz\u00e1g els\u0151 biciklis tan\u00f6sv\u00e9ny\u00e9t Korond k\u00f6rny\u00e9k\u00e9n (<a href=\"http:\/\/www.bikeroute.ro\/\" target=\"_blank\"><span style=\"color: #0000ff;\"><strong>a biciklis utak honlapja<\/strong><\/span><\/a>).A GEF Program tov\u00e1bbi feladatai: a Feny\u0151k\u00fati T\u0151zegl\u00e1p felm\u00e9r\u00e9se, v\u00e9delme; meg\u00fajul\u00f3 energiaforr\u00e1sok (nap-, sz\u00e9lenergia) hasznos\u00edt\u00e1sa P\u00e1lpatak\u00e1n; a t\u00e9rs\u00e9g \u00e1sv\u00e1nyvizeinek felv\u00e9tele a Sz\u00e9kelyf\u00f6ldi \u00c1sv\u00e1nyv\u00edzkataszterbe valamint erdei gy\u00fcm\u00f6lcs\u00f6k \u00e9s gy\u00f3gyn\u00f6v\u00e9nyek sz\u00e1r\u00edt\u00e1sa, csomagol\u00e1sa \u00e9s hasznos\u00edt\u00e1sa. A biciklis utat egy borvizes tan\u00f6sv\u00e9ny kijel\u00f6l\u00e9se k\u00f6vette.<\/p>\n<p>2010-ben megalakult a <a href=\"http:\/\/www.korpa.ro\/\" target=\"_blank\"><span style=\"color: #0000ff;\"><strong>Korond \u2013 Parajd Term\u00e9szetv\u00e9delmi Gondnoks\u00e1g<\/strong><\/span><\/a>, amely elnyerte a parajdi S\u00f3szoros Term\u00e9szetv\u00e9delmi Ter\u00fclet, korondi Csiga-domb Geol\u00f3giai Rezerv\u00e1tum \u00e9s Feny\u0151k\u00fati-t\u0151zegl\u00e1p Natura2000 ter\u00fclet kezel\u00e9s\u00e9t. A k\u00f6vetkez\u0151 \u00e9vben meg\u00e9p\u00fclt a Korondi Term\u00e9szetv\u00e9delmi Ki\u00e1ll\u00edt\u00e1s a <a href=\"http:\/\/www.polgartars.ro\/\" target=\"_blank\"><span style=\"color: #0000ff;\"><strong>Polg\u00e1rt\u00e1rs Alap\u00edtv\u00e1ny<\/strong><\/span><\/a> \u00e9s a <a href=\"http:\/\/www.molromania.ro\/ro\/despre_mol\/centrul_de_presa\/stiri\/2013\/mol_rom_nia__i_funda_ia_pentru_parteneriat_lanseaz___bdquo_spa_ii_verzi_rdquo__pentru_cei_ce_vor_mai_mult_verde\/\" target=\"_blank\"><span style=\"color: #0000ff;\"><strong>Mol<\/strong><\/span><\/a> \u00e1ltal meghirdetett \u201eZ\u00f6ld\u00f6vezet program\u201d keret\u00e9n bel\u00fcl. Ugyancsak 2011-ben \u00e9p\u00fclt ki 1-1 tan\u00f6sv\u00e9ny a Csiga-dombon \u00e9s a S\u00f3-szorosban.<a href=\"http:\/\/geografie.ubbcluj.ro\/pages\/magyarfoldrajz\/wp-content\/uploads\/2013\/01\/kiallitas_.jpg\"><img loading=\"lazy\" decoding=\"async\" class=\"alignright size-full wp-image-506\" title=\"A term\u00e9szetv\u00e9delmi ki\u00e1l\u00edt\u00e1s r\u00e9szlete\" src=\"http:\/\/geografie.ubbcluj.ro\/pages\/magyarfoldrajz\/wp-content\/uploads\/2013\/01\/kiallitas_.jpg\" alt=\"\" width=\"300\" height=\"225\" \/><\/a><\/p>\n<p>&nbsp;<\/p>\n<p>&nbsp;<\/p>\n<p style=\"text-align: center;\">Az els\u0151 megval\u00f3s\u00edt\u00e1s: a korondi Term\u00e9szetv\u00e9delmi Ki\u00e1ll\u00edt\u00e1s<\/p>\n<p>&nbsp;<\/p>\n<p>&nbsp;<\/p>\n<p><a href=\"http:\/\/geografie.ubbcluj.ro\/pages\/magyarfoldrajz\/wp-content\/uploads\/2013\/01\/soszoros.jpg\" target=\"_blank\"><img loading=\"lazy\" decoding=\"async\" class=\"alignleft size-full wp-image-510\" title=\"A S\u00f3-szoros bej\u00e1rata\" src=\"http:\/\/geografie.ubbcluj.ro\/pages\/magyarfoldrajz\/wp-content\/uploads\/2013\/01\/soszoros_.jpg\" alt=\"\" width=\"300\" height=\"225\" \/><\/a><\/p>\n<p>&nbsp;<\/p>\n<p>&nbsp;<\/p>\n<p style=\"text-align: center;\">A parajdi s\u00f3-szorosban szakavatott idegenvezet\u0151k, val\u00f3j\u00e1ban di\u00e1kjaink vezetik v\u00e9gig a kedves l\u00e1togat\u00f3t<\/p>\n<p>&nbsp;<\/p>\n<p>&nbsp;<\/p>\n<p><a href=\"http:\/\/geografie.ubbcluj.ro\/pages\/magyarfoldrajz\/wp-content\/uploads\/2013\/01\/csigadomb.jpg\" target=\"_blank\"><img loading=\"lazy\" decoding=\"async\" class=\"alignright size-full wp-image-504\" title=\"A Csigadomb term\u00e9szetv\u00e9delmi ter\u00fclet bej\u00e1rata\" src=\"http:\/\/geografie.ubbcluj.ro\/pages\/magyarfoldrajz\/wp-content\/uploads\/2013\/01\/csigadomb_.jpg\" alt=\"\" width=\"300\" height=\"225\" \/><\/a><\/p>\n<p>&nbsp;<\/p>\n<p>&nbsp;<\/p>\n<p style=\"text-align: center;\">A Csigadomb geol\u00f3giai rezerv\u00e1ci\u00f3, az egykori aragonit feldolgoz\u00f3 m\u0171hely nyersanyag\u00e1t szolg\u00e1ltatta.<\/p>\n<p>&nbsp;<\/p>\n<p>&nbsp;<\/p>\n<p>A 2012-es \u00e9v is b\u0151velkedett tev\u00e9kenys\u00e9gekben, ekkor ny\u00edlt meg az orsz\u00e1gban egyed\u00fcl\u00e1ll\u00f3 <a href=\"http:\/\/aragonit-knop.ro\/index.html\" target=\"_blank\"><span style=\"color: #0000ff;\"><strong>Aragonit M\u00fazeum<\/strong><\/span><\/a>, valamint indult be a <a href=\"http:\/\/www.korpa.ro\/okoturizmus\/korondi-seta\/\" target=\"_blank\"><span style=\"color: #0000ff;\"><strong>Korondi s\u00e9ta<\/strong><\/span><\/a> elnevez\u00e9s\u0171 Korond \u00e9rt\u00e9keit fel\u00f6lel\u0151 \u00f6koturisztikai program, amely a falu term\u00e9szeti \u00e9s kultur\u00e1lis l\u00e1tv\u00e1nyoss\u00e1gait, illetve a k\u00e9zm\u0171vesek m\u0171helyeit k\u00f6ti \u00f6ssze.<\/p>\n<p><a href=\"http:\/\/geografie.ubbcluj.ro\/pages\/magyarfoldrajz\/wp-content\/uploads\/2013\/01\/aragonit.jpg\" target=\"_blank\"><img loading=\"lazy\" decoding=\"async\" class=\"alignleft size-full wp-image-502\" title=\"R\u00e9szlet az aragonit m\u00fazeumb\u00f3l\" src=\"http:\/\/geografie.ubbcluj.ro\/pages\/magyarfoldrajz\/wp-content\/uploads\/2013\/01\/aragonit_.jpg\" alt=\"\" width=\"300\" height=\"225\" \/><\/a><\/p>\n<p>&nbsp;<\/p>\n<p>&nbsp;<\/p>\n<p style=\"text-align: center;\">A Knop Vencel Aragonit M\u00fazeum egyed\u00fcl\u00e1ll\u00f3 az orsz\u00e1gban.<\/p>\n<p>&nbsp;<\/p>\n<p>&nbsp;<\/p>\n<p><a href=\"http:\/\/geografie.ubbcluj.ro\/pages\/magyarfoldrajz\/wp-content\/uploads\/2013\/01\/pal.jpg\" target=\"_blank\"><img loading=\"lazy\" decoding=\"async\" class=\"size-full wp-image-508 alignright\" title=\"P\u00e1l \u00c1rp\u00e1d m\u0171hely\u00e9ben\" src=\"http:\/\/geografie.ubbcluj.ro\/pages\/magyarfoldrajz\/wp-content\/uploads\/2013\/01\/pal_.jpg\" alt=\"\" width=\"300\" height=\"225\" \/><\/a><\/p>\n<p><a href=\"http:\/\/geografie.ubbcluj.ro\/pages\/magyarfoldrajz\/wp-content\/uploads\/2013\/01\/taplo.jpg\" target=\"_blank\"><img loading=\"lazy\" decoding=\"async\" class=\"size-full wp-image-512 alignleft\" title=\"Tapl\u00f3feldolgoz\u00e1s\" src=\"http:\/\/geografie.ubbcluj.ro\/pages\/magyarfoldrajz\/wp-content\/uploads\/2013\/01\/taplo_.jpg\" alt=\"\" width=\"300\" height=\"225\" \/><\/a><\/p>\n<p>&nbsp;<\/p>\n<p style=\"text-align: center;\">A korondi s\u00e9ta egyik \u00e1llom\u00e1sa P\u00e1l \u00c1rp\u00e1d m\u0171helye, aki egyedi k\u00e1lyhacsemp\u00e9t gy\u00e1rt.<\/p>\n<p>&nbsp;<\/p>\n<p>&nbsp;<\/p>\n<p>&nbsp;<\/p>\n<p>&nbsp;<\/p>\n<p>&nbsp;<\/p>\n<p>&nbsp;<\/p>\n<p style=\"text-align: center;\">A korondi s\u00e9ta bemutatja a kihal\u00f3ban l\u00e9v\u0151 tapl\u00f3feldolgoz\u00e1s mestereit is<\/p>\n<p>&nbsp;<\/p>\n<p>&nbsp;<\/p>\n<p>Jelenleg is t\u00f6bb sz\u00e1lon, t\u00f6bb t\u00edpus\u00fa projekt zajlik, \u00faj \u00f6tletek sz\u00fcletnek \u00e9s kivitelez\u0151dnek. Tov\u00e1bbi inform\u00e1ci\u00f3k\u00e9rt k\u00e9rj\u00fck, l\u00e1togassa meg a <a href=\"http:\/\/www.korpa.ro\/\" target=\"_blank\"><span style=\"color: #0000ff;\"><strong>KORPA<\/strong><\/span><\/a> honlapot.<\/p>\n","protected":false},"excerpt":{"rendered":"<p>A F\u00f6ldrajz karon magyarul oktat\u00f3 tan\u00e1rok 2005-ben \u00e9rezt\u00e9k el\u00e9rkezettnek azt a pillanatot, amikor egyes\u00fcletbe t\u00f6m\u00f6r\u00fclhetnek. Febru\u00e1rban megalakult a Cholnoky Jen\u0151 F\u00f6ldrajzi T\u00e1rsas\u00e1g, non-profit jogi szem\u00e9lyis\u00e9gk\u00e9nt. R\u00f6gt\u00f6n csatakozott a Kolozsv\u00e1ri Magyar Egyetemi Int\u00e9zethez, amely erny\u0151szervezete k\u00edv\u00e1nt lenni a l\u00e9trej\u00f6v\u0151, karok h\u00e1tt\u00e9rint\u00e9zm\u00e9nyek\u00e9nt &hellip; <a class=\"more-link\" href=\"https:\/\/geografie.ubbcluj.ro\/pages\/magyarfoldrajz\/?page_id=185\">Continue reading <span class=\"meta-nav\">&rarr;<\/span><\/a><\/p>\n","protected":false},"author":2,"featured_media":0,"parent":0,"menu_order":0,"comment_status":"closed","ping_status":"closed","template":"","meta":{"footnotes":""},"_links":{"self":[{"href":"https:\/\/geografie.ubbcluj.ro\/pages\/magyarfoldrajz\/index.php?rest_route=\/wp\/v2\/pages\/185"}],"collection":[{"href":"https:\/\/geografie.ubbcluj.ro\/pages\/magyarfoldrajz\/index.php?rest_route=\/wp\/v2\/pages"}],"about":[{"href":"https:\/\/geografie.ubbcluj.ro\/pages\/magyarfoldrajz\/index.php?rest_route=\/wp\/v2\/types\/page"}],"author":[{"embeddable":true,"href":"https:\/\/geografie.ubbcluj.ro\/pages\/magyarfoldrajz\/index.php?rest_route=\/wp\/v2\/users\/2"}],"replies":[{"embeddable":true,"href":"https:\/\/geografie.ubbcluj.ro\/pages\/magyarfoldrajz\/index.php?rest_route=%2Fwp%2Fv2%2Fcomments&post=185"}],"version-history":[{"count":32,"href":"https:\/\/geografie.ubbcluj.ro\/pages\/magyarfoldrajz\/index.php?rest_route=\/wp\/v2\/pages\/185\/revisions"}],"predecessor-version":[{"id":536,"href":"https:\/\/geografie.ubbcluj.ro\/pages\/magyarfoldrajz\/index.php?rest_route=\/wp\/v2\/pages\/185\/revisions\/536"}],"wp:attachment":[{"href":"https:\/\/geografie.ubbcluj.ro\/pages\/magyarfoldrajz\/index.php?rest_route=%2Fwp%2Fv2%2Fmedia&parent=185"}],"curies":[{"name":"wp","href":"https:\/\/api.w.org\/{rel}","templated":true}]}}