{"id":165,"date":"2012-11-26T17:37:07","date_gmt":"2012-11-26T17:37:07","guid":{"rendered":"http:\/\/geografie.ubbcluj.ro\/pages\/magyarfoldrajz\/?page_id=165"},"modified":"2019-09-25T11:36:24","modified_gmt":"2019-09-25T11:36:24","slug":"terulettervezes-szak","status":"publish","type":"page","link":"https:\/\/geografie.ubbcluj.ro\/pages\/magyarfoldrajz\/?page_id=165","title":{"rendered":"Ter\u00fcletfejleszt\u00e9s"},"content":{"rendered":"<p><span style=\"color: #800000;\"><strong>Ter\u00fcletfejleszt\u0151 szakos di\u00e1kjaink a 2019-2020 tan\u00e9vben<\/strong><\/span><\/p>\n<p><strong>I. \u00e9v, \u00e9vfolyamvezet\u0151: Imecs Zolt\u00e1n<\/strong><\/p>\n<table width=\"360\">\n<tbody>\n<tr>\n<td width=\"49\"><strong>Ssz.<\/strong><\/td>\n<td width=\"310\"><strong>N\u00e9v<\/strong><\/td>\n<\/tr>\n<tr>\n<td width=\"49\">1<\/td>\n<td width=\"310\">BAJK\u00d3 R\u00d3BERT<\/td>\n<\/tr>\n<tr>\n<td width=\"49\">2<\/td>\n<td width=\"310\">BARTA ZOLT\u00c1N<\/td>\n<\/tr>\n<tr>\n<td width=\"49\">3<\/td>\n<td width=\"310\">DE\u00c1K D\u00c1NIEL-ISTV\u00c1N<\/td>\n<\/tr>\n<tr>\n<td width=\"49\">4<\/td>\n<td width=\"310\">ELEKES RUDOLF<\/td>\n<\/tr>\n<tr>\n<td width=\"49\">5<\/td>\n<td width=\"310\">MIH\u00c1LYK\u00d3 R\u00d3BERT<\/td>\n<\/tr>\n<tr>\n<td width=\"49\">6<\/td>\n<td width=\"310\">OZSV\u00c1TH ORSOLYA<\/td>\n<\/tr>\n<tr>\n<td width=\"49\">7<\/td>\n<td width=\"310\">PAPP ANDR\u00c1S M\u00d3ZES<\/td>\n<\/tr>\n<tr>\n<td width=\"49\">8<\/td>\n<td width=\"310\">SIM\u00d3 TAM\u00c1S<\/td>\n<\/tr>\n<tr>\n<td width=\"49\">9<\/td>\n<td width=\"310\">SZ\u00c9KELY \u00d6D\u00d6N<\/td>\n<\/tr>\n<tr>\n<td width=\"49\">10<\/td>\n<td width=\"310\">T\u00d3TH M\u00c1RIA DESANCA<\/td>\n<\/tr>\n<tr>\n<td width=\"49\">11<\/td>\n<td width=\"310\">VASS SZILVIA-LIDIA<\/td>\n<\/tr>\n<\/tbody>\n<\/table>\n<p><strong>II. \u00e9v, \u00e9vfolyamvezet\u0151: M\u00e1th\u00e9 Csongor<\/strong><\/p>\n<table width=\"360\">\n<tbody>\n<tr>\n<td width=\"49\"><strong>Ssz.<\/strong><\/td>\n<td width=\"310\"><strong>N\u00e9v<\/strong><\/td>\n<\/tr>\n<tr>\n<td width=\"49\">1<\/td>\n<td width=\"310\">BABAN PATRIK<\/td>\n<\/tr>\n<tr>\n<td width=\"49\">2<\/td>\n<td width=\"310\">BENK REN\u00c1TA<\/td>\n<\/tr>\n<tr>\n<td width=\"49\">3<\/td>\n<td width=\"310\">BIR\u00d3 SZIL\u00c1RD-ZAKARI\u00c1S<\/td>\n<\/tr>\n<tr>\n<td width=\"49\">4<\/td>\n<td width=\"310\">BODN\u0102RUC-KUPA KASSANDRA-YANA<\/td>\n<\/tr>\n<tr>\n<td width=\"49\">5<\/td>\n<td width=\"310\">CSORV\u00c1SI D\u00c1VID<\/td>\n<\/tr>\n<tr>\n<td width=\"49\">6<\/td>\n<td width=\"310\">CZUMBEL R\u00d3BERT<\/td>\n<\/tr>\n<tr>\n<td width=\"49\">7<\/td>\n<td width=\"310\">K\u00d6\u0150 KRISZTINA<\/td>\n<\/tr>\n<tr>\n<td width=\"49\">8<\/td>\n<td width=\"310\">MAGYARI HUNOR-TAM\u00c1S<\/td>\n<\/tr>\n<tr>\n<td width=\"49\">9<\/td>\n<td width=\"310\">\u00d6RMENY M\u00c1RK R\u00d3BERT<\/td>\n<\/tr>\n<tr>\n<td width=\"49\">10<\/td>\n<td width=\"310\">SZMURIGA M\u00c1RTA<\/td>\n<\/tr>\n<tr>\n<td width=\"49\">11<\/td>\n<td width=\"310\">TANK\u00d3 ATTILA<\/td>\n<\/tr>\n<tr>\n<td width=\"49\">12<\/td>\n<td width=\"310\">VERESS HANNA-ROZ\u00c1LIA<\/td>\n<\/tr>\n<\/tbody>\n<\/table>\n<p><strong>III. \u00e9v, \u00e9vfolyamvezet\u0151: T\u00f6r\u00f6k Ibolya<\/strong><\/p>\n<table width=\"360\">\n<tbody>\n<tr>\n<td width=\"49\"><strong>Ssz.<\/strong><\/td>\n<td width=\"310\"><strong>N\u00e9v<\/strong><\/td>\n<\/tr>\n<tr>\n<td width=\"49\">1<\/td>\n<td width=\"310\">BUCHMANN EMIL-ZOLT\u00c1N<\/td>\n<\/tr>\n<tr>\n<td width=\"49\">2<\/td>\n<td width=\"310\">BURJA BOGL\u00c1RKA-ANITA<\/td>\n<\/tr>\n<tr>\n<td width=\"49\">3<\/td>\n<td width=\"310\">CSALA HELGA<\/td>\n<\/tr>\n<tr>\n<td width=\"49\">4<\/td>\n<td width=\"310\">CSEREPES NO\u00c9MI<\/td>\n<\/tr>\n<tr>\n<td width=\"49\">5<\/td>\n<td width=\"310\">CZIRJ\u00c1K KLAUDIA<\/td>\n<\/tr>\n<tr>\n<td width=\"49\">6<\/td>\n<td width=\"310\">G\u00c1LFALVI KEVIN<\/td>\n<\/tr>\n<tr>\n<td width=\"49\">7<\/td>\n<td width=\"310\">GELEN BENJ\u00c1MIN<\/td>\n<\/tr>\n<tr>\n<td width=\"49\">8<\/td>\n<td width=\"310\">GERE S\u00c1MUEL-ISTV\u00c1N<\/td>\n<\/tr>\n<tr>\n<td width=\"49\">9<\/td>\n<td width=\"310\">GERENDAY RITA<\/td>\n<\/tr>\n<tr>\n<td width=\"49\">10<\/td>\n<td width=\"310\">GY\u00d6RGYI L\u00c1SZL\u00d3-SZABOLCS<\/td>\n<\/tr>\n<tr>\n<td width=\"49\">11<\/td>\n<td width=\"310\">HUNYADI TAM\u00c1S<\/td>\n<\/tr>\n<tr>\n<td width=\"49\">12<\/td>\n<td width=\"310\">KATUNA GERG\u0150<\/td>\n<\/tr>\n<tr>\n<td width=\"49\">13<\/td>\n<td width=\"310\">KERESZTES BARNAB\u00c1S<\/td>\n<\/tr>\n<tr>\n<td width=\"49\">14<\/td>\n<td width=\"310\">L\u00c1Z\u00c1R BOTOND-KRISZTI\u00c1N<\/td>\n<\/tr>\n<tr>\n<td width=\"49\">15<\/td>\n<td width=\"310\">L\u0150RINCZ SZABOLCS<\/td>\n<\/tr>\n<tr>\n<td width=\"49\">16<\/td>\n<td width=\"310\">MAGYARI M\u00c1TY\u00c1S<\/td>\n<\/tr>\n<tr>\n<td width=\"49\">17<\/td>\n<td width=\"310\">M\u00c1R MIKL\u00d3S<\/td>\n<\/tr>\n<tr>\n<td width=\"49\">18<\/td>\n<td width=\"310\">MIH\u00c1LY GERG\u0150-SZABOLCS<\/td>\n<\/tr>\n<tr>\n<td width=\"49\">19<\/td>\n<td width=\"310\">NAGY HUNOR<\/td>\n<\/tr>\n<tr>\n<td width=\"49\">20<\/td>\n<td width=\"310\">\u00d6LVEDI ANNABELLA<\/td>\n<\/tr>\n<tr>\n<td width=\"49\">21<\/td>\n<td width=\"310\">SIM\u00d3 ORSOLYA<\/td>\n<\/tr>\n<tr>\n<td width=\"49\">22<\/td>\n<td width=\"310\">SZAB\u00d3 CSONGOR-ZOLT\u00c1N<\/td>\n<\/tr>\n<tr>\n<td width=\"49\">23<\/td>\n<td width=\"310\">SZ\u00c1SZ-ZSIGA BENJ\u00c1MIN<\/td>\n<\/tr>\n<\/tbody>\n<\/table>\n","protected":false},"excerpt":{"rendered":"<p>Ter\u00fcletfejleszt\u0151 szakos di\u00e1kjaink a 2019-2020 tan\u00e9vben I. \u00e9v, \u00e9vfolyamvezet\u0151: Imecs Zolt\u00e1n Ssz. N\u00e9v 1 BAJK\u00d3 R\u00d3BERT 2 BARTA ZOLT\u00c1N 3 DE\u00c1K D\u00c1NIEL-ISTV\u00c1N 4 ELEKES RUDOLF 5 MIH\u00c1LYK\u00d3 R\u00d3BERT 6 OZSV\u00c1TH ORSOLYA 7 PAPP ANDR\u00c1S M\u00d3ZES 8 SIM\u00d3 TAM\u00c1S 9 SZ\u00c9KELY &hellip; <a class=\"more-link\" href=\"https:\/\/geografie.ubbcluj.ro\/pages\/magyarfoldrajz\/?page_id=165\">Continue reading <span class=\"meta-nav\">&rarr;<\/span><\/a><\/p>\n","protected":false},"author":2,"featured_media":0,"parent":159,"menu_order":0,"comment_status":"closed","ping_status":"closed","template":"","meta":{"footnotes":""},"_links":{"self":[{"href":"https:\/\/geografie.ubbcluj.ro\/pages\/magyarfoldrajz\/index.php?rest_route=\/wp\/v2\/pages\/165"}],"collection":[{"href":"https:\/\/geografie.ubbcluj.ro\/pages\/magyarfoldrajz\/index.php?rest_route=\/wp\/v2\/pages"}],"about":[{"href":"https:\/\/geografie.ubbcluj.ro\/pages\/magyarfoldrajz\/index.php?rest_route=\/wp\/v2\/types\/page"}],"author":[{"embeddable":true,"href":"https:\/\/geografie.ubbcluj.ro\/pages\/magyarfoldrajz\/index.php?rest_route=\/wp\/v2\/users\/2"}],"replies":[{"embeddable":true,"href":"https:\/\/geografie.ubbcluj.ro\/pages\/magyarfoldrajz\/index.php?rest_route=%2Fwp%2Fv2%2Fcomments&post=165"}],"version-history":[{"count":22,"href":"https:\/\/geografie.ubbcluj.ro\/pages\/magyarfoldrajz\/index.php?rest_route=\/wp\/v2\/pages\/165\/revisions"}],"predecessor-version":[{"id":2155,"href":"https:\/\/geografie.ubbcluj.ro\/pages\/magyarfoldrajz\/index.php?rest_route=\/wp\/v2\/pages\/165\/revisions\/2155"}],"up":[{"embeddable":true,"href":"https:\/\/geografie.ubbcluj.ro\/pages\/magyarfoldrajz\/index.php?rest_route=\/wp\/v2\/pages\/159"}],"wp:attachment":[{"href":"https:\/\/geografie.ubbcluj.ro\/pages\/magyarfoldrajz\/index.php?rest_route=%2Fwp%2Fv2%2Fmedia&parent=165"}],"curies":[{"name":"wp","href":"https:\/\/api.w.org\/{rel}","templated":true}]}}