{"id":129,"date":"2012-11-26T16:55:34","date_gmt":"2012-11-26T16:55:34","guid":{"rendered":"http:\/\/geografie.ubbcluj.ro\/pages\/magyarfoldrajz\/?page_id=129"},"modified":"2021-05-14T10:53:48","modified_gmt":"2021-05-14T10:53:48","slug":"mester-kepzes","status":"publish","type":"page","link":"https:\/\/geografie.ubbcluj.ro\/pages\/magyarfoldrajz\/?page_id=129","title":{"rendered":"Mester k\u00e9pz\u00e9s"},"content":{"rendered":"<p>A <span style=\"color: #0000ff;\"><a style=\"color: #0000ff;\" href=\"http:\/\/geografie.ubbcluj.ro\/pages\/magyarfoldrajz\/?page_id=2503\" target=\"_blank\" rel=\"noopener noreferrer\"><strong>Turizmus \u00e9s ter\u00fcleti fejl\u0151d\u00e9s<\/strong><\/a><\/span> magiszteri k\u00e9pz\u00e9s\u00fcnk (<strong>MSc \u2013 Master<\/strong>) az alapk\u00e9pz\u00e9si szint szerves folytat\u00e1sa, annak els\u0151sorban gyakorlatorient\u00e1lt elem\u00e9t jelen\u00edti meg. A munkaer\u0151piacon a turisztikai v\u00e1llalkoz\u00e1sok, valamint a ter\u00fclet- \u00e9s ter\u00fcletfejleszt\u00e9sben tev\u00e9kenyked\u0151 \u00e1llami- \u00e9s \u00f6nkorm\u00e1nyzati-, valamint mag\u00e1nszervezetek a jellegzetes alkalmaz\u00f3i v\u00e9gzettjeinknek. Ugyanakkor a magiszteri k\u00e9pz\u00e9s ideje alatt felvehet\u0151 \u00fagynevezett \u201ekettes pedag\u00f3giai modul\u201d lehet\u0151s\u00e9get ad arra, hogy v\u00e9gzettjeink a k\u00f6z\u00e9piskola fels\u0151 tagozatain, valamint a fels\u0151oktat\u00e1sban is tan\u00edthassanak.<br \/>\nA tanterv kiegyens\u00falyozott m\u00f3don lehet\u0151v\u00e9 teszi az \u00faj elm\u00e9leti szint\u00e9zis \u00e9s a gyakorlati ismeretek \u00e1tsz\u00e1rmaztat\u00e1s\u00e1t. A k\u00f6z\u00f6s alapoz\u00f3 \u00e9s m\u00f3dszertani t\u00e1rgyak mellett a hallgat\u00f3 szakt\u00e1rgyai az \u00e1ltala v\u00e1lasztott szakir\u00e1nyhoz k\u00f6t\u0151dnek, a k\u00e9t lehet\u0151s\u00e9g: turizmus, illetve k\u00f6rnyezetf\u00f6ldrajz\u2013ter\u00fcletfejleszt\u00e9s.<br \/>\nAz oktat\u00e1s n\u00e9gy f\u00e9l\u00e9ves, ebb\u0151l azonban az utols\u00f3 f\u00e9l\u00e9vet egy \u00fajabb, nagyobb szab\u00e1s\u00fa, metodol\u00f3giailag cizell\u00e1ltabb szakdolgozat elk\u00e9sz\u00edt\u00e9s\u00e9re ford\u00edtj\u00e1k, amivel tan\u00fabizonys\u00e1g\u00e1t kell tenni\u00fck annak, hogy elm\u00e9ly\u00fcltebb ismeretekkel rendelkeznek az alkalmazott \u00e9s elm\u00e9leti geogr\u00e1fia ter\u00fclet\u00e9n.<br \/>\nA magiszteri hallgat\u00f3knak ugyanakkor lehet\u0151s\u00e9ge ny\u00edlik arra, hogy b\u00e1rmely olyan terepgyakorlaton r\u00e9szt vehessenek, amelyet a gradu\u00e1lis k\u00e9pz\u00e9sen nem volt m\u00f3djuk ig\u00e9nybe venni.<br \/>\nTerm\u00e9szetesen a mesterjel\u00f6ltek is kihaszn\u00e1lhatj\u00e1k az <span style=\"color: #000000;\"><a title=\"Alapk\u00e9pz\u00e9s\" href=\"http:\/\/geografie.ubbcluj.ro\/pages\/magyarfoldrajz\/?page_id=127\" target=\"_blank\" rel=\"noopener noreferrer\"><span style=\"color: #000000;\">alapk\u00e9pz\u00e9s<\/span><\/a><\/span>n\u00e9l bemutatott nemzetk\u00f6zi \u00e9s szakkoll\u00e9giumi lehet\u0151s\u00e9geket.<br \/>\n<a href=\"http:\/\/geografie.ubbcluj.ro\/pages\/magyarfoldrajz\/wp-content\/uploads\/2013\/01\/okt08.jpg\" target=\"_blank\" rel=\"noopener noreferrer\"><img loading=\"lazy\" decoding=\"async\" class=\"alignleft  wp-image-555\" title=\"V\u00edzhozam m\u00e9r\u00e9s\" src=\"http:\/\/geografie.ubbcluj.ro\/pages\/magyarfoldrajz\/wp-content\/uploads\/2013\/01\/okt08_.jpg\" alt=\"\" width=\"180\" height=\"135\" \/><\/a><a href=\"http:\/\/geografie.ubbcluj.ro\/pages\/magyarfoldrajz\/wp-content\/uploads\/2013\/01\/okt11.jpg\" target=\"_blank\" rel=\"noopener noreferrer\"><img loading=\"lazy\" decoding=\"async\" class=\"alignnone  wp-image-549\" title=\"Verespatakon...\" src=\"http:\/\/geografie.ubbcluj.ro\/pages\/magyarfoldrajz\/wp-content\/uploads\/2013\/01\/okt11_.jpg\" alt=\"\" width=\"180\" height=\"135\" \/><\/a><a href=\"http:\/\/geografie.ubbcluj.ro\/pages\/magyarfoldrajz\/wp-content\/uploads\/2013\/01\/okt12.jpg\" target=\"_blank\" rel=\"noopener noreferrer\"><img loading=\"lazy\" decoding=\"async\" class=\"alignright  wp-image-547\" title=\"Meteorol\u00f3giai \u00e1llom\u00e1s\" src=\"http:\/\/geografie.ubbcluj.ro\/pages\/magyarfoldrajz\/wp-content\/uploads\/2013\/01\/okt12_.jpg\" alt=\"\" width=\"180\" height=\"135\" \/><\/a><\/p>\n","protected":false},"excerpt":{"rendered":"<p>A Turizmus \u00e9s ter\u00fcleti fejl\u0151d\u00e9s magiszteri k\u00e9pz\u00e9s\u00fcnk (MSc \u2013 Master) az alapk\u00e9pz\u00e9si szint szerves folytat\u00e1sa, annak els\u0151sorban gyakorlatorient\u00e1lt elem\u00e9t jelen\u00edti meg. A munkaer\u0151piacon a turisztikai v\u00e1llalkoz\u00e1sok, valamint a ter\u00fclet- \u00e9s ter\u00fcletfejleszt\u00e9sben tev\u00e9kenyked\u0151 \u00e1llami- \u00e9s \u00f6nkorm\u00e1nyzati-, valamint mag\u00e1nszervezetek a jellegzetes alkalmaz\u00f3i &hellip; <a class=\"more-link\" href=\"https:\/\/geografie.ubbcluj.ro\/pages\/magyarfoldrajz\/?page_id=129\">Continue reading <span class=\"meta-nav\">&rarr;<\/span><\/a><\/p>\n","protected":false},"author":2,"featured_media":0,"parent":42,"menu_order":0,"comment_status":"closed","ping_status":"closed","template":"","meta":{"footnotes":""},"_links":{"self":[{"href":"https:\/\/geografie.ubbcluj.ro\/pages\/magyarfoldrajz\/index.php?rest_route=\/wp\/v2\/pages\/129"}],"collection":[{"href":"https:\/\/geografie.ubbcluj.ro\/pages\/magyarfoldrajz\/index.php?rest_route=\/wp\/v2\/pages"}],"about":[{"href":"https:\/\/geografie.ubbcluj.ro\/pages\/magyarfoldrajz\/index.php?rest_route=\/wp\/v2\/types\/page"}],"author":[{"embeddable":true,"href":"https:\/\/geografie.ubbcluj.ro\/pages\/magyarfoldrajz\/index.php?rest_route=\/wp\/v2\/users\/2"}],"replies":[{"embeddable":true,"href":"https:\/\/geografie.ubbcluj.ro\/pages\/magyarfoldrajz\/index.php?rest_route=%2Fwp%2Fv2%2Fcomments&post=129"}],"version-history":[{"count":12,"href":"https:\/\/geografie.ubbcluj.ro\/pages\/magyarfoldrajz\/index.php?rest_route=\/wp\/v2\/pages\/129\/revisions"}],"predecessor-version":[{"id":2565,"href":"https:\/\/geografie.ubbcluj.ro\/pages\/magyarfoldrajz\/index.php?rest_route=\/wp\/v2\/pages\/129\/revisions\/2565"}],"up":[{"embeddable":true,"href":"https:\/\/geografie.ubbcluj.ro\/pages\/magyarfoldrajz\/index.php?rest_route=\/wp\/v2\/pages\/42"}],"wp:attachment":[{"href":"https:\/\/geografie.ubbcluj.ro\/pages\/magyarfoldrajz\/index.php?rest_route=%2Fwp%2Fv2%2Fmedia&parent=129"}],"curies":[{"name":"wp","href":"https:\/\/api.w.org\/{rel}","templated":true}]}}