{"id":1277,"date":"2015-12-13T13:31:07","date_gmt":"2015-12-13T13:31:07","guid":{"rendered":"http:\/\/geografie.ubbcluj.ro\/pages\/magyarfoldrajz\/?page_id=1277"},"modified":"2019-09-13T09:42:58","modified_gmt":"2019-09-13T09:42:58","slug":"konyvtar","status":"publish","type":"page","link":"https:\/\/geografie.ubbcluj.ro\/pages\/magyarfoldrajz\/?page_id=1277","title":{"rendered":"K\u00f6nyvt\u00e1r"},"content":{"rendered":"<p>Int\u00e9zet\u00fcnk m\u0171k\u00f6dteti a <strong>Cholnoky Jen\u0151 K\u00f6nyvt\u00e1r<\/strong>at, ahol m\u00e1r t\u00f6bb ezer, t\u00f6bbnyire magyar nyelv\u0171 szakk\u00f6nyv el\u00e9rhet\u0151. Ugyanitt tekinthet\u0151k meg az eddig elk\u00e9sz\u00fclt \u00e1llamvizsga dolgozatok is.\u00a0<span style=\"line-height: 1.4em;\">A k\u00f6nyvt\u00e1r katal\u00f3gusa friss\u00edt\u00e9s alatt \u00e1ll, jelenleg nem el\u00e9rhet\u0151. Az \u00faj c\u00edm a k\u00f6vetkez\u0151 lesz:<a href=\"https:\/\/opac3.cholnoky.qulto.ro\/\" target=\"_blank\" rel=\"noopener noreferrer\">\u00a0<span style=\"color: #3366ff;\"><strong>https:\/\/opac3.cholnoky.qulto.ro\/<\/strong><\/span><\/a><\/span><span style=\"color: #3366ff;\"><strong><a href=\"https:\/\/opac3.cholnoky.qulto.ro\/\" target=\"_blank\" rel=\"noopener noreferrer\"><span style=\"color: #3366ff;\"><span style=\"color: #0000ff;\">\u00a0<\/span><\/span><\/a><\/strong><\/span><\/p>\n<p>A k\u00f6nyvt\u00e1r a padl\u00e1s szintj\u00e9n m\u0171k\u00f6dik, nyitvatart\u00e1si id\u0151pontjai az \u00f6nk\u00e9ntes k\u00f6nyvt\u00e1ros szerint fognak v\u00e1ltozni:<\/p>\n<p>Jelenlegi K\u00f6nyvt\u00e1ros: H\u00e9jja Barbara (email: barbi.hejja.bi@gmail.com; vagy 0758483536-os sz\u00e1mon lehet keresni m\u00e1s id\u0151pont egyeztet\u00e9s\u00e9re)<\/p>\n","protected":false},"excerpt":{"rendered":"<p>Int\u00e9zet\u00fcnk m\u0171k\u00f6dteti a Cholnoky Jen\u0151 K\u00f6nyvt\u00e1rat, ahol m\u00e1r t\u00f6bb ezer, t\u00f6bbnyire magyar nyelv\u0171 szakk\u00f6nyv el\u00e9rhet\u0151. Ugyanitt tekinthet\u0151k meg az eddig elk\u00e9sz\u00fclt \u00e1llamvizsga dolgozatok is.\u00a0A k\u00f6nyvt\u00e1r katal\u00f3gusa friss\u00edt\u00e9s alatt \u00e1ll, jelenleg nem el\u00e9rhet\u0151. Az \u00faj c\u00edm a k\u00f6vetkez\u0151 lesz:\u00a0https:\/\/opac3.cholnoky.qulto.ro\/\u00a0 A k\u00f6nyvt\u00e1r &hellip; <a class=\"more-link\" href=\"https:\/\/geografie.ubbcluj.ro\/pages\/magyarfoldrajz\/?page_id=1277\">Continue reading <span class=\"meta-nav\">&rarr;<\/span><\/a><\/p>\n","protected":false},"author":2,"featured_media":0,"parent":0,"menu_order":0,"comment_status":"closed","ping_status":"closed","template":"","meta":{"footnotes":""},"_links":{"self":[{"href":"https:\/\/geografie.ubbcluj.ro\/pages\/magyarfoldrajz\/index.php?rest_route=\/wp\/v2\/pages\/1277"}],"collection":[{"href":"https:\/\/geografie.ubbcluj.ro\/pages\/magyarfoldrajz\/index.php?rest_route=\/wp\/v2\/pages"}],"about":[{"href":"https:\/\/geografie.ubbcluj.ro\/pages\/magyarfoldrajz\/index.php?rest_route=\/wp\/v2\/types\/page"}],"author":[{"embeddable":true,"href":"https:\/\/geografie.ubbcluj.ro\/pages\/magyarfoldrajz\/index.php?rest_route=\/wp\/v2\/users\/2"}],"replies":[{"embeddable":true,"href":"https:\/\/geografie.ubbcluj.ro\/pages\/magyarfoldrajz\/index.php?rest_route=%2Fwp%2Fv2%2Fcomments&post=1277"}],"version-history":[{"count":16,"href":"https:\/\/geografie.ubbcluj.ro\/pages\/magyarfoldrajz\/index.php?rest_route=\/wp\/v2\/pages\/1277\/revisions"}],"predecessor-version":[{"id":2131,"href":"https:\/\/geografie.ubbcluj.ro\/pages\/magyarfoldrajz\/index.php?rest_route=\/wp\/v2\/pages\/1277\/revisions\/2131"}],"wp:attachment":[{"href":"https:\/\/geografie.ubbcluj.ro\/pages\/magyarfoldrajz\/index.php?rest_route=%2Fwp%2Fv2%2Fmedia&parent=1277"}],"curies":[{"name":"wp","href":"https:\/\/api.w.org\/{rel}","templated":true}]}}