{"id":127,"date":"2012-11-26T16:54:18","date_gmt":"2012-11-26T16:54:18","guid":{"rendered":"http:\/\/geografie.ubbcluj.ro\/pages\/magyarfoldrajz\/?page_id=127"},"modified":"2021-05-14T10:51:29","modified_gmt":"2021-05-14T10:51:29","slug":"alapkepzes","status":"publish","type":"page","link":"https:\/\/geografie.ubbcluj.ro\/pages\/magyarfoldrajz\/?page_id=127","title":{"rendered":"Alapk\u00e9pz\u00e9s"},"content":{"rendered":"<p>A<a href=\"http:\/\/www.ubbcluj.ro\/hu\/\" target=\"_blank\" rel=\"noopener noreferrer\"><span style=\"color: #0000ff;\"><strong> Babe\u015f-Bolyai Tudom\u00e1nyegyetem<\/strong><\/span><\/a> (BBTE) F\u00f6ldrajz kar\u00e1nak Magyar Tagozata 1993-ban indult \u00fajra, amikor k\u00fcl\u00f6n beiskol\u00e1z\u00e1si helyeket k\u00fcl\u00f6n\u00edtettek el azon di\u00e1kok sz\u00e1m\u00e1ra, akik magyar nyelven k\u00edv\u00e1ntak tanulni. Ezt k\u00f6vet\u0151en a di\u00e1kok sz\u00e1ma folyamatosan emelkedett, p\u00e1rhuzamosan kialakult az oktat\u00f3i test\u00fclet is. A f\u00f6ldrajz mellett f\u00f6ldrajz-idegen nyelv szakot is m\u0171k\u00f6dtett\u00fcnk. A 2005-2006 tan\u00e9vt\u0151l kezdve \u2013 amikor egyetem\u00fcnk\u00f6n beindult az \u00fagynevezett <strong>\u201eBolognai rendszer\u201d<\/strong> \u2013 h\u00e1rom szint\u0171v\u00e9 v\u00e1lt a k\u00e9pz\u00e9s, \u00f6sszhangban az eur\u00f3pai modellel. Ugyanakkor sz\u0171nt meg a kett\u0151s k\u00e9pz\u00e9s.<br \/>\nAz elm\u00falt \u00e9vekben <strong>Magyar Tagozat<\/strong>on, Kolozsv\u00e1ron \u00e1tlagosan 500 di\u00e1k tanult. A f\u0151\u00e1ll\u00e1s\u00fa oktat\u00f3k sz\u00e1ma jelenleg 12. Az oktat\u00e1s h\u00e1rom l\u00e9pcs\u0151s: <strong>alapk\u00e9pz\u00e9si<\/strong> (<strong>BSc \u2013 Bachelor<\/strong>) szinten a 2008\/2009-es tan\u00e9vt\u0151l h\u00e1rom szakon \u2013 <strong><em>f\u00f6ldrajz, ter\u00fcletfejleszt\u00e9s \u00e9s turizmusf\u00f6ldrajz<\/em><\/strong> \u2013 indult els\u0151 \u00e9vfolyamon magyar nyelv\u0171 oktat\u00e1s. <strong>Magiszteri<\/strong> szinten egy magyar nyelv\u0171 program m\u0171k\u00f6dik <em><strong>Turizmus \u00e9s ter\u00fcleti fejl\u0151d\u00e9s<\/strong><\/em> c\u00edmmel. A <strong>doktori<\/strong> iskola keret\u00e9ben doktor\u00e1tus vezet\u0151i joggal rendelkezik dr. Benedek J\u00f3zsef egyetemi tan\u00e1r, akad\u00e9mikus.<\/p>\n<p>A <span style=\"color: #993300;\"><span style=\"color: #0000ff;\"><a style=\"color: #0000ff;\" href=\"http:\/\/geografie.ubbcluj.ro\/pages\/magyarfoldrajz\/?page_id=2463\" target=\"_blank\" rel=\"noopener noreferrer\"><strong>F\u00f6ldrajz <\/strong><\/a><\/span><span style=\"color: #000000;\">szak <\/span><\/span>els\u0151sorban tan\u00e1rk\u00e9pz\u0151 jelleg\u0171, de a tan\u00e1ri p\u00e1ly\u00e1n k\u00edv\u00fcl a geogr\u00e1fus v\u00e9gzetts\u00e9g (egyetemi oklev\u00e9l) sz\u00e1mos elhelyezked\u00e9si lehet\u0151s\u00e9get ny\u00fajt mind az \u00e1llami, mind a mag\u00e1nszektorban m\u0171k\u00f6d\u0151 v\u00e1llalatokn\u00e1l \u00e9s int\u00e9zm\u00e9nyekn\u00e9l, olyan szakter\u00fcleteken, mint k\u00f6rnyezetv\u00e9delem, v\u00edz\u00fcgy, urbanisztika, meteorol\u00f3gia.<br \/>\nA f\u00f6ldrajz alapszakra olyan jelentkez\u0151ket v\u00e1runk, akiket \u00e9rdekel sz\u0171kebb, vagy t\u00e1gabb f\u00f6ldrajzi k\u00f6rnyezet\u00fcnk term\u00e9szeti \u00e9s ember \u00e1ltal alkotott elemeinek ismerete, akik nyitottak arra, hogy \u00e1tfog\u00f3 k\u00e9pet alkossanak azokr\u00f3l a gazdas\u00e1gi, t\u00e1rsadalmi \u00e9s term\u00e9szeti t\u00e9rbeli folyamatokr\u00f3l, amelyek \u00e9let\u00fcnket ir\u00e1ny\u00edtj\u00e1k.<br \/>\nA f\u00f6ldrajz szakosoknak term\u00e9szet-, t\u00e1rsadalom-, gazdas\u00e1g- \u00e9s k\u00f6rnyezetf\u00f6ldrajzi ismereteket adunk \u00e1t sz\u0171kebb, illetve t\u00e1gabb f\u00f6ldrajzi k\u00f6rnyezet\u00fcnk rendszereir\u0151l \u00e9s t\u00e9rbeli folyamatair\u00f3l. Tant\u00e1rgycsoportok: term\u00e9szetf\u00f6ldrajz, t\u00e1rsadalomf\u00f6ldrajz, region\u00e1lis f\u00f6ldrajz, kieg\u00e9sz\u00edt\u0151 szakt\u00e1rgyak (f\u00f6ldtudom\u00e1nyok, m\u00f3dszerek a f\u00f6ldrajzkutat\u00e1sban).<br \/>\nElhelyezked\u00e9si lehet\u0151s\u00e9gek: f\u00f6ldrajztan\u00e1r, kutat\u00f3 \u2013 oktat\u00e1s, fejleszt\u0151, szervez\u0151, tan\u00e1csad\u00f3 \u2013 k\u00f6rnyezetv\u00e9delem, v\u00edz\u00fcgy, \u00e1sv\u00e1nyv\u00edz-igazgat\u00f3s\u00e1g, meteorol\u00f3gia, k\u00f6zigazgat\u00e1s stb.<\/p>\n<p><a href=\"http:\/\/geografie.ubbcluj.ro\/pages\/magyarfoldrajz\/wp-content\/uploads\/2021\/04\/9-foldrajz.jpg\"><img loading=\"lazy\" decoding=\"async\" class=\"alignnone size-medium wp-image-2470\" src=\"http:\/\/geografie.ubbcluj.ro\/pages\/magyarfoldrajz\/wp-content\/uploads\/2021\/04\/9-foldrajz-214x300.jpg\" alt=\"\" width=\"214\" height=\"300\" srcset=\"https:\/\/geografie.ubbcluj.ro\/pages\/magyarfoldrajz\/wp-content\/uploads\/2021\/04\/9-foldrajz-214x300.jpg 214w, https:\/\/geografie.ubbcluj.ro\/pages\/magyarfoldrajz\/wp-content\/uploads\/2021\/04\/9-foldrajz-768x1077.jpg 768w, https:\/\/geografie.ubbcluj.ro\/pages\/magyarfoldrajz\/wp-content\/uploads\/2021\/04\/9-foldrajz-730x1024.jpg 730w, https:\/\/geografie.ubbcluj.ro\/pages\/magyarfoldrajz\/wp-content\/uploads\/2021\/04\/9-foldrajz.jpg 1080w\" sizes=\"(max-width: 214px) 100vw, 214px\" \/><\/a><a href=\"http:\/\/geografie.ubbcluj.ro\/pages\/magyarfoldrajz\/wp-content\/uploads\/2021\/04\/6-FR-montblanc.jpg\"><img loading=\"lazy\" decoding=\"async\" class=\"alignnone size-medium wp-image-2469\" src=\"http:\/\/geografie.ubbcluj.ro\/pages\/magyarfoldrajz\/wp-content\/uploads\/2021\/04\/6-FR-montblanc-214x300.jpg\" alt=\"\" width=\"214\" height=\"300\" srcset=\"https:\/\/geografie.ubbcluj.ro\/pages\/magyarfoldrajz\/wp-content\/uploads\/2021\/04\/6-FR-montblanc-214x300.jpg 214w, https:\/\/geografie.ubbcluj.ro\/pages\/magyarfoldrajz\/wp-content\/uploads\/2021\/04\/6-FR-montblanc-768x1077.jpg 768w, https:\/\/geografie.ubbcluj.ro\/pages\/magyarfoldrajz\/wp-content\/uploads\/2021\/04\/6-FR-montblanc-730x1024.jpg 730w, https:\/\/geografie.ubbcluj.ro\/pages\/magyarfoldrajz\/wp-content\/uploads\/2021\/04\/6-FR-montblanc.jpg 1080w\" sizes=\"(max-width: 214px) 100vw, 214px\" \/><\/a><a href=\"http:\/\/geografie.ubbcluj.ro\/pages\/magyarfoldrajz\/wp-content\/uploads\/2021\/04\/6-FR-gyilkosto.jpg\"><img loading=\"lazy\" decoding=\"async\" class=\"alignnone size-medium wp-image-2468\" src=\"http:\/\/geografie.ubbcluj.ro\/pages\/magyarfoldrajz\/wp-content\/uploads\/2021\/04\/6-FR-gyilkosto-214x300.jpg\" alt=\"\" width=\"214\" height=\"300\" srcset=\"https:\/\/geografie.ubbcluj.ro\/pages\/magyarfoldrajz\/wp-content\/uploads\/2021\/04\/6-FR-gyilkosto-214x300.jpg 214w, https:\/\/geografie.ubbcluj.ro\/pages\/magyarfoldrajz\/wp-content\/uploads\/2021\/04\/6-FR-gyilkosto-768x1077.jpg 768w, https:\/\/geografie.ubbcluj.ro\/pages\/magyarfoldrajz\/wp-content\/uploads\/2021\/04\/6-FR-gyilkosto-730x1024.jpg 730w, https:\/\/geografie.ubbcluj.ro\/pages\/magyarfoldrajz\/wp-content\/uploads\/2021\/04\/6-FR-gyilkosto.jpg 1080w\" sizes=\"(max-width: 214px) 100vw, 214px\" \/><\/a><\/p>\n<p>A <span style=\"color: #0000ff;\"><a style=\"color: #0000ff;\" href=\"http:\/\/geografie.ubbcluj.ro\/pages\/magyarfoldrajz\/?page_id=2485\" target=\"_blank\" rel=\"noopener noreferrer\"><strong>Ter\u00fcletfejleszt\u00e9s <\/strong><\/a><\/span>szak az egyetlen ilyen jelleg\u0171 magyar nyelven m\u0171k\u00f6d\u0151 szak Rom\u00e1ni\u00e1ban. V\u00e9gz\u0151sei a ter\u00fcletfejleszt\u00e9s, v\u00e1rosrendez\u00e9s, t\u00e9rk\u00e9p\u00e9szet ter\u00fclet\u00e9n tal\u00e1lnak munkav\u00e1llal\u00e1si lehet\u0151s\u00e9geket \u00fagy az \u00e1llami, mint a mag\u00e1nszf\u00e9r\u00e1ban is. Az eur\u00f3pai uni\u00f3s ter\u00fclet- \u00e9s telep\u00fcl\u00e9sfejleszt\u00e9si projektek menedzsmentje szint\u00e9n a ter\u00fcletfejleszt\u00e9s szakon v\u00e9gzett di\u00e1kok kiemelt szakter\u00fclete.<br \/>\nA ter\u00fcletfejleszt\u00e9s szakra olyan jelentkez\u0151ket v\u00e1runk, akiket \u00e9rdekel az \u00e1lland\u00f3an \u00e1talakul\u00f3ban lev\u0151 k\u00f6rnyezet\u00fcnk, a t\u00e1rsadalmi, de f\u0151leg a gazdas\u00e1gi folyamatok \u00e1ltal ig\u00e9nyelt t\u00e9r- \u00e9s ter\u00fcletrendez\u00e9s szakmai fort\u00e9lyai, azok m\u00f3dszerei, lehet\u0151s\u00e9gei \u00e9s alkalmaz\u00e1sai sz\u00e1mos ter\u00fcleten.<br \/>\nA ter\u00fcletfejleszt\u00e9s alapszak a ter\u00fcletfejleszt\u00e9s \u00e9s telep\u00fcl\u00e9sfejleszt\u00e9s \u00e1gazat\u00e1ban m\u0171k\u00f6d\u0151 \u00f6nkorm\u00e1nyzatok \u00e9s int\u00e9zm\u00e9nyek, valamint a mag\u00e1nszf\u00e9r\u00e1ban m\u0171k\u00f6d\u0151 tervez\u0151i \u00e9s urbanisztikai c\u00e9gek sz\u00e1m\u00e1ra k\u00e9pez szakembereket. Tant\u00e1rgycsoportok: f\u00f6ldrajz, k\u00f6zigazgat\u00e1s, m\u0171szaki tudom\u00e1nyok, jogtudom\u00e1ny, ter\u00fcletfejleszt\u00e9s gyakorlata.<br \/>\nElhelyezked\u00e9si lehet\u0151s\u00e9gek: f\u00f6ldrajztan\u00e1r, kutat\u00f3 \u2013 oktat\u00e1s, fejleszt\u0151, szervez\u0151, tan\u00e1csad\u00f3, k\u00f6zigazgat\u00e1s, v\u00e1rosrendez\u00e9s, vid\u00e9kfejleszt\u00e9s, ter\u00fcletfejleszt\u00e9s, t\u00e9rk\u00e9p\u00e9szet \u2013 korm\u00e1nyzati szervek, kirendelts\u00e9gek, \u00f6nkorm\u00e1nyzatok, mag\u00e1nc\u00e9gek.<\/p>\n<p><span style=\"color: #0000ff;\"><a style=\"color: #0000ff;\" href=\"http:\/\/geografie.ubbcluj.ro\/pages\/magyarfoldrajz\/wp-content\/uploads\/2021\/04\/9-terfejl.jpg\"><img loading=\"lazy\" decoding=\"async\" class=\"alignnone size-medium wp-image-2489\" src=\"http:\/\/geografie.ubbcluj.ro\/pages\/magyarfoldrajz\/wp-content\/uploads\/2021\/04\/9-terfejl-214x300.jpg\" alt=\"\" width=\"214\" height=\"300\" srcset=\"https:\/\/geografie.ubbcluj.ro\/pages\/magyarfoldrajz\/wp-content\/uploads\/2021\/04\/9-terfejl-214x300.jpg 214w, https:\/\/geografie.ubbcluj.ro\/pages\/magyarfoldrajz\/wp-content\/uploads\/2021\/04\/9-terfejl-768x1077.jpg 768w, https:\/\/geografie.ubbcluj.ro\/pages\/magyarfoldrajz\/wp-content\/uploads\/2021\/04\/9-terfejl-730x1024.jpg 730w, https:\/\/geografie.ubbcluj.ro\/pages\/magyarfoldrajz\/wp-content\/uploads\/2021\/04\/9-terfejl.jpg 1080w\" sizes=\"(max-width: 214px) 100vw, 214px\" \/><\/a><a style=\"color: #0000ff;\" href=\"http:\/\/geografie.ubbcluj.ro\/pages\/magyarfoldrajz\/wp-content\/uploads\/2021\/04\/7-TF-fez.jpg\"><img loading=\"lazy\" decoding=\"async\" class=\"alignnone size-medium wp-image-2488\" src=\"http:\/\/geografie.ubbcluj.ro\/pages\/magyarfoldrajz\/wp-content\/uploads\/2021\/04\/7-TF-fez-214x300.jpg\" alt=\"\" width=\"214\" height=\"300\" srcset=\"https:\/\/geografie.ubbcluj.ro\/pages\/magyarfoldrajz\/wp-content\/uploads\/2021\/04\/7-TF-fez-214x300.jpg 214w, https:\/\/geografie.ubbcluj.ro\/pages\/magyarfoldrajz\/wp-content\/uploads\/2021\/04\/7-TF-fez-768x1077.jpg 768w, https:\/\/geografie.ubbcluj.ro\/pages\/magyarfoldrajz\/wp-content\/uploads\/2021\/04\/7-TF-fez-730x1024.jpg 730w, https:\/\/geografie.ubbcluj.ro\/pages\/magyarfoldrajz\/wp-content\/uploads\/2021\/04\/7-TF-fez.jpg 1080w\" sizes=\"(max-width: 214px) 100vw, 214px\" \/><\/a><a style=\"color: #0000ff;\" href=\"http:\/\/geografie.ubbcluj.ro\/pages\/magyarfoldrajz\/wp-content\/uploads\/2021\/04\/7-TF-batumi.jpg\"><img loading=\"lazy\" decoding=\"async\" class=\"alignnone size-medium wp-image-2487\" src=\"http:\/\/geografie.ubbcluj.ro\/pages\/magyarfoldrajz\/wp-content\/uploads\/2021\/04\/7-TF-batumi-214x300.jpg\" alt=\"\" width=\"214\" height=\"300\" srcset=\"https:\/\/geografie.ubbcluj.ro\/pages\/magyarfoldrajz\/wp-content\/uploads\/2021\/04\/7-TF-batumi-214x300.jpg 214w, https:\/\/geografie.ubbcluj.ro\/pages\/magyarfoldrajz\/wp-content\/uploads\/2021\/04\/7-TF-batumi-768x1077.jpg 768w, https:\/\/geografie.ubbcluj.ro\/pages\/magyarfoldrajz\/wp-content\/uploads\/2021\/04\/7-TF-batumi-730x1024.jpg 730w, https:\/\/geografie.ubbcluj.ro\/pages\/magyarfoldrajz\/wp-content\/uploads\/2021\/04\/7-TF-batumi.jpg 1080w\" sizes=\"(max-width: 214px) 100vw, 214px\" \/><\/a><\/span><\/p>\n<p><span style=\"color: #0000ff;\">A <a style=\"color: #0000ff;\" href=\"http:\/\/geografie.ubbcluj.ro\/pages\/magyarfoldrajz\/?page_id=2496\" target=\"_blank\" rel=\"noopener noreferrer\"><strong>Turizmusf\u00f6ldrajz<\/strong><\/a><\/span> szak a legn\u00e9pszer\u0171bb \u00e9s legkeresettebb szakunk. Ide olyan jelentkez\u0151ket v\u00e1runk, akiket \u00e9rdekel a turizmus m\u0171k\u00f6dtet\u00e9se, \u00e9s k\u00edv\u00e1ncsi a turizmus alapj\u00e1t k\u00e9pez\u0151 term\u00e9szeti \u00e9s \u00e9p\u00edtett k\u00f6rnyezetre, vil\u00e1gunk l\u00e1tv\u00e1nyoss\u00e1gaira. A turizmus alapszakon \u2013 t\u00f6bb kar oktat\u00f3inak bevon\u00e1s\u00e1val \u2013 szerte\u00e1gaz\u00f3 f\u00f6ldrajzi \u00e9s k\u00f6zgazdas\u00e1gi ismeretek ny\u00fajtunk a turizmusban val\u00f3 elhelyezked\u00e9s c\u00e9lj\u00e1b\u00f3l. A turizmusf\u00f6ldrajz szaktant\u00e1rgyak egy k\u00f6zgazdas\u00e1gi modullal (menedzsment, marketing, turizmus gazdas\u00e1gtana, kommunik\u00e1ci\u00f3, turisztikai szolg\u00e1ltat\u00e1sok), jogi ismeretekkel illetve egy vegyes modullal (statisztika, m\u0171\u00e9p\u00edt\u00e9szet, kult\u00fara \u00e9s civiliz\u00e1ci\u00f3, etnogr\u00e1fia, idegen nyelvek) eg\u00e9sz\u00fcl ki.<\/p>\n<p><a href=\"http:\/\/geografie.ubbcluj.ro\/pages\/magyarfoldrajz\/wp-content\/uploads\/2021\/04\/9-turizmus.jpg\"><img loading=\"lazy\" decoding=\"async\" class=\"alignnone size-medium wp-image-2501\" src=\"http:\/\/geografie.ubbcluj.ro\/pages\/magyarfoldrajz\/wp-content\/uploads\/2021\/04\/9-turizmus-214x300.jpg\" alt=\"\" width=\"214\" height=\"300\" srcset=\"https:\/\/geografie.ubbcluj.ro\/pages\/magyarfoldrajz\/wp-content\/uploads\/2021\/04\/9-turizmus-214x300.jpg 214w, https:\/\/geografie.ubbcluj.ro\/pages\/magyarfoldrajz\/wp-content\/uploads\/2021\/04\/9-turizmus-768x1076.jpg 768w, https:\/\/geografie.ubbcluj.ro\/pages\/magyarfoldrajz\/wp-content\/uploads\/2021\/04\/9-turizmus-731x1024.jpg 731w, https:\/\/geografie.ubbcluj.ro\/pages\/magyarfoldrajz\/wp-content\/uploads\/2021\/04\/9-turizmus.jpg 1080w\" sizes=\"(max-width: 214px) 100vw, 214px\" \/><\/a> <a href=\"http:\/\/geografie.ubbcluj.ro\/pages\/magyarfoldrajz\/wp-content\/uploads\/2021\/04\/8-TR-monalisa.jpg\"><img loading=\"lazy\" decoding=\"async\" class=\"alignnone size-medium wp-image-2500\" src=\"http:\/\/geografie.ubbcluj.ro\/pages\/magyarfoldrajz\/wp-content\/uploads\/2021\/04\/8-TR-monalisa-214x300.jpg\" alt=\"\" width=\"214\" height=\"300\" srcset=\"https:\/\/geografie.ubbcluj.ro\/pages\/magyarfoldrajz\/wp-content\/uploads\/2021\/04\/8-TR-monalisa-214x300.jpg 214w, https:\/\/geografie.ubbcluj.ro\/pages\/magyarfoldrajz\/wp-content\/uploads\/2021\/04\/8-TR-monalisa-768x1077.jpg 768w, https:\/\/geografie.ubbcluj.ro\/pages\/magyarfoldrajz\/wp-content\/uploads\/2021\/04\/8-TR-monalisa-730x1024.jpg 730w, https:\/\/geografie.ubbcluj.ro\/pages\/magyarfoldrajz\/wp-content\/uploads\/2021\/04\/8-TR-monalisa.jpg 1080w\" sizes=\"(max-width: 214px) 100vw, 214px\" \/><\/a> <a href=\"http:\/\/geografie.ubbcluj.ro\/pages\/magyarfoldrajz\/wp-content\/uploads\/2021\/04\/8-TR-budapest.jpg\"><img loading=\"lazy\" decoding=\"async\" class=\"alignnone size-medium wp-image-2499\" src=\"http:\/\/geografie.ubbcluj.ro\/pages\/magyarfoldrajz\/wp-content\/uploads\/2021\/04\/8-TR-budapest-214x300.jpg\" alt=\"\" width=\"214\" height=\"300\" srcset=\"https:\/\/geografie.ubbcluj.ro\/pages\/magyarfoldrajz\/wp-content\/uploads\/2021\/04\/8-TR-budapest-214x300.jpg 214w, https:\/\/geografie.ubbcluj.ro\/pages\/magyarfoldrajz\/wp-content\/uploads\/2021\/04\/8-TR-budapest-768x1077.jpg 768w, https:\/\/geografie.ubbcluj.ro\/pages\/magyarfoldrajz\/wp-content\/uploads\/2021\/04\/8-TR-budapest-730x1024.jpg 730w, https:\/\/geografie.ubbcluj.ro\/pages\/magyarfoldrajz\/wp-content\/uploads\/2021\/04\/8-TR-budapest.jpg 1080w\" sizes=\"(max-width: 214px) 100vw, 214px\" \/><\/a><br \/>\nGyakorlatilag az ut\u00f3bbi k\u00e9t szak is mindenki sz\u00e1m\u00e1ra lehet\u0151s\u00e9get ny\u00fajt a pedag\u00f3giai modulok felv\u00e9tel\u00e9re \u00e9s tan\u00e1ri k\u00e9pes\u00edt\u00e9s szerz\u00e9s\u00e9re, de nem k\u00f6telez\u0151 jelleggel.<br \/>\nElhelyezked\u00e9si lehet\u0151s\u00e9gek: f\u00f6ldrajztan\u00e1r, kutat\u00f3 \u2013 oktat\u00e1s, elemz\u0151, szervez\u0151, idegenvezet\u0151, utaz\u00e1s-szervez\u0151 \u2013 sz\u00e1lloda, vend\u00e9gl\u00e1t\u00e1s, utaz\u00e1si iroda, \u00f6nkorm\u00e1nyzat, megyei \u00e9s region\u00e1lis fejleszt\u00e9si hivatal. Az alapk\u00e9pz\u00e9sben az oktat\u00e1s 6 f\u00e9l\u00e9ven kereszt\u00fcl tart. Az el\u0151ad\u00e1sok modern oktat\u00e1si eszk\u00f6z\u00f6k haszn\u00e1lat\u00e1val ker\u00fclnek bemutat\u00e1sra. Az elm\u00e9leti \u00f3r\u00e1kat majdnem minden tant\u00e1rgyn\u00e1l gyakorlati k\u00e9pz\u00e9s eg\u00e9sz\u00edti ki, ahol gyakran haszn\u00e1lunk modern sz\u00e1m\u00edt\u00f3g\u00e9pes programokat, m\u00e9r\u0151m\u0171szereket, terepi eszk\u00f6z\u00f6ket.<\/p>\n<p>Nagyon fontos kieg\u00e9sz\u00edt\u00e9se az oktat\u00e1si folyamatnak a <span style=\"color: #993300;\"><strong>terepgyakorlat<\/strong><\/span>. Minden \u00e9vben \u2013 az utols\u00f3 \u00e9v kiv\u00e9tel\u00e9vel \u2013 k\u00e9t terepgyakorlatra ker\u00fcl sor. Az egyik t\u00f6bbnyire tavasszal zajlik tanulm\u00e1ny\u00fat form\u00e1j\u00e1ban, amikor di\u00e1kjaink sz\u0171kebb vagy t\u00e1gabb t\u00e9rs\u00e9g\u00fcnk term\u00e9szeti \u00e9s t\u00e1rsadalmi val\u00f3s\u00e1g\u00e1val ismerkedhetnek meg. Ezen a III. \u00e9ves di\u00e1kok is r\u00e9szt vesznek.<br \/>\nA ny\u00e1r elej\u00e9n zajl\u00f3 szakmai gyakorlat konkr\u00e9t gyakorlati alkalmaz\u00e1sa az \u00e9v k\u00f6zben elsaj\u00e1t\u00edtott ismereteknek. F\u00f6ldrajz szakos di\u00e1kjaink terepen v\u00e9geznek m\u00e9r\u00e9si gyakorlatokat, ismerkednek a t\u00e1rsadalmi, gazdas\u00e1gi folyamatokkal. A ter\u00fcletfejleszt\u0151k szakosodott int\u00e9zm\u00e9nyeket l\u00e1togatnak, \u00e9s ott gyakorolj\u00e1k j\u00f6vend\u0151 szakm\u00e1jukat. A turizmus szakosok idegenforgalmi egys\u00e9gekn\u00e9l k\u00f3stolnak bele a szakma rejtelmeibe.<br \/>\nA terepgyakorlatok meghirdet\u00e9se fontos esem\u00e9nye a t\u00e9li sz\u00fcnet el\u0151tti id\u0151szaknak. A terepgyakorlatokr\u00f3l b\u0151vebb inform\u00e1ci\u00f3 tal\u00e1lhat\u00f3 <a href=\"http:\/\/geografie.ubbcluj.ro\/pages\/magyarfoldrajz\/?page_id=464\" target=\"_blank\" rel=\"noopener noreferrer\"><span style=\"color: #0000ff;\"><strong>ide<\/strong><\/span><\/a> kattintva.<\/p>\n<p><a href=\"http:\/\/geografie.ubbcluj.ro\/pages\/magyarfoldrajz\/wp-content\/uploads\/2021\/05\/4-TK-kaukazus.jpg\"><img loading=\"lazy\" decoding=\"async\" class=\"size-medium wp-image-2542 alignnone\" src=\"http:\/\/geografie.ubbcluj.ro\/pages\/magyarfoldrajz\/wp-content\/uploads\/2021\/05\/4-TK-kaukazus-214x300.jpg\" alt=\"\" width=\"214\" height=\"300\" srcset=\"https:\/\/geografie.ubbcluj.ro\/pages\/magyarfoldrajz\/wp-content\/uploads\/2021\/05\/4-TK-kaukazus-214x300.jpg 214w, https:\/\/geografie.ubbcluj.ro\/pages\/magyarfoldrajz\/wp-content\/uploads\/2021\/05\/4-TK-kaukazus-768x1077.jpg 768w, https:\/\/geografie.ubbcluj.ro\/pages\/magyarfoldrajz\/wp-content\/uploads\/2021\/05\/4-TK-kaukazus-730x1024.jpg 730w, https:\/\/geografie.ubbcluj.ro\/pages\/magyarfoldrajz\/wp-content\/uploads\/2021\/05\/4-TK-kaukazus.jpg 1080w\" sizes=\"(max-width: 214px) 100vw, 214px\" \/><\/a> <a href=\"http:\/\/geografie.ubbcluj.ro\/pages\/magyarfoldrajz\/wp-content\/uploads\/2021\/05\/4-TK-stromboli.jpg\"><img loading=\"lazy\" decoding=\"async\" class=\"size-medium wp-image-2543 alignnone\" src=\"http:\/\/geografie.ubbcluj.ro\/pages\/magyarfoldrajz\/wp-content\/uploads\/2021\/05\/4-TK-stromboli-214x300.jpg\" alt=\"\" width=\"214\" height=\"300\" srcset=\"https:\/\/geografie.ubbcluj.ro\/pages\/magyarfoldrajz\/wp-content\/uploads\/2021\/05\/4-TK-stromboli-214x300.jpg 214w, https:\/\/geografie.ubbcluj.ro\/pages\/magyarfoldrajz\/wp-content\/uploads\/2021\/05\/4-TK-stromboli-768x1077.jpg 768w, https:\/\/geografie.ubbcluj.ro\/pages\/magyarfoldrajz\/wp-content\/uploads\/2021\/05\/4-TK-stromboli-730x1024.jpg 730w, https:\/\/geografie.ubbcluj.ro\/pages\/magyarfoldrajz\/wp-content\/uploads\/2021\/05\/4-TK-stromboli.jpg 1080w\" sizes=\"(max-width: 214px) 100vw, 214px\" \/><\/a> <a href=\"http:\/\/geografie.ubbcluj.ro\/pages\/magyarfoldrajz\/wp-content\/uploads\/2021\/05\/4-TK-szahara.jpg\"><img loading=\"lazy\" decoding=\"async\" class=\"size-medium wp-image-2544 alignnone\" src=\"http:\/\/geografie.ubbcluj.ro\/pages\/magyarfoldrajz\/wp-content\/uploads\/2021\/05\/4-TK-szahara-214x300.jpg\" alt=\"\" width=\"214\" height=\"300\" srcset=\"https:\/\/geografie.ubbcluj.ro\/pages\/magyarfoldrajz\/wp-content\/uploads\/2021\/05\/4-TK-szahara-214x300.jpg 214w, https:\/\/geografie.ubbcluj.ro\/pages\/magyarfoldrajz\/wp-content\/uploads\/2021\/05\/4-TK-szahara-768x1077.jpg 768w, https:\/\/geografie.ubbcluj.ro\/pages\/magyarfoldrajz\/wp-content\/uploads\/2021\/05\/4-TK-szahara-730x1024.jpg 730w, https:\/\/geografie.ubbcluj.ro\/pages\/magyarfoldrajz\/wp-content\/uploads\/2021\/05\/4-TK-szahara.jpg 1080w\" sizes=\"(max-width: 214px) 100vw, 214px\" \/><\/a><\/p>\n<p>A jelenlegi oktat\u00e1si rendszer lehet\u0151v\u00e9 teszi a <span style=\"color: #993300;\"><strong>nemzetk\u00f6zi kapcsolatok<\/strong><\/span> kihaszn\u00e1l\u00e1s\u00e1t. Magyarorsz\u00e1gi \u00e9s nyugat-eur\u00f3pai (osztr\u00e1k, n\u00e9met, olasz, spanyol stb.) partnerint\u00e9zm\u00e9nyeinkb\u0151l vend\u00e9gtan\u00e1rok is oktatnak, vagy el\u0151ad\u00e1sokat tartanak. Hallgat\u00f3ink k\u00fclf\u00f6ldi, \u00f6szt\u00f6nd\u00edjas, p\u00e1r hetes, ak\u00e1r f\u00e9l\u00e9ves, vagy eg\u00e9sz tan\u00e9vre sz\u00f3l\u00f3 r\u00e9szk\u00e9pz\u00e9sen, \u00e1thallgat\u00e1son, szakmai gyakorlatokon vehetnek r\u00e9szt.<\/p>\n<p>A <span style=\"color: #993300;\"><strong>Cholnoky Jen\u0151 Szakkoll\u00e9gium<\/strong><\/span> a tehets\u00e9ges \u00e9s \u00e9rdekl\u0151d\u0151 di\u00e1kok sz\u00e1m\u00e1ra ny\u00fajt kibontakoz\u00e1si lehet\u0151s\u00e9get. Kutat\u00e1si projektek (borv\u00edz-kutat\u00e1s, \u00f6koturizmus, t\u00e9rk\u00e9pt\u00f6rt\u00e9net, meg\u00fajul\u00f3 energia, fenntarthat\u00f3 fejl\u0151d\u00e9s), m\u00e9r\u0151m\u0171szerek, hallgat\u00f3k \u00edr\u00e1sait megjelentet\u0151 szaklap, gy\u0171jtem\u00e9nyt\u00e1rak (szakk\u00f6nyvt\u00e1r, f\u00e9nyk\u00e9p- \u00e9s t\u00e9rk\u00e9pt\u00e1r) \u00e1llnak rendelkez\u00e9s\u00fckre.<\/p>\n<p><a href=\"http:\/\/geografie.ubbcluj.ro\/pages\/magyarfoldrajz\/wp-content\/uploads\/2021\/05\/5-SZGY-dron.jpg\"><img loading=\"lazy\" decoding=\"async\" class=\"size-medium wp-image-2548 alignleft\" src=\"http:\/\/geografie.ubbcluj.ro\/pages\/magyarfoldrajz\/wp-content\/uploads\/2021\/05\/5-SZGY-dron-214x300.jpg\" alt=\"\" width=\"214\" height=\"300\" \/><\/a> <a href=\"http:\/\/geografie.ubbcluj.ro\/pages\/magyarfoldrajz\/wp-content\/uploads\/2021\/05\/5-SZGY-gps.jpg\"><img loading=\"lazy\" decoding=\"async\" class=\"size-medium wp-image-2549 alignnone\" src=\"http:\/\/geografie.ubbcluj.ro\/pages\/magyarfoldrajz\/wp-content\/uploads\/2021\/05\/5-SZGY-gps-214x300.jpg\" alt=\"\" width=\"214\" height=\"300\" \/><\/a><\/p>\n","protected":false},"excerpt":{"rendered":"<p>A Babe\u015f-Bolyai Tudom\u00e1nyegyetem (BBTE) F\u00f6ldrajz kar\u00e1nak Magyar Tagozata 1993-ban indult \u00fajra, amikor k\u00fcl\u00f6n beiskol\u00e1z\u00e1si helyeket k\u00fcl\u00f6n\u00edtettek el azon di\u00e1kok sz\u00e1m\u00e1ra, akik magyar nyelven k\u00edv\u00e1ntak tanulni. Ezt k\u00f6vet\u0151en a di\u00e1kok sz\u00e1ma folyamatosan emelkedett, p\u00e1rhuzamosan kialakult az oktat\u00f3i test\u00fclet is. A f\u00f6ldrajz &hellip; <a class=\"more-link\" href=\"https:\/\/geografie.ubbcluj.ro\/pages\/magyarfoldrajz\/?page_id=127\">Continue reading <span class=\"meta-nav\">&rarr;<\/span><\/a><\/p>\n","protected":false},"author":2,"featured_media":0,"parent":42,"menu_order":0,"comment_status":"closed","ping_status":"closed","template":"","meta":{"footnotes":""},"_links":{"self":[{"href":"https:\/\/geografie.ubbcluj.ro\/pages\/magyarfoldrajz\/index.php?rest_route=\/wp\/v2\/pages\/127"}],"collection":[{"href":"https:\/\/geografie.ubbcluj.ro\/pages\/magyarfoldrajz\/index.php?rest_route=\/wp\/v2\/pages"}],"about":[{"href":"https:\/\/geografie.ubbcluj.ro\/pages\/magyarfoldrajz\/index.php?rest_route=\/wp\/v2\/types\/page"}],"author":[{"embeddable":true,"href":"https:\/\/geografie.ubbcluj.ro\/pages\/magyarfoldrajz\/index.php?rest_route=\/wp\/v2\/users\/2"}],"replies":[{"embeddable":true,"href":"https:\/\/geografie.ubbcluj.ro\/pages\/magyarfoldrajz\/index.php?rest_route=%2Fwp%2Fv2%2Fcomments&post=127"}],"version-history":[{"count":33,"href":"https:\/\/geografie.ubbcluj.ro\/pages\/magyarfoldrajz\/index.php?rest_route=\/wp\/v2\/pages\/127\/revisions"}],"predecessor-version":[{"id":2564,"href":"https:\/\/geografie.ubbcluj.ro\/pages\/magyarfoldrajz\/index.php?rest_route=\/wp\/v2\/pages\/127\/revisions\/2564"}],"up":[{"embeddable":true,"href":"https:\/\/geografie.ubbcluj.ro\/pages\/magyarfoldrajz\/index.php?rest_route=\/wp\/v2\/pages\/42"}],"wp:attachment":[{"href":"https:\/\/geografie.ubbcluj.ro\/pages\/magyarfoldrajz\/index.php?rest_route=%2Fwp%2Fv2%2Fmedia&parent=127"}],"curies":[{"name":"wp","href":"https:\/\/api.w.org\/{rel}","templated":true}]}}