{"id":7,"date":"2013-03-14T12:40:26","date_gmt":"2013-03-14T09:40:26","guid":{"rendered":"http:\/\/geografie.ubbcluj.ro\/pages\/erasmus\/?page_id=7"},"modified":"2026-03-27T11:36:01","modified_gmt":"2026-03-27T08:36:01","slug":"despre-erasmus","status":"publish","type":"page","link":"https:\/\/geografie.ubbcluj.ro\/pages\/erasmus\/?page_id=7","title":{"rendered":"Despre Erasmus+"},"content":{"rendered":"<div class=\"wp-block-image\">\n<figure class=\"alignright\"><img loading=\"lazy\" decoding=\"async\" width=\"251\" height=\"300\" src=\"https:\/\/geografie.ubbcluj.ro\/pages\/erasmus\/wp-content\/uploads\/2022\/10\/Erasmus_logo.svg_-251x300.png\" alt=\"\" class=\"wp-image-708\" srcset=\"https:\/\/geografie.ubbcluj.ro\/pages\/erasmus\/wp-content\/uploads\/2022\/10\/Erasmus_logo.svg_-251x300.png 251w, https:\/\/geografie.ubbcluj.ro\/pages\/erasmus\/wp-content\/uploads\/2022\/10\/Erasmus_logo.svg_-768x917.png 768w, https:\/\/geografie.ubbcluj.ro\/pages\/erasmus\/wp-content\/uploads\/2022\/10\/Erasmus_logo.svg_-858x1024.png 858w, https:\/\/geografie.ubbcluj.ro\/pages\/erasmus\/wp-content\/uploads\/2022\/10\/Erasmus_logo.svg_.png 1200w\" sizes=\"auto, (max-width: 251px) 100vw, 251px\" \/><\/figure>\n<\/div>\n\n\n<p class=\"has-text-align-justify has-normal-font-size\">Facultatea de Geografie \u00eencurajeaz\u0103 cooperarea interna\u0163ional\u0103 \u00een domeniul \u00eenv\u0103\u0163\u0103m\u00e2ntului superior \u015fi al cercet\u0103rii \u015ftiin\u0163ifice. O component\u0103 important\u0103 a acestei cooper\u0103ri constituie participarea \u00een programul Erasmus prin mobilit\u0103\u0163i de predare \u015fi formare profesional\u0103 a studen\u0163ilor \u015fi cadrelor didactice. Facultatea noastr\u0103 se situeaz\u0103 constant pe primele locuri \u00een Universitatea Babe\u015f-Bolyai \u00een ceea ce prive\u015fte implicarea \u00een programul Erasmus, diversific\u00e2nd permanent acordurile de cooperare cu universit\u0103\u0163i din Uniunea European\u0103 \u015fi din afara acesteia. Programul Erasmus este cel mai de succes program interna\u0163ional de mobilit\u0103\u0163i universitare din lume ce a \u00eemplinit 35 de ani de func\u021bionare \u00een 2022. Universitatea Babe\u015f-Bolyai particip\u0103 la acest program din 1998, Facultatea de Geografie debut\u00e2nd \u00een acela\u015fi an. \u00cencep\u00e2nd cu anul universitar 2015-2016, aria de cooperare s-a extins \u015fi pentru universit\u0103\u0163i \u015fi institu\u0163ii din America, Asia, Africa, Australia \u015fi Oceania.<\/p>\n\n\n\n<p class=\"has-text-align-justify has-normal-font-size\"><strong>ERASMUS<\/strong> (<strong>E<\/strong>u<strong>R<\/strong>opean Community <strong>A<\/strong>ction<strong>S<\/strong> for the <strong>M<\/strong>obility of <strong>U<\/strong>niversity <strong>S<\/strong>tudents) a fost componenta Programului LIFE LONG LEARNING 2007-2013 care se adresa \u00eenv\u0103\u0163\u0103m\u00e2ntului superior prin intermediul c\u0103reia programul continu\u0103, \u00eentr-o form\u0103 revizuit\u0103 \u015fi extins\u0103, <em>Proiectul de ac\u0163iune al Comunit\u0103\u0163ii Europene pentru mobilitatea studen\u0163ilor<\/em> \u015fi <em>Programul SOCRATES<\/em>. <\/p>\n\n\n\n<div style=\"height:40px\" aria-hidden=\"true\" class=\"wp-block-spacer\"><\/div>\n\n\n\n<p class=\"has-text-align-justify has-very-light-gray-background-color has-background has-normal-font-size\"><strong>Obiectivul programului<\/strong> const\u0103 \u00een sus\u0163inerea \u015fi dezvoltarea unei arii europene a \u00eenv\u0103\u0163\u0103m\u00e2ntului superior, bazat pe calitate \u015fi inova\u0163ie \u015fi realizat prin mobilit\u0103\u0163i de studiu, de formare \u015fi perfec\u021bionare profesional\u0103. \u00cen vederea \u00eendeplinirii acestor obiective, universit\u0103\u0163ile \u00ee\u015fi propun dezvoltarea de activit\u0103\u0163i comune cu institu\u0163ii de \u00eenv\u0103\u0163\u0103m\u00e2nt superior din lume, pe principiul reciprocit\u0103\u0163ii, asumat prin acordurile bilaterale ERASMUS.<\/p>\n\n\n\n<div style=\"height:40px\" aria-hidden=\"true\" class=\"wp-block-spacer\"><\/div>\n\n\n\n<p class=\"has-text-align-justify has-normal-font-size\">Pentru perioada <strong>2014-2020<\/strong>, toate programele <strong>LLP<\/strong> (<em>Youth in Action<\/em>, <em>Leonardo<\/em>, <em>Grundtvig<\/em>, <em>Comenius<\/em>, <em>Erasmus<\/em> etc.) au fost comasate \u00een <strong>ERASMUS+<\/strong> ce se adresa educa\u0163iei, training-ului, tineretului \u015fi sportului.<\/p>\n\n\n<div class=\"wp-block-image\">\n<figure class=\"alignleft is-resized\"><a href=\"https:\/\/erasmus-plus.ec.europa.eu\/ro\" target=\"_blank\" rel=\"noreferrer noopener\"><img loading=\"lazy\" decoding=\"async\" width=\"300\" height=\"86\" src=\"https:\/\/geografie.ubbcluj.ro\/pages\/erasmus\/wp-content\/uploads\/2022\/10\/1920px-Erasmus_Logo.svg_-300x86.png\" alt=\"\" class=\"wp-image-709\" style=\"width:269px;height:77px\" srcset=\"https:\/\/geografie.ubbcluj.ro\/pages\/erasmus\/wp-content\/uploads\/2022\/10\/1920px-Erasmus_Logo.svg_-300x86.png 300w, https:\/\/geografie.ubbcluj.ro\/pages\/erasmus\/wp-content\/uploads\/2022\/10\/1920px-Erasmus_Logo.svg_-768x220.png 768w, https:\/\/geografie.ubbcluj.ro\/pages\/erasmus\/wp-content\/uploads\/2022\/10\/1920px-Erasmus_Logo.svg_-1024x293.png 1024w, https:\/\/geografie.ubbcluj.ro\/pages\/erasmus\/wp-content\/uploads\/2022\/10\/1920px-Erasmus_Logo.svg_-1000x288.png 1000w, https:\/\/geografie.ubbcluj.ro\/pages\/erasmus\/wp-content\/uploads\/2022\/10\/1920px-Erasmus_Logo.svg_-500x143.png 500w, https:\/\/geografie.ubbcluj.ro\/pages\/erasmus\/wp-content\/uploads\/2022\/10\/1920px-Erasmus_Logo.svg_.png 1920w\" sizes=\"auto, (max-width: 300px) 100vw, 300px\" \/><\/a><\/figure>\n<\/div>\n\n\n<p class=\"has-text-align-justify has-normal-font-size\">Noul program, <strong><a href=\"https:\/\/erasmus-plus.ec.europa.eu\/ro\">Erasmus Plus 2022-2027<\/a><\/strong>, se adreseaz\u0103 educa\u021biei \u015fcolare, a tinerilor \u015fi adul\u0163ilor, \u00eenv\u0103\u0163\u0103m\u00e2ntului superior \u015fi preg\u0103tirii profesionale. \u00cen domeniul universitar, principala ac\u0163iune (Key Action 131-HED) are \u00een vedere Proiecte de Mobilitate ale studen\u0163ilor \u015fi personalului.<\/p>\n\n\n\n<div style=\"height:40px\" aria-hidden=\"true\" class=\"wp-block-spacer\"><\/div>\n\n\n\n<p class=\"has-text-align-center has-accent-1-color has-very-light-gray-background-color has-text-color has-background has-normal-font-size\"><strong>Informa\u0163ii suplimentare despre program pute\u0163i ob\u0163ine acces\u00e2nd pagina: <a href=\"https:\/\/www.erasmusplus.ro\/\">erasmusplus.ro<\/a><\/strong><\/p>\n\n\n\n<div style=\"height:40px\" aria-hidden=\"true\" class=\"wp-block-spacer\"><\/div>\n\n\n\n<p class=\"has-accent-1-color has-text-color\" style=\"font-size:30px\"><strong>Coordonarea Programului<\/strong><\/p>\n\n\n\n<p class=\"has-text-align-justify has-normal-font-size\"><strong>La nivel interna\u0163ional:<\/strong> Biroul de Asisten\u0163\u0103 Tehnic\u0103 (BAT sau TAO, Technical Assistance Office) SOCRATES &amp; YOUTH Bruxelles din cadrul Comisiei Europene<br><br><strong>La nivel na\u0163ional: <\/strong><a href=\"https:\/\/www.erasmusplus.ro\/\">Agen\u0163ia Na\u0163ional\u0103 pentru Programe Comunitare \u00een Domeniul Educa\u0163iei \u015fi Form\u0103rii Profesionale<\/a><br><br><strong>La nivelul Universit\u0103\u0163ii Babe\u015f-Bolyai: <\/strong><a href=\"https:\/\/cci.ubbcluj.ro\/erasmus\/\">Centrul de Cooper\u0103ri Interna\u0163ionale (CCI) \u2013 Biroul pentru Programe Comunitare<\/a><br><br><strong>La nivelul Facult\u0103\u021bii de Geografie<\/strong><em>, <\/em>\u00een organizarea mobilit\u0103\u0163ilor sunt implica\u0163i:<\/p>\n\n\n\n<ul class=\"wp-block-list\">\n<li>Decanul \u015fi Comisia de Rela\u0163ii Interna\u0163ionale a facult\u0103\u0163ii<\/li>\n\n\n\n<li>Biroul pentru programe comunitare din cadrul CCI:<br><em>Ramona Onciu<\/em>, coordonator institu\u0163ional<br><em>Ramona F\u00e4der<\/em> \u015fi <em>Oana Cozmu\u0163a<\/em> pentru studen\u0163i outgoing<br><em>Elena-Adriana Son<\/em> pentru profesori outgoing<br><em>Ilona Dranc\u0103<\/em>&nbsp;pentru profesori \u015fi studen\u0163i incoming<\/li>\n\n\n\n<li>Rectoratul \u015fi Serviciul Administrativ al universit\u0103\u021bii<\/li>\n<\/ul>\n\n\n\n<div style=\"height:40px\" aria-hidden=\"true\" class=\"wp-block-spacer\"><\/div>\n\n\n\n<div class=\"wp-block-columns is-layout-flex wp-container-core-columns-is-layout-9d6595d7 wp-block-columns-is-layout-flex\">\n<div class=\"wp-block-column is-layout-flow wp-block-column-is-layout-flow\" style=\"flex-basis:100%\">\n<p class=\"has-text-align-center has-accent-1-color has-very-light-gray-background-color has-text-color has-background has-normal-font-size\"><strong>Informa\u0163ii suplimentare pute\u0163i ob\u0163ine de la:<\/strong> <br><br><strong>Conf. dr. Voicu Bodocan<\/strong><br><strong>coordonator departamental Erasmus<\/strong><br>Birou 73, etaj II, cl\u0103direa Geografie, Joi 10.00-12.00<br>Telefon: 0264-596116 int. 214<br><\/p>\n<\/div>\n<\/div>\n\n\n\n<div class=\"wp-block-columns has-2-columns is-layout-flex wp-container-core-columns-is-layout-9d6595d7 wp-block-columns-is-layout-flex\">\n<div class=\"wp-block-column is-layout-flow wp-block-column-is-layout-flow\">\n<p class=\"has-text-align-center has-accent-1-color has-very-light-gray-background-color has-text-color has-background has-normal-font-size\"><strong>\u015eef lucr\u0103ri dr. Andr\u00e1s M\u00e1th\u00e9<\/strong><br>Etaj II, cl\u0103direa Geografie<br>andras.mathe@ubbcluj.ro<\/p>\n<\/div>\n\n\n\n<div class=\"wp-block-column is-layout-flow wp-block-column-is-layout-flow\">\n<p class=\"has-text-align-center has-accent-1-color has-very-light-gray-background-color has-text-color has-background has-normal-font-size\"><strong>\u015eef lucr\u0103ri dr. Lelia Papp<\/strong><br>lelia.papp@ubbcluj.ro<\/p>\n<\/div>\n<\/div>\n\n\n","protected":false},"excerpt":{"rendered":"<p>Facultatea de Geografie \u00eencurajeaz\u0103 cooperarea interna\u0163ional\u0103 \u00een domeniul \u00eenv\u0103\u0163\u0103m\u00e2ntului superior \u015fi al cercet\u0103rii \u015ftiin\u0163ifice. O component\u0103 important\u0103 a acestei cooper\u0103ri constituie participarea \u00een programul Erasmus prin mobilit\u0103\u0163i de predare \u015fi formare profesional\u0103 a studen\u0163ilor \u015fi cadrelor didactice. Facultatea noastr\u0103 se &hellip;<\/p>\n","protected":false},"author":3,"featured_media":0,"parent":0,"menu_order":0,"comment_status":"closed","ping_status":"closed","template":"","meta":{"footnotes":""},"class_list":["post-7","page","type-page","status-publish","hentry"],"_links":{"self":[{"href":"https:\/\/geografie.ubbcluj.ro\/pages\/erasmus\/index.php?rest_route=\/wp\/v2\/pages\/7","targetHints":{"allow":["GET"]}}],"collection":[{"href":"https:\/\/geografie.ubbcluj.ro\/pages\/erasmus\/index.php?rest_route=\/wp\/v2\/pages"}],"about":[{"href":"https:\/\/geografie.ubbcluj.ro\/pages\/erasmus\/index.php?rest_route=\/wp\/v2\/types\/page"}],"author":[{"embeddable":true,"href":"https:\/\/geografie.ubbcluj.ro\/pages\/erasmus\/index.php?rest_route=\/wp\/v2\/users\/3"}],"replies":[{"embeddable":true,"href":"https:\/\/geografie.ubbcluj.ro\/pages\/erasmus\/index.php?rest_route=%2Fwp%2Fv2%2Fcomments&post=7"}],"version-history":[{"count":64,"href":"https:\/\/geografie.ubbcluj.ro\/pages\/erasmus\/index.php?rest_route=\/wp\/v2\/pages\/7\/revisions"}],"predecessor-version":[{"id":1868,"href":"https:\/\/geografie.ubbcluj.ro\/pages\/erasmus\/index.php?rest_route=\/wp\/v2\/pages\/7\/revisions\/1868"}],"wp:attachment":[{"href":"https:\/\/geografie.ubbcluj.ro\/pages\/erasmus\/index.php?rest_route=%2Fwp%2Fv2%2Fmedia&parent=7"}],"curies":[{"name":"wp","href":"https:\/\/api.w.org\/{rel}","templated":true}]}}