{"id":11,"date":"2013-03-14T12:40:55","date_gmt":"2013-03-14T09:40:55","guid":{"rendered":"http:\/\/geografie.ubbcluj.ro\/pages\/erasmus\/?page_id=11"},"modified":"2025-11-06T16:56:22","modified_gmt":"2025-11-06T13:56:22","slug":"mobilitati-studiu","status":"publish","type":"page","link":"https:\/\/geografie.ubbcluj.ro\/pages\/erasmus\/?page_id=11","title":{"rendered":"Mobilit\u0103\u0163i pentru studiu"},"content":{"rendered":"\n<p class=\"has-text-align-justify\" style=\"font-size:18px\"><\/p>\n\n\n\n<div class=\"wp-block-cover is-light\"><img loading=\"lazy\" decoding=\"async\" width=\"1024\" height=\"683\" class=\"wp-block-cover__image-background wp-image-969\" alt=\"\" src=\"https:\/\/geografie.ubbcluj.ro\/pages\/erasmus\/wp-content\/uploads\/2023\/05\/Viena.jpg\" style=\"object-position:33% 94%\" data-object-fit=\"cover\" data-object-position=\"33% 94%\" srcset=\"https:\/\/geografie.ubbcluj.ro\/pages\/erasmus\/wp-content\/uploads\/2023\/05\/Viena.jpg 1024w, https:\/\/geografie.ubbcluj.ro\/pages\/erasmus\/wp-content\/uploads\/2023\/05\/Viena-300x200.jpg 300w, https:\/\/geografie.ubbcluj.ro\/pages\/erasmus\/wp-content\/uploads\/2023\/05\/Viena-768x512.jpg 768w, https:\/\/geografie.ubbcluj.ro\/pages\/erasmus\/wp-content\/uploads\/2023\/05\/Viena-450x300.jpg 450w\" sizes=\"auto, (max-width: 1024px) 100vw, 1024px\" \/><span aria-hidden=\"true\" class=\"wp-block-cover__background has-background-dim\"><\/span><div class=\"wp-block-cover__inner-container is-layout-flow wp-block-cover-is-layout-flow\">\n<p class=\"has-text-align-center has-sitebg-color has-text-color\" style=\"font-size:50px\"><strong>Frecventarea cursurilor \u015fi seminarelor altor universit\u0103\u0163i din Europa<\/strong><\/p>\n<\/div><\/div>\n\n\n\n<p class=\"has-text-align-center has-accent-1-color has-very-light-gray-background-color has-text-color has-background\" style=\"font-size:18px\"><strong>Bursa: aproximativ 550 Euro<\/strong><\/p>\n\n\n\n<p class=\"has-text-align-justify has-normal-font-size\">Acest tip de mobilitate ofer\u0103 oportunitatea frecvent\u0103rii cursurilor \u015fi examenelor la universit\u0103\u0163ile partenere pe durata unui semestru sau a unui an academic. Conform <a href=\"https:\/\/www.ubbcluj.ro\/ro\/studenti\/invatamant\/regulamente\">Sistemului European de Credite Transferabile (ECTS)<\/a>, aceste cursuri vor fi recunoscute de c\u0103tre facultatea noastr\u0103. Disciplinele alese trebuie s\u0103 se \u00eencadreze \u00een domeniul de studiu al geografiei \u015fi trebuie aprobate de institu\u0163iile partenere (<em>Learning Agreement<\/em>).<\/p>\n\n\n\n<p class=\"has-text-align-justify has-normal-font-size\">Studen\u021bii care doresc s\u0103 participe \u00een cadrul acestui program, vor trebui s\u0103-\u015fi depun\u0103 un dosar de candidatur\u0103 \u015fi s\u0103 participe la interviul pentru selec\u0163ie care are loc de dou\u0103 ori pe an: \u00een <strong>luna mai<\/strong> pentru <strong>nivelul licen\u0163\u0103<\/strong> \u015fi \u00een <strong>luna septembrie<\/strong> pentru <strong>nivelele master \u015fi doctorat<\/strong>. Candidaturile se depun pentru anul universitar urm\u0103tor celui \u00een care are loc selec\u0163ia.<\/p>\n\n\n\n<div style=\"height:40px\" aria-hidden=\"true\" class=\"wp-block-spacer\"><\/div>\n\n\n\n<p class=\"has-accent-1-color has-text-color\" style=\"font-size:30px\"><strong>Cine poate candida?<\/strong><\/p>\n\n\n\n<p class=\"has-text-align-justify has-very-light-gray-background-color has-background has-normal-font-size\">Orice student rom\u00e2n sau str\u0103in \u00eenmatriculat la Facultatea de Geografie din Cluj-Napoca sau din extensiile Sighetu Marma\u021biei, Gheorgheni, Zal\u0103u \u015fi Bistri\u0163a, din anii II \u015fi III de la nivelul licen\u0163\u0103, I \u015fi II de la nivelul master \u015fi I, II sau III de la nivelul doctorat, care de\u0163ine abilit\u0103\u0163i de comunicare \u00een limbi de circula\u0163ie interna\u0163ional\u0103<br><br>Orice student al Universit\u0103\u0163ii Babe\u015f-Bolyai care aplic\u0103 pentru domeniul Geografie  <\/p>\n\n\n\n<p class=\"has-text-align-center has-accent-1-color has-sitebg-background-color has-text-color has-background\" style=\"font-size:20px\"><strong>POT CANDIDA STUDEN\u021aI CARE AU MAI BENEFICIAT DE<\/strong> <strong>BURSE ERASMUS!<\/strong><\/p>\n\n\n\n<div style=\"height:40px\" aria-hidden=\"true\" class=\"wp-block-spacer\"><\/div>\n\n\n\n<p class=\"has-accent-1-color has-text-color\" style=\"font-size:30px\"><strong>Care sunt criteriile de selec\u021bie?<\/strong><\/p>\n\n\n\n<ul class=\"wp-block-list\">\n<li>rezultate academice bune, demonstrate printr-o medie minim\u0103 de 6,50 pe anul anterior (semestrul anterior pentru aplican\u0163ii din anul I) sau prin performan\u0163e deosebite pe o anumit\u0103 direc\u0163ie de studiu sau cercetare \u015ftiin\u0163ific\u0103<\/li>\n\n\n\n<li>motiva\u0163ia mobilit\u0103\u0163ii \u015fi cunoa\u015fterea universit\u0103\u0163ii \u015fi a programului pentru care opteaz\u0103<\/li>\n\n\n\n<li>competen\u0163a lingvistic\u0103 \u00een limba \u0163\u0103rii de destina\u0163ie sau a programului ce va fi urmat<\/li>\n<\/ul>\n\n\n\n<p>Documentele se depun pana cu o zi inainte de data interviului.<\/p>\n\n\n\n<div style=\"height:40px\" aria-hidden=\"true\" class=\"wp-block-spacer\"><\/div>\n\n\n\n<p class=\"has-accent-1-color has-text-color\" style=\"font-size:30px\"><strong>Ce documente sunt necesare pentru dosarul de selec\u021bie?<\/strong><\/p>\n\n\n\n<ol class=\"wp-block-list\">\n<li>dosar<\/li>\n\n\n\n<li>fi\u015fa candidatului<\/li>\n\n\n\n<li>atestat de competen\u0163\u0103 lingvistic\u0103 \u00een limba de predare a programului ales, emise de centre de evaluare recunoscute (Alpha, DELF, Cambridge etc.)<\/li>\n\n\n\n<li>scrisoare de inten\u0163ie<\/li>\n\n\n\n<li>declara\u0163ie tip<\/li>\n\n\n\n<li>curriculum vitae<\/li>\n\n\n\n<li>adeverin\u0163\u0103 de la secretariat cu media ob\u0163inut\u0103 pe anul anterior \u015fi la ultima sesiune<\/li>\n<\/ol>\n\n\n\n<div style=\"height:40px\" aria-hidden=\"true\" class=\"wp-block-spacer\"><\/div>\n\n\n\n<p class=\"has-accent-1-color has-text-color\" style=\"font-size:30px\"><strong>Ce mai trebuie s\u0103 \u015ftiu?<\/strong><\/p>\n\n\n\n<ul class=\"wp-block-list\">\n<li>trebuie s\u0103 ob\u0163in 30 de credite pe semestru la universitatea partener\u0103<\/li>\n\n\n\n<li>cursurile frecventate trebuie s\u0103 fie apropiate specializ\u0103rii urmate \u00een \u0163ar\u0103<\/li>\n\n\n\n<li>bursa acoper\u0103 doar o parte din cheltuielile legate de mobilitate<\/li>\n\n\n\n<li>nu exist\u0103 fonduri separate alocate deplas\u0103rii la destina\u0163ie<\/li>\n\n\n\n<li>trebuie s\u0103 de\u0163in un certificat de competen\u0163\u0103 lingvistic\u0103 pentru limba englez\u0103, francez\u0103, german\u0103, spaniol\u0103 \u015fi italian\u0103 pentru mobilit\u0103\u0163i \u00een \u0163\u0103rile respective<\/li>\n\n\n\n<li>se accept\u0103 certificate de competen\u0163\u0103 lingvistic\u0103 \u00een limba englez\u0103 pentru destina\u0163ii din Turcia, Portugalia \u015fi Polonia<\/li>\n\n\n\n<li>studen\u0163ii de na\u0163ionalitate maghiar\u0103 nu au nevoie de atestate dac\u0103 opteaz\u0103 pentru mobilit\u0103\u0163i \u00een Ungaria<\/li>\n\n\n\n<li>studen\u0163ii de la master anul I pot pleca doar \u00een semestrul II<\/li>\n\n\n\n<li>studen\u0163ii care la momentul interviului sunt \u00een anul III nu pot participa la selec\u0163ie<\/li>\n<\/ul>\n\n\n\n<div style=\"height:40px\" aria-hidden=\"true\" class=\"wp-block-spacer\"><\/div>\n\n\n\n<p class=\"has-accent-1-color has-text-color\" style=\"font-size:30px\"><strong>Dac\u0103 sunt selectat trebuie:<\/strong><\/p>\n\n\n\n<ul class=\"wp-block-list\">\n<li>s\u0103 consult <strong>pagina de web <\/strong>a facult\u0103\u0163ii \u015fi a Centrului de Cooper\u0103ri Interna\u021bionale pentru a asimila informa\u0163iile \u015fi regulamentele de mobilitate Erasmus<\/li>\n<\/ul>\n\n\n\n<div class=\"wp-block-button aligncenter\"><a class=\"wp-block-button__link has-sitebg-color has-text-color has-background wp-element-button\" href=\"https:\/\/www.facebook.com\/erasmus.atubb.3\/videos\/693749294769633\/\" style=\"background:linear-gradient(135deg,rgb(23,81,158) 0%,rgb(234,105,91) 100%)\" target=\"_blank\" rel=\"noreferrer noopener\"><strong>Vezi film video cu instruc\u021biuni pentru mobilitate<\/strong><\/a><\/div>\n\n\n\n<div style=\"height:20px\" aria-hidden=\"true\" class=\"wp-block-spacer\"><\/div>\n\n\n\n<ul class=\"wp-block-list\">\n<li><strong>s\u0103 m\u0103 \u00eenscriu ca student Erasmus <\/strong>la universitatea pentru care am fost selectat \u015fi s\u0103 r\u0103spund cerin\u0163elor acesteia<\/li>\n\n\n\n<li>s\u0103 ob\u021bin <strong>scrisoarea de accept<\/strong> sau <strong>invita\u0163ia de la universitatea partener\u0103<\/strong><\/li>\n\n\n\n<li>s\u0103 completez <strong>cererea pentru Dispozi\u021bia Rectorului<\/strong> semnat\u0103 de decanul facult\u0103\u021bii \u015fi de coordonatorul Erasmus<\/li>\n\n\n\n<li>s\u0103 \u00eenchei un <strong>Learning Agreement<\/strong> semnat de coordonatorul Erasmus<\/li>\n\n\n\n<li>s\u0103 satisfac toate cerin\u0163ele Centrului de Cooper\u0103ri Interna\u0163ionale a UBB: <strong>contract financiar<\/strong>, <strong>cont bancar \u00een euro la Banca Transilvania<\/strong>, <strong>document notarial pentru girarea fondurilor primite <\/strong>etc.<\/li>\n\n\n\n<li>s\u0103 \u00eenchei un <strong>angajament academic cu facultatea<\/strong> (s\u0103 men\u0163in leg\u0103tura cu responsabilii Erasmus pe durata mobilit\u0103\u0163ii, s\u0103 ob\u0163in 30 de credite pe semestru, s\u0103 am o conduit\u0103 academic\u0103 pe timpul mobilit\u0103\u0163ii, s\u0103 comunic coordonatorului Erasmus \u00eencheierea stagiului \u015fi s\u0103 \u00eentocmesc un raport asupra mobilit\u0103\u0163ii, s\u0103 r\u0103m\u00e2n la dispozi\u0163ia facult\u0103\u0163ii pentru promovarea programului Erasmus \u00een r\u00e2ndul studen\u0163ilor \u015fi pentru tutoriat pentru studen\u0163ii str\u0103ini)<\/li>\n<\/ul>\n\n\n\n<div style=\"height:40px\" aria-hidden=\"true\" class=\"wp-block-spacer\"><\/div>\n\n\n\n<p class=\"has-text-align-center has-accent-1-color has-text-color\" style=\"font-size:18px\"><strong>Pentru mai multe detalii despre documentele \u015fi termenele pentru mobilitatea de studiu, consulta\u0163i site-ul <a href=\"https:\/\/cci.ubbcluj.ro\/erasmus\/outgoing-study-mobilities\/\">Centrului de Cooper\u0103ri Interna\u0163ionale<\/a>.<\/strong><\/p>\n","protected":false},"excerpt":{"rendered":"<p>Bursa: aproximativ 550 Euro Acest tip de mobilitate ofer\u0103 oportunitatea frecvent\u0103rii cursurilor \u015fi examenelor la universit\u0103\u0163ile partenere pe durata unui semestru sau a unui an academic. Conform Sistemului European de Credite Transferabile (ECTS), aceste cursuri vor fi recunoscute de c\u0103tre &hellip;<\/p>\n","protected":false},"author":3,"featured_media":0,"parent":9,"menu_order":0,"comment_status":"closed","ping_status":"closed","template":"","meta":{"footnotes":""},"class_list":["post-11","page","type-page","status-publish","hentry"],"_links":{"self":[{"href":"https:\/\/geografie.ubbcluj.ro\/pages\/erasmus\/index.php?rest_route=\/wp\/v2\/pages\/11","targetHints":{"allow":["GET"]}}],"collection":[{"href":"https:\/\/geografie.ubbcluj.ro\/pages\/erasmus\/index.php?rest_route=\/wp\/v2\/pages"}],"about":[{"href":"https:\/\/geografie.ubbcluj.ro\/pages\/erasmus\/index.php?rest_route=\/wp\/v2\/types\/page"}],"author":[{"embeddable":true,"href":"https:\/\/geografie.ubbcluj.ro\/pages\/erasmus\/index.php?rest_route=\/wp\/v2\/users\/3"}],"replies":[{"embeddable":true,"href":"https:\/\/geografie.ubbcluj.ro\/pages\/erasmus\/index.php?rest_route=%2Fwp%2Fv2%2Fcomments&post=11"}],"version-history":[{"count":38,"href":"https:\/\/geografie.ubbcluj.ro\/pages\/erasmus\/index.php?rest_route=\/wp\/v2\/pages\/11\/revisions"}],"predecessor-version":[{"id":1819,"href":"https:\/\/geografie.ubbcluj.ro\/pages\/erasmus\/index.php?rest_route=\/wp\/v2\/pages\/11\/revisions\/1819"}],"up":[{"embeddable":true,"href":"https:\/\/geografie.ubbcluj.ro\/pages\/erasmus\/index.php?rest_route=\/wp\/v2\/pages\/9"}],"wp:attachment":[{"href":"https:\/\/geografie.ubbcluj.ro\/pages\/erasmus\/index.php?rest_route=%2Fwp%2Fv2%2Fmedia&parent=11"}],"curies":[{"name":"wp","href":"https:\/\/api.w.org\/{rel}","templated":true}]}}