{"id":3393,"date":"2023-05-02T15:49:22","date_gmt":"2023-05-02T15:49:22","guid":{"rendered":"https:\/\/geografie.ubbcluj.ro\/admitere\/?page_id=3393"},"modified":"2023-05-02T18:24:40","modified_gmt":"2023-05-02T18:24:40","slug":"schimbari-climatice-si-dezvoltare-durabila","status":"publish","type":"page","link":"https:\/\/geografie.ubbcluj.ro\/admitere\/?page_id=3393","title":{"rendered":"SCHIMB\u0102RI CLIMATICE \u0218I DEZVOLTARE DURABIL\u0102"},"content":{"rendered":"<div class=\"wpb-content-wrapper\"><p>[vc_row][vc_column]<div style=\"background-color:;height: 30px\" class=\"nicdark_section  \"><\/div>[\/vc_column][\/vc_row][vc_row css=&#8221;.vc_custom_1616702810747{background-image: url(https:\/\/geografie.ubbcluj.ro\/admitere\/wp-content\/uploads\/2021\/03\/sssssssss-scaled.jpg?id=1055) !important;}&#8221;][vc_column width=&#8221;1\/2&#8243;]<div style=\"background-color:;height: 25px\" class=\"nicdark_section  \"><\/div>[vc_column_text]<\/p>\n<h1><strong><span style=\"color: #000000;\">MASTERAT CU FRECVEN\u021a\u0102, \u00ceN LIMBA ROM\u00c2N\u0102<\/span><\/strong><\/h1>\n<p>&nbsp;<\/p>\n<h2><strong><span style=\"color: #000000;\"><span style=\"color: #ff0000;\">De ce ?<br \/>\n<\/span><br \/>\n<\/span><\/strong><\/h2>\n<p><strong><span style=\"color: #000000; font-size: 14pt;\">Necesitatea unui astfel de program deriv\u0103 din:<\/span><\/strong><\/p>\n<ul>\n<li><strong><span style=\"color: #000000; font-size: 18pt;\">Provoc\u0103rile societ\u0103\u0163ii actuale;<\/span><\/strong><\/li>\n<li><strong><strong><span style=\"color: #000000; font-size: 18pt;\">Necesitatea de speciali\u015fti \u00een cele dou\u0103 domenii.<\/span><\/strong><\/strong><\/li>\n<\/ul>\n<h1><span style=\"color: #ff0000;\"><strong>DE CE LA UBB?<\/strong><\/span><\/h1>\n<p>&nbsp;<\/p>\n<p><span style=\"font-size: 18pt;\"><strong><span style=\"color: #000000;\">Pentru c\u0103:<\/span><\/strong><\/span><\/p>\n<p><span style=\"color: #000000; font-size: 14pt;\">&#8230; <strong>\u015ftim<\/strong>!<\/span><br \/>\n<span style=\"color: #000000; font-size: 14pt;\">domeniile de expertiz\u0103 din UBB au un spectru larg de acoperire a celor dou\u0103 domenii.<\/span><br \/>\n<span style=\"color: #000000; font-size: 14pt;\">&#8230;<strong>trebuie<\/strong>!<\/span><br \/>\n<span style=\"color: #000000; font-size: 14pt;\">s\u0103 cream speciali\u015fti \u00een meseriile viitorului<\/span><br \/>\n<span style=\"color: #000000; font-size: 14pt;\">&#8230;<strong>putem<\/strong>!<\/span><br \/>\n<span style=\"color: #000000; font-size: 14pt;\">s\u0103 oferim absolven\u0163ilor no\u015ftri noi oportunit\u0103\u0163i<\/span><br \/>\n<span style=\"color: #000000; font-size: 14pt;\">&#8230;<strong>vrem<\/strong>!<\/span><br \/>\n<span style=\"color: #000000; font-size: 14pt;\">s\u0103 fim \u00een pas cu marile universit\u0103\u0163i ale lumii care furnizeaz\u0103 programe similare.<\/span>[\/vc_column_text]<div style=\"background-color:;height: 50px\" class=\"nicdark_section  \"><\/div>[vc_column_text]<\/p>\n<h1><strong><span style=\"color: #800000;\">CUI SE ADRESEAZ\u0102?<\/span><\/strong><\/h1>\n<h3><\/h3>\n<p>&nbsp;<\/p>\n<h3><span style=\"font-size: 18pt; color: #000000;\">Grupul \u0163int\u0103:<\/span><\/h3>\n<p>&nbsp;<\/p>\n<h3 style=\"padding-left: 40px;\"><span style=\"font-size: 18pt; color: #000000;\">absolven\u0163i din <strong><span style=\"color: #ff0000;\">toate domeniile<\/span><\/strong> de licen\u0163\u0103<\/span><\/h3>\n<p>[\/vc_column_text]<div style=\"background-color:;height: 50px\" class=\"nicdark_section  \"><\/div>[vc_single_image image=&#8221;3416&#8243; img_size=&#8221;large&#8221;][\/vc_column][vc_column width=&#8221;1\/2&#8243;]<div style=\"background-color:;height: 25px\" class=\"nicdark_section  \"><\/div>[vc_images_carousel images=&#8221;3436,3437&#8243; img_size=&#8221;500&#215;500&#8243; speed=&#8221;8000&#8243; autoplay=&#8221;yes&#8221; wrap=&#8221;yes&#8221;]<div style=\"background-color:;height: 25px\" class=\"nicdark_section  \"><\/div>[vc_column_text]<\/p>\n<h2><strong><span style=\"color: #000000;\">PE SCURT&#8230;.<\/span><\/strong><\/h2>\n<p>&nbsp;<\/p>\n<h3><strong><span style=\"color: #ff0000;\">Obiective generale<\/span><\/strong><\/h3>\n<ul>\n<li><span style=\"color: #000000; font-size: 14pt;\">s\u0103 ofere studen\u021bilor o formare multi \u015fi trans disciplinar\u0103 \u00een domeniul schimb\u0103rilor climatice \u0219i al dezvolt\u0103rii durabile<\/span><\/li>\n<li><span style=\"color: #000000; font-size: 14pt;\">promovarea principiilor \u0219i valorilor Pactului ecologic european \u0219i ale <\/span><span style=\"color: #000000; font-size: 14pt;\">Agendei 2030 pentru dezvoltare durabil\u0103 pentru a genera cuno\u0219tin\u021be<\/span><br \/>\n<span style=\"color: #000000; font-size: 14pt;\">relevante pentru domeniile aplicate<\/span><\/li>\n<\/ul>\n<h3><span style=\"color: #ff0000;\"><strong>Obiective specifice<\/strong><\/span><\/h3>\n<ul>\n<li><span style=\"font-size: 14pt; color: #000000;\">formarea speciali\u0219tilor \u00een domeniul <\/span><span style=\"font-size: 14pt; color: #000000;\">schimb\u0103rilor climatice \u0219i dezvolt\u0103rii <\/span><span style=\"font-size: 14pt; color: #000000;\">durabile printr o abordare integrat\u0103 ca <\/span><span style=\"font-size: 14pt; color: #000000;\">urmare a unei nevoi tot mai mari la <\/span><span style=\"font-size: 14pt; color: #000000;\">nivel na\u021bional de speciali\u0219ti \u00een aceste <\/span><span style=\"font-size: 14pt; color: #000000;\">domenii<\/span><\/li>\n<li><span style=\"font-size: 14pt; color: #000000;\">c<\/span><span style=\"font-size: 14pt; color: #000000;\">oncentrarea pe un puternic caracter <\/span><span style=\"font-size: 14pt; color: #000000;\">practic al studiilor de caz reale din<\/span><br \/>\n<span style=\"font-size: 14pt; color: #000000;\">diverse domenii de activitate inclusiv <\/span><span style=\"font-size: 14pt; color: #000000;\">climatologie, hidrologie, teledetec\u021bie \u0219i<\/span><span style=\"font-size: 14pt; color: #000000;\">sisteme de informa\u021bii geografice<\/span><\/li>\n<\/ul>\n<p>[\/vc_column_text]<div style=\"background-color:;height: 25px\" class=\"nicdark_section  \"><\/div>[\/vc_column][\/vc_row][vc_row css=&#8221;.vc_custom_1683044069248{background-image: url(https:\/\/geografie.ubbcluj.ro\/admitere\/wp-content\/uploads\/2021\/03\/sssssssss-scaled.jpg?id=1055) !important;}&#8221;][vc_column width=&#8221;1\/2&#8243;]<div style=\"background-color:;height: 50px\" class=\"nicdark_section  \"><\/div>[vc_column_text]<\/p>\n<h2><span style=\"color: #ff0000;\"><strong>Vei avea ocazia s\u0103 studiezi despre&#8230;<\/strong><\/span><\/h2>\n<p>&nbsp;<\/p>\n<p><span style=\"color: #000000;\">Geografia dezvolt\u0103rii durabile \u0219i indicatorii ODD <\/span><br \/>\n<span style=\"color: #000000;\">Scriere academic\u0103 \u0219i etica \u00een cercetare<\/span><br \/>\n<span style=\"color: #000000;\">Climatologie aplicat\u0103 \u0219i servicii climatice<\/span><br \/>\n<span style=\"color: #000000;\">Impact regional \u0219i global al schimb\u0103rilor climatice<\/span><br \/>\n<span style=\"color: #000000;\">Geografia resurselor naturale <\/span><br \/>\n<span style=\"color: #000000;\">Evaluarea rezilien\u021bei urbane \u0219i politici de adaptare la schimb\u0103ri climatice<\/span><br \/>\n<span style=\"color: #000000;\">Baze de date \u0219i data mining <\/span><br \/>\n<span style=\"color: #000000;\">Gestiunea, tratarea \u0219i valorificarea de\u0219eurilor<\/span><br \/>\n<span style=\"color: #000000;\">Managementul calit\u0103\u021bii aerului <\/span><br \/>\n<span style=\"color: #000000;\">Analiza, evaluarea \u0219i protec\u021bia mediului biotic<\/span>[\/vc_column_text][\/vc_column][vc_column width=&#8221;1\/2&#8243;]<div style=\"background-color:;height: 50px\" class=\"nicdark_section  \"><\/div>[vc_column_text]<span style=\"color: #000000;\">Managementul riscului \u0219i a dezastrelor naturale <\/span><br \/>\n<span style=\"color: #000000;\">Metode \u0219i tehnici de evaluare a impactului asupra mediului<\/span><br \/>\n<span style=\"color: #000000;\">Detectarea schimb\u0103rilor climatice \u015fi modelare climatic\u0103 <\/span><br \/>\n<span style=\"color: #000000;\">Dezvoltarea durabil\u0103 \u00een Romania<\/span><br \/>\n<span style=\"color: #000000;\">Disparit\u0103\u021bi \u0219i inegalit\u0103\u021bi teritoriale <\/span><br \/>\n<span style=\"color: #000000;\">Politici de dezvoltare durabil\u0103 <\/span><br \/>\n<span style=\"color: #000000;\">Observa\u021bii terestre pentru monitorizarea ODD urilor<\/span><br \/>\n<span style=\"color: #000000;\">Economie circular\u0103<\/span><br \/>\n<span style=\"color: #000000;\">Accesul \u0219i calitatea resurselor de ap\u0103 <\/span><br \/>\n<span style=\"color: #000000;\">Evaluarea serviciilor ecosistemice <\/span><br \/>\n<span style=\"color: #000000;\">Metode cantitative de analiza \u0219i de reprezentare spatiala<\/span><\/p>\n<p style=\"text-align: right;\"><span style=\"color: #ff0000; font-size: 18pt;\"><strong><br \/>\n&#8230;\u0219i multe alte lucruri interesante!<\/strong><\/span><\/p>\n<p>[\/vc_column_text][\/vc_column][\/vc_row]<\/p>\n<\/div>","protected":false},"excerpt":{"rendered":"<p>[vc_row][vc_column][\/vc_column][\/vc_row][vc_row css=&#8221;.vc_custom_1616702810747{background-image: url(https:\/\/geografie.ubbcluj.ro\/admitere\/wp-content\/uploads\/2021\/03\/sssssssss-scaled.jpg?id=1055) !important;}&#8221;][vc_column width=&#8221;1\/2&#8243;][vc_column_text] MASTERAT CU FRECVEN\u021a\u0102, \u00ceN LIMBA ROM\u00c2N\u0102 &nbsp; De ce ? Necesitatea unui astfel de program deriv\u0103 din: Provoc\u0103rile societ\u0103\u0163ii actuale; Necesitatea de speciali\u015fti \u00een cele dou\u0103 domenii. DE CE LA UBB? &nbsp; Pentru c\u0103: &#8230; \u015ftim! domeniile de expertiz\u0103 din UBB au un spectru larg de acoperire a celor dou\u0103 [&hellip;]<\/p>\n","protected":false},"author":3,"featured_media":0,"parent":0,"menu_order":0,"comment_status":"closed","ping_status":"closed","template":"","meta":{"footnotes":""},"class_list":["post-3393","page","type-page","status-publish","hentry"],"_links":{"self":[{"href":"https:\/\/geografie.ubbcluj.ro\/admitere\/index.php?rest_route=\/wp\/v2\/pages\/3393","targetHints":{"allow":["GET"]}}],"collection":[{"href":"https:\/\/geografie.ubbcluj.ro\/admitere\/index.php?rest_route=\/wp\/v2\/pages"}],"about":[{"href":"https:\/\/geografie.ubbcluj.ro\/admitere\/index.php?rest_route=\/wp\/v2\/types\/page"}],"author":[{"embeddable":true,"href":"https:\/\/geografie.ubbcluj.ro\/admitere\/index.php?rest_route=\/wp\/v2\/users\/3"}],"replies":[{"embeddable":true,"href":"https:\/\/geografie.ubbcluj.ro\/admitere\/index.php?rest_route=%2Fwp%2Fv2%2Fcomments&post=3393"}],"version-history":[{"count":55,"href":"https:\/\/geografie.ubbcluj.ro\/admitere\/index.php?rest_route=\/wp\/v2\/pages\/3393\/revisions"}],"predecessor-version":[{"id":3454,"href":"https:\/\/geografie.ubbcluj.ro\/admitere\/index.php?rest_route=\/wp\/v2\/pages\/3393\/revisions\/3454"}],"wp:attachment":[{"href":"https:\/\/geografie.ubbcluj.ro\/admitere\/index.php?rest_route=%2Fwp%2Fv2%2Fmedia&parent=3393"}],"curies":[{"name":"wp","href":"https:\/\/api.w.org\/{rel}","templated":true}]}}